{"id":13574,"date":"2024-03-12T06:23:58","date_gmt":"2024-03-12T06:23:58","guid":{"rendered":"http:\/\/localhost\/meg\/bopea\/?page_id=13574"},"modified":"2025-01-20T11:32:04","modified_gmt":"2025-01-20T10:32:04","slug":"homepage","status":"publish","type":"page","link":"https:\/\/gabonnouvellevision.com\/gnv\/","title":{"rendered":"Home"},"content":{"rendered":"\t\t<div data-elementor-type=\"wp-page\" data-elementor-id=\"13574\" class=\"elementor elementor-13574\">\n\t\t\t\t<div class=\"elementor-element elementor-element-733c5862 e-flex e-con-boxed e-con e-parent\" data-id=\"733c5862\" data-element_type=\"container\">\n\t\t\t\t\t<div class=\"e-con-inner\">\n\t\t\t\t<div class=\"elementor-element elementor-element-b1d4378 elementor-widget elementor-widget-bopea-newsticker-text\" data-id=\"b1d4378\" data-element_type=\"widget\" data-widget_type=\"bopea-newsticker-text.default\">\n\t\t\t\t<div class=\"elementor-widget-container\">\n\t\t\t\t\t\t\t<div id=\"blockid_b1d4378\" class=\"block-section jl-main-block\">\r\n\t\t\t\t\t<div class=\"jl_ticker_wp\">\r\n\t\t\t\t\t\t\t\t<div class=\"jl_ticker_lbl\">Top News<\/div>\r\n\t\t\t\t            \t<div class=\"jl-eb-sl jl-eb-msl swiper-container\" data-settings='{&quot;slideitem&quot;:{&quot;desktop&quot;:1,&quot;tablet&quot;:1,&quot;small_mobile&quot;:1,&quot;large_mobile&quot;:1,&quot;landscape_mobile&quot;:1},&quot;speed&quot;:300,&quot;spacebetween&quot;:0,&quot;loop&quot;:true,&quot;autoplay&quot;:true,&quot;autoplay_delay&quot;:3500,&quot;effect&quot;:&quot;fade&quot;,&quot;parallax&quot;:false,&quot;navigation&quot;:true,&quot;pagination&quot;:false,&quot;uniqid&quot;:&quot;blockid_b1d4378&quot;}'>\r\n\t\t\t\t\t<div class=\"swiper-wrapper jl-newsticker-wrap jl-newsticker-ul jl-newsticker-text\">\r\n\t\t\t\t\t\t\t\t\t\t<div class=\"swiper-slide\">\r\n          \t  <div class=\"slide-inner jl-newsticker-li\">\r\n\t\t\t\t\t\t\t\t<h2 class=\"h6 jl_fe_title\"><a href=\"https:\/\/gabonnouvellevision.com\/gnv\/2026\/01\/06\/communique-final-du-conseil-des-ministres-du-05-janvier-2026\/\">Communiqu\u00e9 final du Conseil des Ministres du 05 janvier 2026<\/a><\/h2>\r\n\t\t\t\t\t\t\t\t<span class=\"jl_post_meta\"><span class=\"post-date\">6 janvier 2026<\/span><span class=\"jl_fot_share_i jl_share_l_bg jls_tooltip\"><i class=\"jli-share\"><\/i><span class=\"jls_tooltip_w jls_tooltip-top\"><span class=\"jls_tooltiptext\"><span class=\"jls_tooltip_in\">                <span class=\"jl_sli_in\">\r\n                    <span class=\"jl_sli_fb jl_shli\"><a class=\"jl_sshl\" href=\"http:\/\/www.facebook.com\/sharer.php?u=https%3A%2F%2Fgabonnouvellevision.com%2Fgnv%2F2026%2F01%2F06%2Fcommunique-final-du-conseil-des-ministres-du-05-janvier-2026%2F\" rel=\"nofollow\"><i class=\"jli-facebook\"><\/i><\/a><\/span>\r\n                    <span class=\"jl_sli_tw jl_shli\"><a class=\"jl_sshl\" href=\"https:\/\/twitter.com\/intent\/tweet?text=Communiqu%C3%A9%20final%20du%20Conseil%20des%20Ministres%20du%2005%20janvier%202026&amp;url=https%3A%2F%2Fgabonnouvellevision.com%2Fgnv%2F2026%2F01%2F06%2Fcommunique-final-du-conseil-des-ministres-du-05-janvier-2026%2F\" rel=\"nofollow\"><i class=\"jli-x\"><\/i><\/a><\/span>\r\n                    <span class=\"jl_sli_pi jl_shli\"><a class=\"jl_sshl\" href=\"http:\/\/pinterest.com\/pin\/create\/bookmarklet\/?url=https%3A%2F%2Fgabonnouvellevision.com%2Fgnv%2F2026%2F01%2F06%2Fcommunique-final-du-conseil-des-ministres-du-05-janvier-2026%2F>&amp;media=https:\/\/gabonnouvellevision.com\/gnv\/wp-content\/uploads\/2026\/01\/610879312_122290729634025336_973575026226059120_n-1600x1067.jpg\" rel=\"nofollow\"><i class=\"jli-pinterest\"><\/i><\/a><\/span>\r\n                    <span class=\"jl_sli_din jl_shli\"><a class=\"jl_sshl\" href=\"http:\/\/www.linkedin.com\/shareArticle?url=https%3A%2F%2Fgabonnouvellevision.com%2Fgnv%2F2026%2F01%2F06%2Fcommunique-final-du-conseil-des-ministres-du-05-janvier-2026%2F\" rel=\"nofollow\"><i class=\"jli-linkedin\"><\/i><\/a><\/span>\r\n                    <span class=\"jl_sli_wapp jl_shli\"><a class=\"jl_sshl\" href=\"https:\/\/api.whatsapp.com\/send?text=https%3A%2F%2Fgabonnouvellevision.com%2Fgnv%2F2026%2F01%2F06%2Fcommunique-final-du-conseil-des-ministres-du-05-janvier-2026%2F\" data-action=\"share\/whatsapp\/share\" rel=\"nofollow\"><i class=\"jli-whatsapp\"><\/i><\/a><\/span>                                        \r\n                <\/span>            \r\n    <\/span><\/span><\/span><\/span><\/span>          \t<\/div>\r\n      <\/div>\r\n\t\t\t\t\t\t<div class=\"swiper-slide\">\r\n          \t  <div class=\"slide-inner jl-newsticker-li\">\r\n\t\t\t\t\t\t\t\t<h2 class=\"h6 jl_fe_title\"><a href=\"https:\/\/gabonnouvellevision.com\/gnv\/2025\/12\/19\/communique-final-du-conseil-des-ministres-du-18-decembre-2025\/\">Communiqu\u00e9 final du Conseil des Ministres du 18 d\u00e9cembre 2025<\/a><\/h2>\r\n\t\t\t\t\t\t\t\t<span class=\"jl_post_meta\"><span class=\"post-date\">19 d\u00e9cembre 2025<\/span><span class=\"jl_fot_share_i jl_share_l_bg jls_tooltip\"><i class=\"jli-share\"><\/i><span class=\"jls_tooltip_w jls_tooltip-top\"><span class=\"jls_tooltiptext\"><span class=\"jls_tooltip_in\">                <span class=\"jl_sli_in\">\r\n                    <span class=\"jl_sli_fb jl_shli\"><a class=\"jl_sshl\" href=\"http:\/\/www.facebook.com\/sharer.php?u=https%3A%2F%2Fgabonnouvellevision.com%2Fgnv%2F2025%2F12%2F19%2Fcommunique-final-du-conseil-des-ministres-du-18-decembre-2025%2F\" rel=\"nofollow\"><i class=\"jli-facebook\"><\/i><\/a><\/span>\r\n                    <span class=\"jl_sli_tw jl_shli\"><a class=\"jl_sshl\" href=\"https:\/\/twitter.com\/intent\/tweet?text=Communiqu%C3%A9%20final%20du%20Conseil%20des%20Ministres%20du%2018%20d%C3%A9cembre%202025&amp;url=https%3A%2F%2Fgabonnouvellevision.com%2Fgnv%2F2025%2F12%2F19%2Fcommunique-final-du-conseil-des-ministres-du-18-decembre-2025%2F\" rel=\"nofollow\"><i class=\"jli-x\"><\/i><\/a><\/span>\r\n                    <span class=\"jl_sli_pi jl_shli\"><a class=\"jl_sshl\" href=\"http:\/\/pinterest.com\/pin\/create\/bookmarklet\/?url=https%3A%2F%2Fgabonnouvellevision.com%2Fgnv%2F2025%2F12%2F19%2Fcommunique-final-du-conseil-des-ministres-du-18-decembre-2025%2F>&amp;media=https:\/\/gabonnouvellevision.com\/gnv\/wp-content\/uploads\/2025\/12\/Gabon-Gabonmediatime_Conseil-des-ministres-1.jpg\" rel=\"nofollow\"><i class=\"jli-pinterest\"><\/i><\/a><\/span>\r\n                    <span class=\"jl_sli_din jl_shli\"><a class=\"jl_sshl\" href=\"http:\/\/www.linkedin.com\/shareArticle?url=https%3A%2F%2Fgabonnouvellevision.com%2Fgnv%2F2025%2F12%2F19%2Fcommunique-final-du-conseil-des-ministres-du-18-decembre-2025%2F\" rel=\"nofollow\"><i class=\"jli-linkedin\"><\/i><\/a><\/span>\r\n                    <span class=\"jl_sli_wapp jl_shli\"><a class=\"jl_sshl\" href=\"https:\/\/api.whatsapp.com\/send?text=https%3A%2F%2Fgabonnouvellevision.com%2Fgnv%2F2025%2F12%2F19%2Fcommunique-final-du-conseil-des-ministres-du-18-decembre-2025%2F\" data-action=\"share\/whatsapp\/share\" rel=\"nofollow\"><i class=\"jli-whatsapp\"><\/i><\/a><\/span>                                        \r\n                <\/span>            \r\n    <\/span><\/span><\/span><\/span><\/span>          \t<\/div>\r\n      <\/div>\r\n\t\t\t\t\t\t<div class=\"swiper-slide\">\r\n          \t  <div class=\"slide-inner jl-newsticker-li\">\r\n\t\t\t\t\t\t\t\t<h2 class=\"h6 jl_fe_title\"><a href=\"https:\/\/gabonnouvellevision.com\/gnv\/2025\/12\/09\/le-president-oligui-nguema-present-a-linvestiture-dalassane-ouattara\/\">Le Pr\u00e9sident Oligui Nguema pr\u00e9sent \u00e0 l&rsquo;investiture d&rsquo;Alassane Ouattara<\/a><\/h2>\r\n\t\t\t\t\t\t\t\t<span class=\"jl_post_meta\"><span class=\"post-date\">9 d\u00e9cembre 2025<\/span><span class=\"jl_fot_share_i jl_share_l_bg jls_tooltip\"><i class=\"jli-share\"><\/i><span class=\"jls_tooltip_w jls_tooltip-top\"><span class=\"jls_tooltiptext\"><span class=\"jls_tooltip_in\">                <span class=\"jl_sli_in\">\r\n                    <span class=\"jl_sli_fb jl_shli\"><a class=\"jl_sshl\" href=\"http:\/\/www.facebook.com\/sharer.php?u=https%3A%2F%2Fgabonnouvellevision.com%2Fgnv%2F2025%2F12%2F09%2Fle-president-oligui-nguema-present-a-linvestiture-dalassane-ouattara%2F\" rel=\"nofollow\"><i class=\"jli-facebook\"><\/i><\/a><\/span>\r\n                    <span class=\"jl_sli_tw jl_shli\"><a class=\"jl_sshl\" href=\"https:\/\/twitter.com\/intent\/tweet?text=Le%20Pr%C3%A9sident%20Oligui%20Nguema%20pr%C3%A9sent%20%C3%A0%20l%E2%80%99investiture%20d%E2%80%99Alassane%20Ouattara&amp;url=https%3A%2F%2Fgabonnouvellevision.com%2Fgnv%2F2025%2F12%2F09%2Fle-president-oligui-nguema-present-a-linvestiture-dalassane-ouattara%2F\" rel=\"nofollow\"><i class=\"jli-x\"><\/i><\/a><\/span>\r\n                    <span class=\"jl_sli_pi jl_shli\"><a class=\"jl_sshl\" href=\"http:\/\/pinterest.com\/pin\/create\/bookmarklet\/?url=https%3A%2F%2Fgabonnouvellevision.com%2Fgnv%2F2025%2F12%2F09%2Fle-president-oligui-nguema-present-a-linvestiture-dalassane-ouattara%2F>&amp;media=https:\/\/gabonnouvellevision.com\/gnv\/wp-content\/uploads\/2025\/12\/595790110_122286592814025336_6121217670673241586_n.jpg\" rel=\"nofollow\"><i class=\"jli-pinterest\"><\/i><\/a><\/span>\r\n                    <span class=\"jl_sli_din jl_shli\"><a class=\"jl_sshl\" href=\"http:\/\/www.linkedin.com\/shareArticle?url=https%3A%2F%2Fgabonnouvellevision.com%2Fgnv%2F2025%2F12%2F09%2Fle-president-oligui-nguema-present-a-linvestiture-dalassane-ouattara%2F\" rel=\"nofollow\"><i class=\"jli-linkedin\"><\/i><\/a><\/span>\r\n                    <span class=\"jl_sli_wapp jl_shli\"><a class=\"jl_sshl\" href=\"https:\/\/api.whatsapp.com\/send?text=https%3A%2F%2Fgabonnouvellevision.com%2Fgnv%2F2025%2F12%2F09%2Fle-president-oligui-nguema-present-a-linvestiture-dalassane-ouattara%2F\" data-action=\"share\/whatsapp\/share\" rel=\"nofollow\"><i class=\"jli-whatsapp\"><\/i><\/a><\/span>                                        \r\n                <\/span>            \r\n    <\/span><\/span><\/span><\/span><\/span>          \t<\/div>\r\n      <\/div>\r\n\t\t\t\t\t\t<div class=\"swiper-slide\">\r\n          \t  <div class=\"slide-inner jl-newsticker-li\">\r\n\t\t\t\t\t\t\t\t<h2 class=\"h6 jl_fe_title\"><a href=\"https:\/\/gabonnouvellevision.com\/gnv\/2025\/11\/24\/le-president-macron-en-visite-au-gabon\/\">Le Pr\u00e9sident Macron en visite au Gabon !<\/a><\/h2>\r\n\t\t\t\t\t\t\t\t<span class=\"jl_post_meta\"><span class=\"post-date\">24 novembre 2025<\/span><span class=\"jl_fot_share_i jl_share_l_bg jls_tooltip\"><i class=\"jli-share\"><\/i><span class=\"jls_tooltip_w jls_tooltip-top\"><span class=\"jls_tooltiptext\"><span class=\"jls_tooltip_in\">                <span class=\"jl_sli_in\">\r\n                    <span class=\"jl_sli_fb jl_shli\"><a class=\"jl_sshl\" href=\"http:\/\/www.facebook.com\/sharer.php?u=https%3A%2F%2Fgabonnouvellevision.com%2Fgnv%2F2025%2F11%2F24%2Fle-president-macron-en-visite-au-gabon%2F\" rel=\"nofollow\"><i class=\"jli-facebook\"><\/i><\/a><\/span>\r\n                    <span class=\"jl_sli_tw jl_shli\"><a class=\"jl_sshl\" href=\"https:\/\/twitter.com\/intent\/tweet?text=Le%20Pr%C3%A9sident%20Macron%20en%20visite%20au%20Gabon%20%21&amp;url=https%3A%2F%2Fgabonnouvellevision.com%2Fgnv%2F2025%2F11%2F24%2Fle-president-macron-en-visite-au-gabon%2F\" rel=\"nofollow\"><i class=\"jli-x\"><\/i><\/a><\/span>\r\n                    <span class=\"jl_sli_pi jl_shli\"><a class=\"jl_sshl\" href=\"http:\/\/pinterest.com\/pin\/create\/bookmarklet\/?url=https%3A%2F%2Fgabonnouvellevision.com%2Fgnv%2F2025%2F11%2F24%2Fle-president-macron-en-visite-au-gabon%2F>&amp;media=https:\/\/gabonnouvellevision.com\/gnv\/wp-content\/uploads\/2025\/11\/586486939_122284443890025336_2059701719391713394_n-1600x1066.jpg\" rel=\"nofollow\"><i class=\"jli-pinterest\"><\/i><\/a><\/span>\r\n                    <span class=\"jl_sli_din jl_shli\"><a class=\"jl_sshl\" href=\"http:\/\/www.linkedin.com\/shareArticle?url=https%3A%2F%2Fgabonnouvellevision.com%2Fgnv%2F2025%2F11%2F24%2Fle-president-macron-en-visite-au-gabon%2F\" rel=\"nofollow\"><i class=\"jli-linkedin\"><\/i><\/a><\/span>\r\n                    <span class=\"jl_sli_wapp jl_shli\"><a class=\"jl_sshl\" href=\"https:\/\/api.whatsapp.com\/send?text=https%3A%2F%2Fgabonnouvellevision.com%2Fgnv%2F2025%2F11%2F24%2Fle-president-macron-en-visite-au-gabon%2F\" data-action=\"share\/whatsapp\/share\" rel=\"nofollow\"><i class=\"jli-whatsapp\"><\/i><\/a><\/span>                                        \r\n                <\/span>            \r\n    <\/span><\/span><\/span><\/span><\/span>          \t<\/div>\r\n      <\/div>\r\n\t\t\t\t\t\t<div class=\"swiper-slide\">\r\n          \t  <div class=\"slide-inner jl-newsticker-li\">\r\n\t\t\t\t\t\t\t\t<h2 class=\"h6 jl_fe_title\"><a href=\"https:\/\/gabonnouvellevision.com\/gnv\/2025\/11\/11\/les-nouveaux-maires-de-grand-libreville-chez-oligui-nguema\/\">Les nouveaux Maires de Grand-Libreville chez Oligui Nguema<\/a><\/h2>\r\n\t\t\t\t\t\t\t\t<span class=\"jl_post_meta\"><span class=\"post-date\">11 novembre 2025<\/span><span class=\"jl_fot_share_i jl_share_l_bg jls_tooltip\"><i class=\"jli-share\"><\/i><span class=\"jls_tooltip_w jls_tooltip-top\"><span class=\"jls_tooltiptext\"><span class=\"jls_tooltip_in\">                <span class=\"jl_sli_in\">\r\n                    <span class=\"jl_sli_fb jl_shli\"><a class=\"jl_sshl\" href=\"http:\/\/www.facebook.com\/sharer.php?u=https%3A%2F%2Fgabonnouvellevision.com%2Fgnv%2F2025%2F11%2F11%2Fles-nouveaux-maires-de-grand-libreville-chez-oligui-nguema%2F\" rel=\"nofollow\"><i class=\"jli-facebook\"><\/i><\/a><\/span>\r\n                    <span class=\"jl_sli_tw jl_shli\"><a class=\"jl_sshl\" href=\"https:\/\/twitter.com\/intent\/tweet?text=Les%20nouveaux%20Maires%20de%20Grand-Libreville%20chez%20Oligui%20Nguema&amp;url=https%3A%2F%2Fgabonnouvellevision.com%2Fgnv%2F2025%2F11%2F11%2Fles-nouveaux-maires-de-grand-libreville-chez-oligui-nguema%2F\" rel=\"nofollow\"><i class=\"jli-x\"><\/i><\/a><\/span>\r\n                    <span class=\"jl_sli_pi jl_shli\"><a class=\"jl_sshl\" href=\"http:\/\/pinterest.com\/pin\/create\/bookmarklet\/?url=https%3A%2F%2Fgabonnouvellevision.com%2Fgnv%2F2025%2F11%2F11%2Fles-nouveaux-maires-de-grand-libreville-chez-oligui-nguema%2F>&amp;media=https:\/\/gabonnouvellevision.com\/gnv\/wp-content\/uploads\/2025\/11\/580060002_122282320976025336_8838288083481495759_n.jpg\" rel=\"nofollow\"><i class=\"jli-pinterest\"><\/i><\/a><\/span>\r\n                    <span class=\"jl_sli_din jl_shli\"><a class=\"jl_sshl\" href=\"http:\/\/www.linkedin.com\/shareArticle?url=https%3A%2F%2Fgabonnouvellevision.com%2Fgnv%2F2025%2F11%2F11%2Fles-nouveaux-maires-de-grand-libreville-chez-oligui-nguema%2F\" rel=\"nofollow\"><i class=\"jli-linkedin\"><\/i><\/a><\/span>\r\n                    <span class=\"jl_sli_wapp jl_shli\"><a class=\"jl_sshl\" href=\"https:\/\/api.whatsapp.com\/send?text=https%3A%2F%2Fgabonnouvellevision.com%2Fgnv%2F2025%2F11%2F11%2Fles-nouveaux-maires-de-grand-libreville-chez-oligui-nguema%2F\" data-action=\"share\/whatsapp\/share\" rel=\"nofollow\"><i class=\"jli-whatsapp\"><\/i><\/a><\/span>                                        \r\n                <\/span>            \r\n    <\/span><\/span><\/span><\/span><\/span>          \t<\/div>\r\n      <\/div>\r\n\t\t\t\t\t\t<div class=\"swiper-slide\">\r\n          \t  <div class=\"slide-inner jl-newsticker-li\">\r\n\t\t\t\t\t\t\t\t<h2 class=\"h6 jl_fe_title\"><a href=\"https:\/\/gabonnouvellevision.com\/gnv\/2025\/11\/05\/le-president-oligui-recu-par-giogia-meloni-du-conseil-italien\/\">Le Pr\u00e9sident Oligui re\u00e7u par Giogia Meloni du Conseil Italien<\/a><\/h2>\r\n\t\t\t\t\t\t\t\t<span class=\"jl_post_meta\"><span class=\"post-date\">5 novembre 2025<\/span><span class=\"jl_fot_share_i jl_share_l_bg jls_tooltip\"><i class=\"jli-share\"><\/i><span class=\"jls_tooltip_w jls_tooltip-top\"><span class=\"jls_tooltiptext\"><span class=\"jls_tooltip_in\">                <span class=\"jl_sli_in\">\r\n                    <span class=\"jl_sli_fb jl_shli\"><a class=\"jl_sshl\" href=\"http:\/\/www.facebook.com\/sharer.php?u=https%3A%2F%2Fgabonnouvellevision.com%2Fgnv%2F2025%2F11%2F05%2Fle-president-oligui-recu-par-giogia-meloni-du-conseil-italien%2F\" rel=\"nofollow\"><i class=\"jli-facebook\"><\/i><\/a><\/span>\r\n                    <span class=\"jl_sli_tw jl_shli\"><a class=\"jl_sshl\" href=\"https:\/\/twitter.com\/intent\/tweet?text=Le%20Pr%C3%A9sident%20Oligui%20re%C3%A7u%20par%20Giogia%20Meloni%20du%20Conseil%20Italien&amp;url=https%3A%2F%2Fgabonnouvellevision.com%2Fgnv%2F2025%2F11%2F05%2Fle-president-oligui-recu-par-giogia-meloni-du-conseil-italien%2F\" rel=\"nofollow\"><i class=\"jli-x\"><\/i><\/a><\/span>\r\n                    <span class=\"jl_sli_pi jl_shli\"><a class=\"jl_sshl\" href=\"http:\/\/pinterest.com\/pin\/create\/bookmarklet\/?url=https%3A%2F%2Fgabonnouvellevision.com%2Fgnv%2F2025%2F11%2F05%2Fle-president-oligui-recu-par-giogia-meloni-du-conseil-italien%2F>&amp;media=https:\/\/gabonnouvellevision.com\/gnv\/wp-content\/uploads\/2025\/11\/573523112_122281324868025336_350435332777482815_n-1600x1067.jpg\" rel=\"nofollow\"><i class=\"jli-pinterest\"><\/i><\/a><\/span>\r\n                    <span class=\"jl_sli_din jl_shli\"><a class=\"jl_sshl\" href=\"http:\/\/www.linkedin.com\/shareArticle?url=https%3A%2F%2Fgabonnouvellevision.com%2Fgnv%2F2025%2F11%2F05%2Fle-president-oligui-recu-par-giogia-meloni-du-conseil-italien%2F\" rel=\"nofollow\"><i class=\"jli-linkedin\"><\/i><\/a><\/span>\r\n                    <span class=\"jl_sli_wapp jl_shli\"><a class=\"jl_sshl\" href=\"https:\/\/api.whatsapp.com\/send?text=https%3A%2F%2Fgabonnouvellevision.com%2Fgnv%2F2025%2F11%2F05%2Fle-president-oligui-recu-par-giogia-meloni-du-conseil-italien%2F\" data-action=\"share\/whatsapp\/share\" rel=\"nofollow\"><i class=\"jli-whatsapp\"><\/i><\/a><\/span>                                        \r\n                <\/span>            \r\n    <\/span><\/span><\/span><\/span><\/span>          \t<\/div>\r\n      <\/div>\r\n\t\t\t\t\t\t\t\t<\/div>\r\n\t\t\t\t\t\t    \t\t\t\t<div class=\"jl_arpw jlc-navigation-blockid_b1d4378\"><div class=\"jl-swiper-button-prev\"><div class=\"jl-spn-inner\"><i class=\"jli-left-chevron\"><\/i><\/div><\/div><div class=\"jl-swiper-button-next\"><div class=\"jl-spn-inner\"><i class=\"jli-right-chevron\"><\/i><\/div><\/div><\/div>\r\n\t    \t\t\t\t\t\t\t<\/div>\r\n        \t<\/div>\r\n\t\t<\/div>\t\t\t\t<\/div>\n\t\t\t\t<\/div>\n\t\t\t\t\t<\/div>\n\t\t\t\t<\/div>\n\t\t<div class=\"elementor-element elementor-element-618a5cbd e-flex e-con-boxed e-con e-parent\" data-id=\"618a5cbd\" data-element_type=\"container\">\n\t\t\t\t\t<div class=\"e-con-inner\">\n\t\t<div class=\"elementor-element elementor-element-1742a86a e-con-full e-flex e-con e-child\" data-id=\"1742a86a\" data-element_type=\"container\">\n\t\t\t\t<div class=\"elementor-element elementor-element-ca52a92 elementor-widget elementor-widget-bopea-list-post\" data-id=\"ca52a92\" data-element_type=\"widget\" data-widget_type=\"bopea-list-post.default\">\n\t\t\t\t<div class=\"elementor-widget-container\">\n\t\t\t\t\t\t\t<div class=\"block-section jl-main-block jl_en_fr jl_frli\" data-blockid=\"blockid_ca52a92\" data-section_style=\"jl_m_list\" data-post_type=\"post\" data-post_type_tax=\"none\" data-page_max=\"439\" data-page_current=\"1\" data-categories=\"55,56,57,59,60,66\" data-author=\"none\" data-order=\"date_post\" data-posts_per_page=\"1\" data-offset=\"1\" data-tabs_link=\"none\" >\t\t\r\n\t\t\t\t\t<div class=\"jl_cw_wrap_f jl_clear_at\">\r\n\t\t\t\t<div class=\"jl_main_list_cw jl_wrap_eb jl_clear_at jl_lm_list\">\r\n\t\t\t\t\t<div class=\"jl-roww jl_contain jl_fli_wrap jl-col-row\">\t\t\t             \r\n\t\t\t\t\t\t\t\t\t\t<div class=\"jl_clist_layout jl_lisep jl_frsha\">\r\n\t\t\t\t\t<div class=\"jl_li_in\">\r\n\t\t\t    \t\t\t        <div class=\"jl_img_holder\">\r\n\t\t\t\t        <div class=\"jl_imgw jl_radus_e\">\r\n\t\t\t\t            <div class=\"jl_imgin\">\r\n\t\t\t\t\t\t\t\t<img fetchpriority=\"high\" decoding=\"async\" width=\"960\" height=\"540\" src=\"https:\/\/gabonnouvellevision.com\/gnv\/wp-content\/uploads\/2025\/12\/Gabon-Gabonmediatime_Conseil-des-ministres-1-20x11.jpg\" class=\"attachment-bopea_medium size-bopea_medium jl-lazyload lazyload wp-post-image\" alt=\"\" data-src=\"https:\/\/gabonnouvellevision.com\/gnv\/wp-content\/uploads\/2025\/12\/Gabon-Gabonmediatime_Conseil-des-ministres-1.jpg\" \/>\t\t\t\t\t\t\t<\/div>\r\n\t\t\t\t            \t\t\t\t            \t\t\t\t            <a class=\"jl_imgl\" aria-label=\"Communiqu\u00e9 final du Conseil des Ministres du 18 d\u00e9cembre 2025\" href=\"https:\/\/gabonnouvellevision.com\/gnv\/2025\/12\/19\/communique-final-du-conseil-des-ministres-du-18-decembre-2025\/\"><\/a>\r\n\t\t\t\t        <\/div> \r\n\t\t\t        <\/div> \r\n\t\t\t                                \r\n\t\t\t    <div class=\"jl_fe_text\">    \r\n\t\t\t        <span class=\"jl_f_cat jl_lb3\"><a class=\"jl_cat_lbl jl_cat57\" href=\"https:\/\/gabonnouvellevision.com\/gnv\/category\/a-la-une\/\"><span>A la une<\/span><\/a><a class=\"jl_cat_lbl jl_cat55\" href=\"https:\/\/gabonnouvellevision.com\/gnv\/category\/actualites\/\"><span>Actualites<\/span><\/a><a class=\"jl_cat_lbl jl_cat65\" href=\"https:\/\/gabonnouvellevision.com\/gnv\/category\/politique-podcasts\/\"><span>Politique<\/span><\/a><\/span>\t\t\t        \t\t\t\t\t<h2 class=\"h3 jl_fe_title jl_txt_2row\"><a href=\"https:\/\/gabonnouvellevision.com\/gnv\/2025\/12\/19\/communique-final-du-conseil-des-ministres-du-18-decembre-2025\/\">Communiqu\u00e9 final du Conseil des Ministres du 18 d\u00e9cembre 2025<\/a><\/h2>\t\t\t\r\n\t\t\t\t\t\t\t\t        <p class=\"jl_fe_des\">Sous la Tr\u00e8s Haute Pr\u00e9sidence de Son Excellence Brice Clotaire OLIGUI&nbsp; NGUEMA, Pr\u00e9sident de la R\u00e9publique, Chef de l\u2019\u00c9tat, Chef du Gouvernement, le&nbsp;... <\/p>\r\n\t\t\t        <span class=\"jl_post_meta\"><span class=\"jl_author_img_w\">By<a href=\"https:\/\/gabonnouvellevision.com\/gnv\/author\/rufin\/\" title=\"Articles par Eyeng Obame\" rel=\"author\">Eyeng Obame<\/a><\/span><span class=\"post-date\">19 d\u00e9cembre 2025<\/span><span class=\"jl_fot_share_i jl_share_l_bg jls_tooltip\"><i class=\"jli-share\"><\/i><span class=\"jls_tooltip_w jls_tooltip-top\"><span class=\"jls_tooltiptext\"><span class=\"jls_tooltip_in\">                <span class=\"jl_sli_in\">\r\n                    <span class=\"jl_sli_fb jl_shli\"><a class=\"jl_sshl\" href=\"http:\/\/www.facebook.com\/sharer.php?u=https%3A%2F%2Fgabonnouvellevision.com%2Fgnv%2F2025%2F12%2F19%2Fcommunique-final-du-conseil-des-ministres-du-18-decembre-2025%2F\" rel=\"nofollow\"><i class=\"jli-facebook\"><\/i><\/a><\/span>\r\n                    <span class=\"jl_sli_tw jl_shli\"><a class=\"jl_sshl\" href=\"https:\/\/twitter.com\/intent\/tweet?text=Communiqu%C3%A9%20final%20du%20Conseil%20des%20Ministres%20du%2018%20d%C3%A9cembre%202025&amp;url=https%3A%2F%2Fgabonnouvellevision.com%2Fgnv%2F2025%2F12%2F19%2Fcommunique-final-du-conseil-des-ministres-du-18-decembre-2025%2F\" rel=\"nofollow\"><i class=\"jli-x\"><\/i><\/a><\/span>\r\n                    <span class=\"jl_sli_pi jl_shli\"><a class=\"jl_sshl\" href=\"http:\/\/pinterest.com\/pin\/create\/bookmarklet\/?url=https%3A%2F%2Fgabonnouvellevision.com%2Fgnv%2F2025%2F12%2F19%2Fcommunique-final-du-conseil-des-ministres-du-18-decembre-2025%2F>&amp;media=https:\/\/gabonnouvellevision.com\/gnv\/wp-content\/uploads\/2025\/12\/Gabon-Gabonmediatime_Conseil-des-ministres-1.jpg\" rel=\"nofollow\"><i class=\"jli-pinterest\"><\/i><\/a><\/span>\r\n                    <span class=\"jl_sli_din jl_shli\"><a class=\"jl_sshl\" href=\"http:\/\/www.linkedin.com\/shareArticle?url=https%3A%2F%2Fgabonnouvellevision.com%2Fgnv%2F2025%2F12%2F19%2Fcommunique-final-du-conseil-des-ministres-du-18-decembre-2025%2F\" rel=\"nofollow\"><i class=\"jli-linkedin\"><\/i><\/a><\/span>\r\n                    <span class=\"jl_sli_wapp jl_shli\"><a class=\"jl_sshl\" href=\"https:\/\/api.whatsapp.com\/send?text=https%3A%2F%2Fgabonnouvellevision.com%2Fgnv%2F2025%2F12%2F19%2Fcommunique-final-du-conseil-des-ministres-du-18-decembre-2025%2F\" data-action=\"share\/whatsapp\/share\" rel=\"nofollow\"><i class=\"jli-whatsapp\"><\/i><\/a><\/span>                                        \r\n                <\/span>            \r\n    <\/span><\/span><\/span><\/span><\/span>                \r\n\t\t\t    <\/div>\r\n\t\t\t<\/div>\r\n\t\t<\/div>\r\n\t\t\t\t\t\t\t\t\t\t\t\t\r\n\t\t\t\t\t<\/div>\r\n\t\t\t\t\t\t\t\t<\/div>\r\n\t\t\t<\/div>\t\t\r\n\t\t<\/div>\t\t\t\t<\/div>\n\t\t\t\t<\/div>\n\t\t\t\t<div class=\"elementor-element elementor-element-5b40ae4d elementor-widget elementor-widget-bopea-grid-post\" data-id=\"5b40ae4d\" data-element_type=\"widget\" data-widget_type=\"bopea-grid-post.default\">\n\t\t\t\t<div class=\"elementor-widget-container\">\n\t\t\t\t\t\t\t<div class=\"jl_clear_at block-section jl-main-block jl_hide_desc jl_hide_line jl_num_top\" data-blockid=\"blockid_5b40ae4d\" data-section_style=\"jl_mgrid\" data-post_type=\"post\" data-post_type_tax=\"none\" data-page_max=\"179\" data-page_current=\"1\" data-author=\"none\" data-order=\"date_post\" data-posts_per_page=\"3\" data-offset=\"2\" data-tabs_link=\"none\" >\t\t\r\n\t\t\t\t\t<div class=\"jl_grid_wrap_f jl_wrap_eb jl_clear_at\">\r\n\t\t\t<div class=\"jl-roww jl_contain jl_cgrid_wrap jl-col-row\">\r\n\t\t\t\t\t\t\t<div class=\"jl_cgrid_layout jl_frsha jl_in_num jl_numl\">\r\n\t\t\t    \t\t\t        <div class=\"jl_img_holder\">\r\n\t\t\t        <div class=\"jl_imgw jl_radus_e\">\r\n\t\t\t            <div class=\"jl_imgin\">\r\n\t\t\t\t\t\t\t\t<img decoding=\"async\" width=\"680\" height=\"453\" src=\"https:\/\/gabonnouvellevision.com\/gnv\/wp-content\/uploads\/2025\/12\/595790110_122286592814025336_6121217670673241586_n-20x13.jpg\" class=\"attachment-bopea_layouts size-bopea_layouts jl-lazyload lazyload wp-post-image\" alt=\"\" data-src=\"https:\/\/gabonnouvellevision.com\/gnv\/wp-content\/uploads\/2025\/12\/595790110_122286592814025336_6121217670673241586_n-680x453.jpg\" \/>\t\t\t            <\/div>\r\n\t\t\t            \t\t\t            \t\t\t            <a class=\"jl_imgl\" aria-label=\"Le Pr\u00e9sident Oligui Nguema pr\u00e9sent \u00e0 l&rsquo;investiture d&rsquo;Alassane Ouattara\" href=\"https:\/\/gabonnouvellevision.com\/gnv\/2025\/12\/09\/le-president-oligui-nguema-present-a-linvestiture-dalassane-ouattara\/\"><\/a>\r\n\t\t\t\t\t\t<span class=\"jl_f_cat jl_lb5\"><a class=\"jl_cat_lbl jl_cat57\" href=\"https:\/\/gabonnouvellevision.com\/gnv\/category\/a-la-une\/\"><span>A la une<\/span><\/a><a class=\"jl_cat_lbl jl_cat55\" href=\"https:\/\/gabonnouvellevision.com\/gnv\/category\/actualites\/\"><span>Actualites<\/span><\/a><a class=\"jl_cat_lbl jl_cat59\" href=\"https:\/\/gabonnouvellevision.com\/gnv\/category\/politique\/\"><span>Politique<\/span><\/a><\/span>\t\t\t        <\/div>\r\n\t\t\t        <\/div>\r\n\t\t\t    \t\t\t    <div class=\"jl_fe_text jl_nun_i\">\r\n\t\t\t\t\t<span class=\"jl_nun_d\"><\/span>\r\n\t\t\t        \t\t\t\t\t\t\t\t        <h2 class=\"h2 jl_fe_title jl_txt_2row\"><a href=\"https:\/\/gabonnouvellevision.com\/gnv\/2025\/12\/09\/le-president-oligui-nguema-present-a-linvestiture-dalassane-ouattara\/\">Le Pr\u00e9sident Oligui Nguema pr\u00e9sent \u00e0 l&rsquo;investiture d&rsquo;Alassane Ouattara<\/a><\/h2>\r\n\t\t\t\t\t\t\t\t        <p class=\"jl_fe_des\">Le Pr\u00e9sident de la R\u00e9publique, Brice Clotaire Oligui Nguema, accompagn\u00e9 de la Premi\u00e8re Dame Zita Oligui Nguema, a particip\u00e9 hier \u00e0 l\u2019investiture du... <\/p>\r\n\t\t\t        <span class=\"jl_post_meta\"><span class=\"jl_author_img_w\">By<a href=\"https:\/\/gabonnouvellevision.com\/gnv\/author\/rufin\/\" title=\"Articles par Eyeng Obame\" rel=\"author\">Eyeng Obame<\/a><\/span><span class=\"post-date\">9 d\u00e9cembre 2025<\/span><span class=\"jl_fot_share_i jl_share_l_bg jls_tooltip\"><i class=\"jli-share\"><\/i><span class=\"jls_tooltip_w jls_tooltip-top\"><span class=\"jls_tooltiptext\"><span class=\"jls_tooltip_in\">                <span class=\"jl_sli_in\">\r\n                    <span class=\"jl_sli_fb jl_shli\"><a class=\"jl_sshl\" href=\"http:\/\/www.facebook.com\/sharer.php?u=https%3A%2F%2Fgabonnouvellevision.com%2Fgnv%2F2025%2F12%2F09%2Fle-president-oligui-nguema-present-a-linvestiture-dalassane-ouattara%2F\" rel=\"nofollow\"><i class=\"jli-facebook\"><\/i><\/a><\/span>\r\n                    <span class=\"jl_sli_tw jl_shli\"><a class=\"jl_sshl\" href=\"https:\/\/twitter.com\/intent\/tweet?text=Le%20Pr%C3%A9sident%20Oligui%20Nguema%20pr%C3%A9sent%20%C3%A0%20l%E2%80%99investiture%20d%E2%80%99Alassane%20Ouattara&amp;url=https%3A%2F%2Fgabonnouvellevision.com%2Fgnv%2F2025%2F12%2F09%2Fle-president-oligui-nguema-present-a-linvestiture-dalassane-ouattara%2F\" rel=\"nofollow\"><i class=\"jli-x\"><\/i><\/a><\/span>\r\n                    <span class=\"jl_sli_pi jl_shli\"><a class=\"jl_sshl\" href=\"http:\/\/pinterest.com\/pin\/create\/bookmarklet\/?url=https%3A%2F%2Fgabonnouvellevision.com%2Fgnv%2F2025%2F12%2F09%2Fle-president-oligui-nguema-present-a-linvestiture-dalassane-ouattara%2F>&amp;media=https:\/\/gabonnouvellevision.com\/gnv\/wp-content\/uploads\/2025\/12\/595790110_122286592814025336_6121217670673241586_n.jpg\" rel=\"nofollow\"><i class=\"jli-pinterest\"><\/i><\/a><\/span>\r\n                    <span class=\"jl_sli_din jl_shli\"><a class=\"jl_sshl\" href=\"http:\/\/www.linkedin.com\/shareArticle?url=https%3A%2F%2Fgabonnouvellevision.com%2Fgnv%2F2025%2F12%2F09%2Fle-president-oligui-nguema-present-a-linvestiture-dalassane-ouattara%2F\" rel=\"nofollow\"><i class=\"jli-linkedin\"><\/i><\/a><\/span>\r\n                    <span class=\"jl_sli_wapp jl_shli\"><a class=\"jl_sshl\" href=\"https:\/\/api.whatsapp.com\/send?text=https%3A%2F%2Fgabonnouvellevision.com%2Fgnv%2F2025%2F12%2F09%2Fle-president-oligui-nguema-present-a-linvestiture-dalassane-ouattara%2F\" data-action=\"share\/whatsapp\/share\" rel=\"nofollow\"><i class=\"jli-whatsapp\"><\/i><\/a><\/span>                                        \r\n                <\/span>            \r\n    <\/span><\/span><\/span><\/span><\/span>\t\t\t    <\/div>\r\n\t\t\t<\/div>\r\n\t\t\t\t\t\t\t<div class=\"jl_cgrid_layout jl_frsha jl_in_num jl_numl\">\r\n\t\t\t    \t\t\t        <div class=\"jl_img_holder\">\r\n\t\t\t        <div class=\"jl_imgw jl_radus_e\">\r\n\t\t\t            <div class=\"jl_imgin\">\r\n\t\t\t\t\t\t\t\t<img decoding=\"async\" width=\"680\" height=\"453\" src=\"https:\/\/gabonnouvellevision.com\/gnv\/wp-content\/uploads\/2025\/11\/586486939_122284443890025336_2059701719391713394_n-20x13.jpg\" class=\"attachment-bopea_layouts size-bopea_layouts jl-lazyload lazyload wp-post-image\" alt=\"\" data-src=\"https:\/\/gabonnouvellevision.com\/gnv\/wp-content\/uploads\/2025\/11\/586486939_122284443890025336_2059701719391713394_n-680x453.jpg\" \/>\t\t\t            <\/div>\r\n\t\t\t            \t\t\t            \t\t\t            <a class=\"jl_imgl\" aria-label=\"Le Pr\u00e9sident Macron en visite au Gabon !\" href=\"https:\/\/gabonnouvellevision.com\/gnv\/2025\/11\/24\/le-president-macron-en-visite-au-gabon\/\"><\/a>\r\n\t\t\t\t\t\t<span class=\"jl_f_cat jl_lb5\"><a class=\"jl_cat_lbl jl_cat57\" href=\"https:\/\/gabonnouvellevision.com\/gnv\/category\/a-la-une\/\"><span>A la une<\/span><\/a><a class=\"jl_cat_lbl jl_cat55\" href=\"https:\/\/gabonnouvellevision.com\/gnv\/category\/actualites\/\"><span>Actualites<\/span><\/a><a class=\"jl_cat_lbl jl_cat66\" href=\"https:\/\/gabonnouvellevision.com\/gnv\/category\/diplomatie\/\"><span>Diplomatie<\/span><\/a><\/span>\t\t\t        <\/div>\r\n\t\t\t        <\/div>\r\n\t\t\t    \t\t\t    <div class=\"jl_fe_text jl_nun_i\">\r\n\t\t\t\t\t<span class=\"jl_nun_d\"><\/span>\r\n\t\t\t        \t\t\t\t\t\t\t\t        <h2 class=\"h2 jl_fe_title jl_txt_2row\"><a href=\"https:\/\/gabonnouvellevision.com\/gnv\/2025\/11\/24\/le-president-macron-en-visite-au-gabon\/\">Le Pr\u00e9sident Macron en visite au Gabon !<\/a><\/h2>\r\n\t\t\t\t\t\t\t\t        <p class=\"jl_fe_des\">Le Pr\u00e9sident Brice Clotaire Oligui Nguema a accueilli, hier apr\u00e8s-midi, son homologue fran\u00e7ais Emmanuel Macron, pour une visite d\u2019\u00c9tat marqu\u00e9e par les honneurs... <\/p>\r\n\t\t\t        <span class=\"jl_post_meta\"><span class=\"jl_author_img_w\">By<a href=\"https:\/\/gabonnouvellevision.com\/gnv\/author\/rufin\/\" title=\"Articles par Eyeng Obame\" rel=\"author\">Eyeng Obame<\/a><\/span><span class=\"post-date\">24 novembre 2025<\/span><span class=\"jl_fot_share_i jl_share_l_bg jls_tooltip\"><i class=\"jli-share\"><\/i><span class=\"jls_tooltip_w jls_tooltip-top\"><span class=\"jls_tooltiptext\"><span class=\"jls_tooltip_in\">                <span class=\"jl_sli_in\">\r\n                    <span class=\"jl_sli_fb jl_shli\"><a class=\"jl_sshl\" href=\"http:\/\/www.facebook.com\/sharer.php?u=https%3A%2F%2Fgabonnouvellevision.com%2Fgnv%2F2025%2F11%2F24%2Fle-president-macron-en-visite-au-gabon%2F\" rel=\"nofollow\"><i class=\"jli-facebook\"><\/i><\/a><\/span>\r\n                    <span class=\"jl_sli_tw jl_shli\"><a class=\"jl_sshl\" href=\"https:\/\/twitter.com\/intent\/tweet?text=Le%20Pr%C3%A9sident%20Macron%20en%20visite%20au%20Gabon%20%21&amp;url=https%3A%2F%2Fgabonnouvellevision.com%2Fgnv%2F2025%2F11%2F24%2Fle-president-macron-en-visite-au-gabon%2F\" rel=\"nofollow\"><i class=\"jli-x\"><\/i><\/a><\/span>\r\n                    <span class=\"jl_sli_pi jl_shli\"><a class=\"jl_sshl\" href=\"http:\/\/pinterest.com\/pin\/create\/bookmarklet\/?url=https%3A%2F%2Fgabonnouvellevision.com%2Fgnv%2F2025%2F11%2F24%2Fle-president-macron-en-visite-au-gabon%2F>&amp;media=https:\/\/gabonnouvellevision.com\/gnv\/wp-content\/uploads\/2025\/11\/586486939_122284443890025336_2059701719391713394_n-1600x1066.jpg\" rel=\"nofollow\"><i class=\"jli-pinterest\"><\/i><\/a><\/span>\r\n                    <span class=\"jl_sli_din jl_shli\"><a class=\"jl_sshl\" href=\"http:\/\/www.linkedin.com\/shareArticle?url=https%3A%2F%2Fgabonnouvellevision.com%2Fgnv%2F2025%2F11%2F24%2Fle-president-macron-en-visite-au-gabon%2F\" rel=\"nofollow\"><i class=\"jli-linkedin\"><\/i><\/a><\/span>\r\n                    <span class=\"jl_sli_wapp jl_shli\"><a class=\"jl_sshl\" href=\"https:\/\/api.whatsapp.com\/send?text=https%3A%2F%2Fgabonnouvellevision.com%2Fgnv%2F2025%2F11%2F24%2Fle-president-macron-en-visite-au-gabon%2F\" data-action=\"share\/whatsapp\/share\" rel=\"nofollow\"><i class=\"jli-whatsapp\"><\/i><\/a><\/span>                                        \r\n                <\/span>            \r\n    <\/span><\/span><\/span><\/span><\/span>\t\t\t    <\/div>\r\n\t\t\t<\/div>\r\n\t\t\t\t\t\t\t<div class=\"jl_cgrid_layout jl_frsha jl_in_num jl_numl\">\r\n\t\t\t    \t\t\t        <div class=\"jl_img_holder\">\r\n\t\t\t        <div class=\"jl_imgw jl_radus_e\">\r\n\t\t\t            <div class=\"jl_imgin\">\r\n\t\t\t\t\t\t\t\t<img loading=\"lazy\" decoding=\"async\" width=\"590\" height=\"339\" src=\"https:\/\/gabonnouvellevision.com\/gnv\/wp-content\/uploads\/2025\/11\/580060002_122282320976025336_8838288083481495759_n-20x11.jpg\" class=\"attachment-bopea_layouts size-bopea_layouts jl-lazyload lazyload wp-post-image\" alt=\"\" data-src=\"https:\/\/gabonnouvellevision.com\/gnv\/wp-content\/uploads\/2025\/11\/580060002_122282320976025336_8838288083481495759_n.jpg\" \/>\t\t\t            <\/div>\r\n\t\t\t            \t\t\t            \t\t\t            <a class=\"jl_imgl\" aria-label=\"Les nouveaux Maires de Grand-Libreville chez Oligui Nguema\" href=\"https:\/\/gabonnouvellevision.com\/gnv\/2025\/11\/11\/les-nouveaux-maires-de-grand-libreville-chez-oligui-nguema\/\"><\/a>\r\n\t\t\t\t\t\t<span class=\"jl_f_cat jl_lb5\"><a class=\"jl_cat_lbl jl_cat57\" href=\"https:\/\/gabonnouvellevision.com\/gnv\/category\/a-la-une\/\"><span>A la une<\/span><\/a><a class=\"jl_cat_lbl jl_cat55\" href=\"https:\/\/gabonnouvellevision.com\/gnv\/category\/actualites\/\"><span>Actualites<\/span><\/a><a class=\"jl_cat_lbl jl_cat65\" href=\"https:\/\/gabonnouvellevision.com\/gnv\/category\/politique-podcasts\/\"><span>Politique<\/span><\/a><\/span>\t\t\t        <\/div>\r\n\t\t\t        <\/div>\r\n\t\t\t    \t\t\t    <div class=\"jl_fe_text jl_nun_i\">\r\n\t\t\t\t\t<span class=\"jl_nun_d\"><\/span>\r\n\t\t\t        \t\t\t\t\t\t\t\t        <h2 class=\"h2 jl_fe_title jl_txt_2row\"><a href=\"https:\/\/gabonnouvellevision.com\/gnv\/2025\/11\/11\/les-nouveaux-maires-de-grand-libreville-chez-oligui-nguema\/\">Les nouveaux Maires de Grand-Libreville chez Oligui Nguema<\/a><\/h2>\r\n\t\t\t\t\t\t\t\t        <p class=\"jl_fe_des\">Le Pr\u00e9sident de la R\u00e9publique, a re\u00e7u en audience les maires et adjoints des communes de Libreville, Owendo, Akanda et Ntoum, r\u00e9cemment \u00e9lus.... <\/p>\r\n\t\t\t        <span class=\"jl_post_meta\"><span class=\"jl_author_img_w\">By<a href=\"https:\/\/gabonnouvellevision.com\/gnv\/author\/rufin\/\" title=\"Articles par Eyeng Obame\" rel=\"author\">Eyeng Obame<\/a><\/span><span class=\"post-date\">11 novembre 2025<\/span><span class=\"jl_fot_share_i jl_share_l_bg jls_tooltip\"><i class=\"jli-share\"><\/i><span class=\"jls_tooltip_w jls_tooltip-top\"><span class=\"jls_tooltiptext\"><span class=\"jls_tooltip_in\">                <span class=\"jl_sli_in\">\r\n                    <span class=\"jl_sli_fb jl_shli\"><a class=\"jl_sshl\" href=\"http:\/\/www.facebook.com\/sharer.php?u=https%3A%2F%2Fgabonnouvellevision.com%2Fgnv%2F2025%2F11%2F11%2Fles-nouveaux-maires-de-grand-libreville-chez-oligui-nguema%2F\" rel=\"nofollow\"><i class=\"jli-facebook\"><\/i><\/a><\/span>\r\n                    <span class=\"jl_sli_tw jl_shli\"><a class=\"jl_sshl\" href=\"https:\/\/twitter.com\/intent\/tweet?text=Les%20nouveaux%20Maires%20de%20Grand-Libreville%20chez%20Oligui%20Nguema&amp;url=https%3A%2F%2Fgabonnouvellevision.com%2Fgnv%2F2025%2F11%2F11%2Fles-nouveaux-maires-de-grand-libreville-chez-oligui-nguema%2F\" rel=\"nofollow\"><i class=\"jli-x\"><\/i><\/a><\/span>\r\n                    <span class=\"jl_sli_pi jl_shli\"><a class=\"jl_sshl\" href=\"http:\/\/pinterest.com\/pin\/create\/bookmarklet\/?url=https%3A%2F%2Fgabonnouvellevision.com%2Fgnv%2F2025%2F11%2F11%2Fles-nouveaux-maires-de-grand-libreville-chez-oligui-nguema%2F>&amp;media=https:\/\/gabonnouvellevision.com\/gnv\/wp-content\/uploads\/2025\/11\/580060002_122282320976025336_8838288083481495759_n.jpg\" rel=\"nofollow\"><i class=\"jli-pinterest\"><\/i><\/a><\/span>\r\n                    <span class=\"jl_sli_din jl_shli\"><a class=\"jl_sshl\" href=\"http:\/\/www.linkedin.com\/shareArticle?url=https%3A%2F%2Fgabonnouvellevision.com%2Fgnv%2F2025%2F11%2F11%2Fles-nouveaux-maires-de-grand-libreville-chez-oligui-nguema%2F\" rel=\"nofollow\"><i class=\"jli-linkedin\"><\/i><\/a><\/span>\r\n                    <span class=\"jl_sli_wapp jl_shli\"><a class=\"jl_sshl\" href=\"https:\/\/api.whatsapp.com\/send?text=https%3A%2F%2Fgabonnouvellevision.com%2Fgnv%2F2025%2F11%2F11%2Fles-nouveaux-maires-de-grand-libreville-chez-oligui-nguema%2F\" data-action=\"share\/whatsapp\/share\" rel=\"nofollow\"><i class=\"jli-whatsapp\"><\/i><\/a><\/span>                                        \r\n                <\/span>            \r\n    <\/span><\/span><\/span><\/span><\/span>\t\t\t    <\/div>\r\n\t\t\t<\/div>\r\n\t\t\t<\/div><\/div><\/div>\t\t\t\t<\/div>\n\t\t\t\t<\/div>\n\t\t\t\t<div class=\"elementor-element elementor-element-2e197183 elementor-widget elementor-widget-bopea-list-number\" data-id=\"2e197183\" data-element_type=\"widget\" data-widget_type=\"bopea-list-number.default\">\n\t\t\t\t<div class=\"elementor-widget-container\">\n\t\t\t\t\t\t\t\r\n\t\t<div class=\"jl_clear_at block-section jl-main-block jl_num_top\" data-blockid=\"blockid_2e197183\" data-section_style=\"jl_li_number\" data-post_type=\"post\" data-post_type_tax=\"none\" data-page_max=\"135\" data-page_current=\"1\" data-author=\"none\" data-order=\"date_post\" data-posts_per_page=\"4\" data-offset=\"5\" data-tabs_link=\"none\" >\r\n\t\t\t\t\t\t<div class=\"jl_grid_wrap_f jl_wrap_eb jl_wrap_eb jl_clear_at\">\r\n\t\t\t<div class=\"jl-roww jl_contain jl_cgrid_wrap jl_cli_num jl-col-row\">\t\t\t\r\n\t\t\t\t\t\t\t<div class=\"jl_mmlist_w jl_numl\">\r\n\t\t\t\t\t<div class=\"jl_mmlist_layout jl_lisep jl_risep jl_in_num\">\r\n\t\t\t\t\t\t<div class=\"jl_li_in jl_nun_i\">\r\n\t\t\t\t\t\t<span class=\"jl_nun_d\"><\/span>\r\n\t\t\t\t\t    <div class=\"jl_fe_text\">    \r\n\t\t\t\t\t\t\t<span class=\"jl_f_cat jl_lb1\"><a class=\"jl_cat_txt jl_cat57\" href=\"https:\/\/gabonnouvellevision.com\/gnv\/category\/a-la-une\/\"><span>A la une<\/span><\/a><a class=\"jl_cat_txt jl_cat55\" href=\"https:\/\/gabonnouvellevision.com\/gnv\/category\/actualites\/\"><span>Actualites<\/span><\/a><a class=\"jl_cat_txt jl_cat66\" href=\"https:\/\/gabonnouvellevision.com\/gnv\/category\/diplomatie\/\"><span>Diplomatie<\/span><\/a><\/span>\t\t\t\t\t        \t\t\t\t\t\t\t<h2 class=\"h3 jl_fe_title jl_txt_2row\"><a href=\"https:\/\/gabonnouvellevision.com\/gnv\/2025\/11\/05\/le-president-oligui-recu-par-giogia-meloni-du-conseil-italien\/\">Le Pr\u00e9sident Oligui re\u00e7u par Giogia Meloni du Conseil Italien<\/a><\/h2>\r\n\t\t\t\t\t\t\t\t\t\t\t\t\t\t<p class=\"jl_fe_des\">En visite officielle en Italie, le Pr\u00e9sident de la R\u00e9publique, Brice Clotaire Oligui Nguema, s\u2019est entretenu avec Giorgia Meloni, Pr\u00e9sidente du Conseil des... <\/p>\r\n\t\t\t\t\t        <span class=\"jl_post_meta\"><span class=\"post-date\">5 novembre 2025<\/span><span class=\"jl_fot_share_i jl_share_l_bg jls_tooltip\"><i class=\"jli-share\"><\/i><span class=\"jls_tooltip_w jls_tooltip-top\"><span class=\"jls_tooltiptext\"><span class=\"jls_tooltip_in\">                <span class=\"jl_sli_in\">\r\n                    <span class=\"jl_sli_fb jl_shli\"><a class=\"jl_sshl\" href=\"http:\/\/www.facebook.com\/sharer.php?u=https%3A%2F%2Fgabonnouvellevision.com%2Fgnv%2F2025%2F11%2F05%2Fle-president-oligui-recu-par-giogia-meloni-du-conseil-italien%2F\" rel=\"nofollow\"><i class=\"jli-facebook\"><\/i><\/a><\/span>\r\n                    <span class=\"jl_sli_tw jl_shli\"><a class=\"jl_sshl\" href=\"https:\/\/twitter.com\/intent\/tweet?text=Le%20Pr%C3%A9sident%20Oligui%20re%C3%A7u%20par%20Giogia%20Meloni%20du%20Conseil%20Italien&amp;url=https%3A%2F%2Fgabonnouvellevision.com%2Fgnv%2F2025%2F11%2F05%2Fle-president-oligui-recu-par-giogia-meloni-du-conseil-italien%2F\" rel=\"nofollow\"><i class=\"jli-x\"><\/i><\/a><\/span>\r\n                    <span class=\"jl_sli_pi jl_shli\"><a class=\"jl_sshl\" href=\"http:\/\/pinterest.com\/pin\/create\/bookmarklet\/?url=https%3A%2F%2Fgabonnouvellevision.com%2Fgnv%2F2025%2F11%2F05%2Fle-president-oligui-recu-par-giogia-meloni-du-conseil-italien%2F>&amp;media=https:\/\/gabonnouvellevision.com\/gnv\/wp-content\/uploads\/2025\/11\/573523112_122281324868025336_350435332777482815_n-1600x1067.jpg\" rel=\"nofollow\"><i class=\"jli-pinterest\"><\/i><\/a><\/span>\r\n                    <span class=\"jl_sli_din jl_shli\"><a class=\"jl_sshl\" href=\"http:\/\/www.linkedin.com\/shareArticle?url=https%3A%2F%2Fgabonnouvellevision.com%2Fgnv%2F2025%2F11%2F05%2Fle-president-oligui-recu-par-giogia-meloni-du-conseil-italien%2F\" rel=\"nofollow\"><i class=\"jli-linkedin\"><\/i><\/a><\/span>\r\n                    <span class=\"jl_sli_wapp jl_shli\"><a class=\"jl_sshl\" href=\"https:\/\/api.whatsapp.com\/send?text=https%3A%2F%2Fgabonnouvellevision.com%2Fgnv%2F2025%2F11%2F05%2Fle-president-oligui-recu-par-giogia-meloni-du-conseil-italien%2F\" data-action=\"share\/whatsapp\/share\" rel=\"nofollow\"><i class=\"jli-whatsapp\"><\/i><\/a><\/span>                                        \r\n                <\/span>            \r\n    <\/span><\/span><\/span><\/span><\/span>                \r\n\t\t\t\t\t    <\/div>\r\n\t\t\t\t\t<\/div>\r\n\t\t\t\t\t<\/div>\r\n\t\t\t\t<\/div>\r\n\t\t\t\t\t\t\t<div class=\"jl_mmlist_w jl_numl\">\r\n\t\t\t\t\t<div class=\"jl_mmlist_layout jl_lisep jl_risep jl_in_num\">\r\n\t\t\t\t\t\t<div class=\"jl_li_in jl_nun_i\">\r\n\t\t\t\t\t\t<span class=\"jl_nun_d\"><\/span>\r\n\t\t\t\t\t    <div class=\"jl_fe_text\">    \r\n\t\t\t\t\t\t\t<span class=\"jl_f_cat jl_lb1\"><a class=\"jl_cat_txt jl_cat57\" href=\"https:\/\/gabonnouvellevision.com\/gnv\/category\/a-la-une\/\"><span>A la une<\/span><\/a><a class=\"jl_cat_txt jl_cat55\" href=\"https:\/\/gabonnouvellevision.com\/gnv\/category\/actualites\/\"><span>Actualites<\/span><\/a><a class=\"jl_cat_txt jl_cat66\" href=\"https:\/\/gabonnouvellevision.com\/gnv\/category\/diplomatie\/\"><span>Diplomatie<\/span><\/a><\/span>\t\t\t\t\t        \t\t\t\t\t\t\t<h2 class=\"h3 jl_fe_title jl_txt_2row\"><a href=\"https:\/\/gabonnouvellevision.com\/gnv\/2025\/10\/31\/oligui-nguema-recu-par-le-pape-leon-xiv\/\">Oligui Nguema re\u00e7u par le Pape L\u00e9on XIV<\/a><\/h2>\r\n\t\t\t\t\t\t\t\t\t\t\t\t\t\t<p class=\"jl_fe_des\">Sa Saintet\u00e9 le Pape L\u00e9on XIV a re\u00e7u hier en audience au Palais apostolique du Vatican, le Pr\u00e9sident de la R\u00e9publique, Brice Clotaire... <\/p>\r\n\t\t\t\t\t        <span class=\"jl_post_meta\"><span class=\"post-date\">31 octobre 2025<\/span><span class=\"jl_fot_share_i jl_share_l_bg jls_tooltip\"><i class=\"jli-share\"><\/i><span class=\"jls_tooltip_w jls_tooltip-top\"><span class=\"jls_tooltiptext\"><span class=\"jls_tooltip_in\">                <span class=\"jl_sli_in\">\r\n                    <span class=\"jl_sli_fb jl_shli\"><a class=\"jl_sshl\" href=\"http:\/\/www.facebook.com\/sharer.php?u=https%3A%2F%2Fgabonnouvellevision.com%2Fgnv%2F2025%2F10%2F31%2Foligui-nguema-recu-par-le-pape-leon-xiv%2F\" rel=\"nofollow\"><i class=\"jli-facebook\"><\/i><\/a><\/span>\r\n                    <span class=\"jl_sli_tw jl_shli\"><a class=\"jl_sshl\" href=\"https:\/\/twitter.com\/intent\/tweet?text=Oligui%20Nguema%20re%C3%A7u%20par%20le%20Pape%20L%C3%A9on%20XIV&amp;url=https%3A%2F%2Fgabonnouvellevision.com%2Fgnv%2F2025%2F10%2F31%2Foligui-nguema-recu-par-le-pape-leon-xiv%2F\" rel=\"nofollow\"><i class=\"jli-x\"><\/i><\/a><\/span>\r\n                    <span class=\"jl_sli_pi jl_shli\"><a class=\"jl_sshl\" href=\"http:\/\/pinterest.com\/pin\/create\/bookmarklet\/?url=https%3A%2F%2Fgabonnouvellevision.com%2Fgnv%2F2025%2F10%2F31%2Foligui-nguema-recu-par-le-pape-leon-xiv%2F>&amp;media=https:\/\/gabonnouvellevision.com\/gnv\/wp-content\/uploads\/2025\/10\/573858793_122280670952025336_1261189867260321290_n-1600x1109.jpg\" rel=\"nofollow\"><i class=\"jli-pinterest\"><\/i><\/a><\/span>\r\n                    <span class=\"jl_sli_din jl_shli\"><a class=\"jl_sshl\" href=\"http:\/\/www.linkedin.com\/shareArticle?url=https%3A%2F%2Fgabonnouvellevision.com%2Fgnv%2F2025%2F10%2F31%2Foligui-nguema-recu-par-le-pape-leon-xiv%2F\" rel=\"nofollow\"><i class=\"jli-linkedin\"><\/i><\/a><\/span>\r\n                    <span class=\"jl_sli_wapp jl_shli\"><a class=\"jl_sshl\" href=\"https:\/\/api.whatsapp.com\/send?text=https%3A%2F%2Fgabonnouvellevision.com%2Fgnv%2F2025%2F10%2F31%2Foligui-nguema-recu-par-le-pape-leon-xiv%2F\" data-action=\"share\/whatsapp\/share\" rel=\"nofollow\"><i class=\"jli-whatsapp\"><\/i><\/a><\/span>                                        \r\n                <\/span>            \r\n    <\/span><\/span><\/span><\/span><\/span>                \r\n\t\t\t\t\t    <\/div>\r\n\t\t\t\t\t<\/div>\r\n\t\t\t\t\t<\/div>\r\n\t\t\t\t<\/div>\r\n\t\t\t\t\t\t\t<div class=\"jl_mmlist_w jl_numl\">\r\n\t\t\t\t\t<div class=\"jl_mmlist_layout jl_lisep jl_risep jl_in_num\">\r\n\t\t\t\t\t\t<div class=\"jl_li_in jl_nun_i\">\r\n\t\t\t\t\t\t<span class=\"jl_nun_d\"><\/span>\r\n\t\t\t\t\t    <div class=\"jl_fe_text\">    \r\n\t\t\t\t\t\t\t<span class=\"jl_f_cat jl_lb1\"><a class=\"jl_cat_txt jl_cat57\" href=\"https:\/\/gabonnouvellevision.com\/gnv\/category\/a-la-une\/\"><span>A la une<\/span><\/a><a class=\"jl_cat_txt jl_cat55\" href=\"https:\/\/gabonnouvellevision.com\/gnv\/category\/actualites\/\"><span>Actualites<\/span><\/a><a class=\"jl_cat_txt jl_cat65\" href=\"https:\/\/gabonnouvellevision.com\/gnv\/category\/politique-podcasts\/\"><span>Politique<\/span><\/a><\/span>\t\t\t\t\t        \t\t\t\t\t\t\t<h2 class=\"h3 jl_fe_title jl_txt_2row\"><a href=\"https:\/\/gabonnouvellevision.com\/gnv\/2025\/10\/24\/les-femmes-de-reagir-sinvitent-a-la-lutte-contre-les-cancers-feminins-au-gabon\/\">Les Femmes de REAGIR s&rsquo;invitent \u00e0 la lutte contre les cancers f\u00e9minins au Gabon<\/a><\/h2>\r\n\t\t\t\t\t\t\t\t\t\t\t\t\t\t<p class=\"jl_fe_des\">La Ligue Nationale des Femmes du parti politique REAGIR de Fran\u00e7ois Ndong Obiang, organise une journ\u00e9e sp\u00e9ciale octobre Rose, consacr\u00e9e \u00e0 la sensibilisation... <\/p>\r\n\t\t\t\t\t        <span class=\"jl_post_meta\"><span class=\"post-date\">24 octobre 2025<\/span><span class=\"jl_fot_share_i jl_share_l_bg jls_tooltip\"><i class=\"jli-share\"><\/i><span class=\"jls_tooltip_w jls_tooltip-top\"><span class=\"jls_tooltiptext\"><span class=\"jls_tooltip_in\">                <span class=\"jl_sli_in\">\r\n                    <span class=\"jl_sli_fb jl_shli\"><a class=\"jl_sshl\" href=\"http:\/\/www.facebook.com\/sharer.php?u=https%3A%2F%2Fgabonnouvellevision.com%2Fgnv%2F2025%2F10%2F24%2Fles-femmes-de-reagir-sinvitent-a-la-lutte-contre-les-cancers-feminins-au-gabon%2F\" rel=\"nofollow\"><i class=\"jli-facebook\"><\/i><\/a><\/span>\r\n                    <span class=\"jl_sli_tw jl_shli\"><a class=\"jl_sshl\" href=\"https:\/\/twitter.com\/intent\/tweet?text=Les%20Femmes%20de%20REAGIR%20s%E2%80%99invitent%20%C3%A0%20la%20lutte%20contre%20les%20cancers%20f%C3%A9minins%20au%20Gabon&amp;url=https%3A%2F%2Fgabonnouvellevision.com%2Fgnv%2F2025%2F10%2F24%2Fles-femmes-de-reagir-sinvitent-a-la-lutte-contre-les-cancers-feminins-au-gabon%2F\" rel=\"nofollow\"><i class=\"jli-x\"><\/i><\/a><\/span>\r\n                    <span class=\"jl_sli_pi jl_shli\"><a class=\"jl_sshl\" href=\"http:\/\/pinterest.com\/pin\/create\/bookmarklet\/?url=https%3A%2F%2Fgabonnouvellevision.com%2Fgnv%2F2025%2F10%2F24%2Fles-femmes-de-reagir-sinvitent-a-la-lutte-contre-les-cancers-feminins-au-gabon%2F>&amp;media=https:\/\/gabonnouvellevision.com\/gnv\/wp-content\/uploads\/2025\/10\/556295468_122133813368926887_4856076011363320_n.jpg\" rel=\"nofollow\"><i class=\"jli-pinterest\"><\/i><\/a><\/span>\r\n                    <span class=\"jl_sli_din jl_shli\"><a class=\"jl_sshl\" href=\"http:\/\/www.linkedin.com\/shareArticle?url=https%3A%2F%2Fgabonnouvellevision.com%2Fgnv%2F2025%2F10%2F24%2Fles-femmes-de-reagir-sinvitent-a-la-lutte-contre-les-cancers-feminins-au-gabon%2F\" rel=\"nofollow\"><i class=\"jli-linkedin\"><\/i><\/a><\/span>\r\n                    <span class=\"jl_sli_wapp jl_shli\"><a class=\"jl_sshl\" href=\"https:\/\/api.whatsapp.com\/send?text=https%3A%2F%2Fgabonnouvellevision.com%2Fgnv%2F2025%2F10%2F24%2Fles-femmes-de-reagir-sinvitent-a-la-lutte-contre-les-cancers-feminins-au-gabon%2F\" data-action=\"share\/whatsapp\/share\" rel=\"nofollow\"><i class=\"jli-whatsapp\"><\/i><\/a><\/span>                                        \r\n                <\/span>            \r\n    <\/span><\/span><\/span><\/span><\/span>                \r\n\t\t\t\t\t    <\/div>\r\n\t\t\t\t\t<\/div>\r\n\t\t\t\t\t<\/div>\r\n\t\t\t\t<\/div>\r\n\t\t\t\t\t\t\t<div class=\"jl_mmlist_w jl_numl\">\r\n\t\t\t\t\t<div class=\"jl_mmlist_layout jl_lisep jl_risep jl_in_num\">\r\n\t\t\t\t\t\t<div class=\"jl_li_in jl_nun_i\">\r\n\t\t\t\t\t\t<span class=\"jl_nun_d\"><\/span>\r\n\t\t\t\t\t    <div class=\"jl_fe_text\">    \r\n\t\t\t\t\t\t\t<span class=\"jl_f_cat jl_lb1\"><a class=\"jl_cat_txt jl_cat57\" href=\"https:\/\/gabonnouvellevision.com\/gnv\/category\/a-la-une\/\"><span>A la une<\/span><\/a><a class=\"jl_cat_txt jl_cat55\" href=\"https:\/\/gabonnouvellevision.com\/gnv\/category\/actualites\/\"><span>Actualites<\/span><\/a><a class=\"jl_cat_txt jl_cat65\" href=\"https:\/\/gabonnouvellevision.com\/gnv\/category\/politique-podcasts\/\"><span>Politique<\/span><\/a><\/span>\t\t\t\t\t        \t\t\t\t\t\t\t<h2 class=\"h3 jl_fe_title jl_txt_2row\"><a href=\"https:\/\/gabonnouvellevision.com\/gnv\/2025\/10\/24\/communique-final-du-conseil-des-ministres-de-jeudi-23-octobre-2025-a-libreville\/\">Communiqu\u00e9 final du Conseil des Ministres de Jeudi 23 octobre 2025 \u00e0 Libreville<\/a><\/h2>\r\n\t\t\t\t\t\t\t\t\t\t\t\t\t\t<p class=\"jl_fe_des\">Sous la Tr\u00e8s Haute Pr\u00e9sidence de Son Excellence Brice Clotaire OLIGUI&nbsp; NGUEMA, Pr\u00e9sident de la R\u00e9publique, Chef de l\u2019\u00c9tat, Chef du Gouvernement, le... <\/p>\r\n\t\t\t\t\t        <span class=\"jl_post_meta\"><span class=\"post-date\">24 octobre 2025<\/span><span class=\"jl_fot_share_i jl_share_l_bg jls_tooltip\"><i class=\"jli-share\"><\/i><span class=\"jls_tooltip_w jls_tooltip-top\"><span class=\"jls_tooltiptext\"><span class=\"jls_tooltip_in\">                <span class=\"jl_sli_in\">\r\n                    <span class=\"jl_sli_fb jl_shli\"><a class=\"jl_sshl\" href=\"http:\/\/www.facebook.com\/sharer.php?u=https%3A%2F%2Fgabonnouvellevision.com%2Fgnv%2F2025%2F10%2F24%2Fcommunique-final-du-conseil-des-ministres-de-jeudi-23-octobre-2025-a-libreville%2F\" rel=\"nofollow\"><i class=\"jli-facebook\"><\/i><\/a><\/span>\r\n                    <span class=\"jl_sli_tw jl_shli\"><a class=\"jl_sshl\" href=\"https:\/\/twitter.com\/intent\/tweet?text=Communiqu%C3%A9%20final%20du%20Conseil%20des%20Ministres%20de%20Jeudi%2023%20octobre%202025%20%C3%A0%20Libreville&amp;url=https%3A%2F%2Fgabonnouvellevision.com%2Fgnv%2F2025%2F10%2F24%2Fcommunique-final-du-conseil-des-ministres-de-jeudi-23-octobre-2025-a-libreville%2F\" rel=\"nofollow\"><i class=\"jli-x\"><\/i><\/a><\/span>\r\n                    <span class=\"jl_sli_pi jl_shli\"><a class=\"jl_sshl\" href=\"http:\/\/pinterest.com\/pin\/create\/bookmarklet\/?url=https%3A%2F%2Fgabonnouvellevision.com%2Fgnv%2F2025%2F10%2F24%2Fcommunique-final-du-conseil-des-ministres-de-jeudi-23-octobre-2025-a-libreville%2F>&amp;media=https:\/\/gabonnouvellevision.com\/gnv\/wp-content\/uploads\/2025\/10\/569630706_122279616446025336_8337769199429628960_n-1600x1067.jpg\" rel=\"nofollow\"><i class=\"jli-pinterest\"><\/i><\/a><\/span>\r\n                    <span class=\"jl_sli_din jl_shli\"><a class=\"jl_sshl\" href=\"http:\/\/www.linkedin.com\/shareArticle?url=https%3A%2F%2Fgabonnouvellevision.com%2Fgnv%2F2025%2F10%2F24%2Fcommunique-final-du-conseil-des-ministres-de-jeudi-23-octobre-2025-a-libreville%2F\" rel=\"nofollow\"><i class=\"jli-linkedin\"><\/i><\/a><\/span>\r\n                    <span class=\"jl_sli_wapp jl_shli\"><a class=\"jl_sshl\" href=\"https:\/\/api.whatsapp.com\/send?text=https%3A%2F%2Fgabonnouvellevision.com%2Fgnv%2F2025%2F10%2F24%2Fcommunique-final-du-conseil-des-ministres-de-jeudi-23-octobre-2025-a-libreville%2F\" data-action=\"share\/whatsapp\/share\" rel=\"nofollow\"><i class=\"jli-whatsapp\"><\/i><\/a><\/span>                                        \r\n                <\/span>            \r\n    <\/span><\/span><\/span><\/span><\/span>                \r\n\t\t\t\t\t    <\/div>\r\n\t\t\t\t\t<\/div>\r\n\t\t\t\t\t<\/div>\r\n\t\t\t\t<\/div>\r\n\t\t\t<\/div><\/div><\/div>\t\t\t\t<\/div>\n\t\t\t\t<\/div>\n\t\t\t\t<\/div>\n\t\t<div class=\"elementor-element elementor-element-6bc106e e-con-full e-flex e-con e-child\" data-id=\"6bc106e\" data-element_type=\"container\">\n\t\t\t\t<div class=\"elementor-element elementor-element-198b8ec6 elementor-widget elementor-widget-bopea-section-title\" data-id=\"198b8ec6\" data-element_type=\"widget\" data-widget_type=\"bopea-section-title.default\">\n\t\t\t\t<div class=\"elementor-widget-container\">\n\t\t\t\t\t          <div class=\"jlcus_sec_title jl_sec_style15 jl_secf_menu  \">\n            <div class=\"jlcus_sect_inner\">\n                                    <h2 class=\"jl-heading-text\">\n                                                <span class=\"jl_ttw\">Highlights<\/span>                                          <\/h2>\n                                                <\/div>                    \n                      <\/div>                    \n    \t\t\t\t<\/div>\n\t\t\t\t<\/div>\n\t\t\t\t<div class=\"elementor-element elementor-element-50448696 elementor-widget elementor-widget-bopea-main-ov-sm-li\" data-id=\"50448696\" data-element_type=\"widget\" data-widget_type=\"bopea-main-ov-sm-li.default\">\n\t\t\t\t<div class=\"elementor-widget-container\">\n\t\t\t\t\t\t\t<div id=\"blockid_50448696\" class=\"block-section jl-main-block\" data-blockid=\"blockid_50448696\" data-section_style=\"jl_main_ov_sm_li\" data-post_type=\"post\" data-post_type_tax=\"none\" data-page_max=\"108\" data-page_current=\"1\" data-author=\"none\" data-order=\"date_post\" data-posts_per_page=\"5\" data-offset=\"9\" data-tabs_link=\"none\" >\r\n\t\t\t\t\t\t<div class=\"jl_mb_wrap_f jl_wrap_eb jl_clear_at\">\r\n\t\t\t<div class=\"jl-roww jl_contain jl_contain_mix jl-col-row\">\t\t\t\t\r\n\t\t\t\t<div class=\"jl_fr16_wrap\"> <div class=\"jl_fr16_inner\">\t\t<div class=\"jl_mini_ov_sb\">\r\n\t\t\t<div class=\"jl_ov_layout jl_ov_mix_opt jl_ov_el jl_ov_mh jl_sm_mt\">\r\n\t\t\t    \t\t\t        <div class=\"jl_img_holder\">\r\n\t\t\t\t        <div class=\"jl_imgw jl_radus_e\">\r\n\t\t\t\t            <div class=\"jl_imgin\">\r\n\t\t\t\t\t\t\t\t\t<img loading=\"lazy\" decoding=\"async\" width=\"500\" height=\"261\" src=\"https:\/\/gabonnouvellevision.com\/gnv\/wp-content\/uploads\/2025\/05\/8354478516128887058-20x10.jpeg\" class=\"attachment-bopea_layouts size-bopea_layouts jl-lazyload lazyload wp-post-image\" alt=\"\" data-src=\"https:\/\/gabonnouvellevision.com\/gnv\/wp-content\/uploads\/2025\/05\/8354478516128887058.jpeg\" \/>\t\t\t\t                \r\n\t\t\t\t            <\/div>\t\t\t\t\r\n\t\t\t\t            \t\t\t            \t            \r\n\t\t\t\t            <a class=\"jl_imgl\" aria-label=\"Conseil des Ministres ce jeudi 23 octobre \u00e0 Libreville\" href=\"https:\/\/gabonnouvellevision.com\/gnv\/2025\/10\/23\/conseil-des-ministres-ce-jeudi-23-octobre-a-libreville\/\"><\/a>\r\n\t\t\t\t        <\/div> \r\n\t\t\t        <\/div> \r\n\t\t\t                                \r\n\t\t\t    <div class=\"jl_fe_text\">\r\n\t\t\t    \t<div class=\"jl_fe_inner\">\r\n\t\t\t    \t<span class=\"jl_f_cat jl_lb3\"><a class=\"jl_cat_lbl jl_cat57\" href=\"https:\/\/gabonnouvellevision.com\/gnv\/category\/a-la-une\/\"><span>A la une<\/span><\/a><a class=\"jl_cat_lbl jl_cat55\" href=\"https:\/\/gabonnouvellevision.com\/gnv\/category\/actualites\/\"><span>Actualites<\/span><\/a><a class=\"jl_cat_lbl jl_cat65\" href=\"https:\/\/gabonnouvellevision.com\/gnv\/category\/politique-podcasts\/\"><span>Politique<\/span><\/a><\/span>    \r\n\t\t\t\t\t\t\t\t\t\t<h3 class=\"h3 jl_fe_title jl_txt_2row\"><a href=\"https:\/\/gabonnouvellevision.com\/gnv\/2025\/10\/23\/conseil-des-ministres-ce-jeudi-23-octobre-a-libreville\/\">Conseil des Ministres ce jeudi 23 octobre \u00e0 Libreville<\/a><\/h3>\r\n\t\t\t\t\t\t\t\t        <span class=\"jl_post_meta\"><span class=\"jl_author_img_w\">By<a href=\"https:\/\/gabonnouvellevision.com\/gnv\/author\/rufin\/\" title=\"Articles par Eyeng Obame\" rel=\"author\">Eyeng Obame<\/a><\/span><span class=\"post-date\">23 octobre 2025<\/span><span class=\"jl_fot_share_i jl_share_l_bg jls_tooltip\"><i class=\"jli-share\"><\/i><span class=\"jls_tooltip_w jls_tooltip-top\"><span class=\"jls_tooltiptext\"><span class=\"jls_tooltip_in\">                <span class=\"jl_sli_in\">\r\n                    <span class=\"jl_sli_fb jl_shli\"><a class=\"jl_sshl\" href=\"http:\/\/www.facebook.com\/sharer.php?u=https%3A%2F%2Fgabonnouvellevision.com%2Fgnv%2F2025%2F10%2F23%2Fconseil-des-ministres-ce-jeudi-23-octobre-a-libreville%2F\" rel=\"nofollow\"><i class=\"jli-facebook\"><\/i><\/a><\/span>\r\n                    <span class=\"jl_sli_tw jl_shli\"><a class=\"jl_sshl\" href=\"https:\/\/twitter.com\/intent\/tweet?text=Conseil%20des%20Ministres%20ce%20jeudi%2023%20octobre%20%C3%A0%20Libreville&amp;url=https%3A%2F%2Fgabonnouvellevision.com%2Fgnv%2F2025%2F10%2F23%2Fconseil-des-ministres-ce-jeudi-23-octobre-a-libreville%2F\" rel=\"nofollow\"><i class=\"jli-x\"><\/i><\/a><\/span>\r\n                    <span class=\"jl_sli_pi jl_shli\"><a class=\"jl_sshl\" href=\"http:\/\/pinterest.com\/pin\/create\/bookmarklet\/?url=https%3A%2F%2Fgabonnouvellevision.com%2Fgnv%2F2025%2F10%2F23%2Fconseil-des-ministres-ce-jeudi-23-octobre-a-libreville%2F>&amp;media=https:\/\/gabonnouvellevision.com\/gnv\/wp-content\/uploads\/2025\/05\/8354478516128887058.jpeg\" rel=\"nofollow\"><i class=\"jli-pinterest\"><\/i><\/a><\/span>\r\n                    <span class=\"jl_sli_din jl_shli\"><a class=\"jl_sshl\" href=\"http:\/\/www.linkedin.com\/shareArticle?url=https%3A%2F%2Fgabonnouvellevision.com%2Fgnv%2F2025%2F10%2F23%2Fconseil-des-ministres-ce-jeudi-23-octobre-a-libreville%2F\" rel=\"nofollow\"><i class=\"jli-linkedin\"><\/i><\/a><\/span>\r\n                    <span class=\"jl_sli_wapp jl_shli\"><a class=\"jl_sshl\" href=\"https:\/\/api.whatsapp.com\/send?text=https%3A%2F%2Fgabonnouvellevision.com%2Fgnv%2F2025%2F10%2F23%2Fconseil-des-ministres-ce-jeudi-23-octobre-a-libreville%2F\" data-action=\"share\/whatsapp\/share\" rel=\"nofollow\"><i class=\"jli-whatsapp\"><\/i><\/a><\/span>                                        \r\n                <\/span>            \r\n    <\/span><\/span><\/span><\/span><\/span>                \r\n\t\t\t        <a href=\"https:\/\/gabonnouvellevision.com\/gnv\/2025\/10\/23\/conseil-des-ministres-ce-jeudi-23-octobre-a-libreville\/\" aria-label=\"Conseil des Ministres ce jeudi 23 octobre \u00e0 Libreville\" class=\"jl_cap_ov\"><\/a>\r\n\t\t\t        <\/div>\r\n\t\t\t    <\/div>\r\n\t\t\t<\/div>\r\n\t\t\t<\/div>\r\n\t\t\t\t<div class=\"jl_mmlistw jl_lisep\">\r\n\t\t\t\t<div class=\"jl_mmlistc\">\r\n\t\t\t\t\t<div class=\"jl_mmlist_layout jl_lisep\">\r\n\t\t\t\t\t\t<div class=\"jl_li_in\">\r\n\t\t\t\t\t    \t\t\t\t\t        <div class=\"jl_img_holder\">\r\n\t\t\t\t\t\t        <div class=\"jl_imgw jl_radus_e\">\r\n\t\t\t\t\t\t            <div class=\"jl_imgin\">\r\n\t\t\t\t\t\t\t\t\t<img loading=\"lazy\" decoding=\"async\" width=\"200\" height=\"113\" src=\"https:\/\/gabonnouvellevision.com\/gnv\/wp-content\/uploads\/2025\/10\/Gabon-Gabonmediatime_Route_Harold-Leckat-390x220-1-20x11.jpg\" class=\"attachment-bopea_small size-bopea_small jl-lazyload lazyload wp-post-image\" alt=\"\" data-src=\"https:\/\/gabonnouvellevision.com\/gnv\/wp-content\/uploads\/2025\/10\/Gabon-Gabonmediatime_Route_Harold-Leckat-390x220-1-200x113.jpg\" \/>\t\t\t\t\t\t            <\/div>\t\t\t\t            \r\n\t\t\t\t\t\t            <a class=\"jl_imgl\" aria-label=\"L&rsquo;OPAM exige la lib\u00e9ration du Directeur de Publication Harold Leckat de GMT\" href=\"https:\/\/gabonnouvellevision.com\/gnv\/2025\/10\/17\/lopam-exige-la-liberation-du-directeur-de-publication-harold-leckat-de-gmt\/\"><\/a>\r\n\t\t\t\t\t\t        <\/div> \r\n\t\t\t\t\t        <\/div> \r\n\t\t\t\t\t                                \r\n\t\t\t\t\t    <div class=\"jl_fe_text\">    \r\n\t\t\t\t\t\t\t<span class=\"jl_f_cat jl_lb1\"><a class=\"jl_cat_txt jl_cat1\" href=\"https:\/\/gabonnouvellevision.com\/gnv\/category\/non-classe\/\"><span>Non class\u00e9<\/span><\/a><\/span>\t\t\t\t\t\t\t\t\t\t\t\t\t\t<h3 class=\"h3 jl_fe_title jl_txt_2row\"><a href=\"https:\/\/gabonnouvellevision.com\/gnv\/2025\/10\/17\/lopam-exige-la-liberation-du-directeur-de-publication-harold-leckat-de-gmt\/\">L&rsquo;OPAM exige la lib\u00e9ration du Directeur de Publication Harold Leckat de GMT<\/a><\/h3>\r\n\t\t\t\t\t\t\t\t\t\t\t\t        <span class=\"jl_post_meta\"><span class=\"post-date\">17 octobre 2025<\/span><span class=\"jl_fot_share_i jl_share_l_bg jls_tooltip\"><i class=\"jli-share\"><\/i><span class=\"jls_tooltip_w jls_tooltip-top\"><span class=\"jls_tooltiptext\"><span class=\"jls_tooltip_in\">                <span class=\"jl_sli_in\">\r\n                    <span class=\"jl_sli_fb jl_shli\"><a class=\"jl_sshl\" href=\"http:\/\/www.facebook.com\/sharer.php?u=https%3A%2F%2Fgabonnouvellevision.com%2Fgnv%2F2025%2F10%2F17%2Flopam-exige-la-liberation-du-directeur-de-publication-harold-leckat-de-gmt%2F\" rel=\"nofollow\"><i class=\"jli-facebook\"><\/i><\/a><\/span>\r\n                    <span class=\"jl_sli_tw jl_shli\"><a class=\"jl_sshl\" href=\"https:\/\/twitter.com\/intent\/tweet?text=L%E2%80%99OPAM%20exige%20la%20lib%C3%A9ration%20du%20Directeur%20de%20Publication%20Harold%20Leckat%20de%20GMT&amp;url=https%3A%2F%2Fgabonnouvellevision.com%2Fgnv%2F2025%2F10%2F17%2Flopam-exige-la-liberation-du-directeur-de-publication-harold-leckat-de-gmt%2F\" rel=\"nofollow\"><i class=\"jli-x\"><\/i><\/a><\/span>\r\n                    <span class=\"jl_sli_pi jl_shli\"><a class=\"jl_sshl\" href=\"http:\/\/pinterest.com\/pin\/create\/bookmarklet\/?url=https%3A%2F%2Fgabonnouvellevision.com%2Fgnv%2F2025%2F10%2F17%2Flopam-exige-la-liberation-du-directeur-de-publication-harold-leckat-de-gmt%2F>&amp;media=https:\/\/gabonnouvellevision.com\/gnv\/wp-content\/uploads\/2025\/10\/Gabon-Gabonmediatime_Route_Harold-Leckat-390x220-1.jpg\" rel=\"nofollow\"><i class=\"jli-pinterest\"><\/i><\/a><\/span>\r\n                    <span class=\"jl_sli_din jl_shli\"><a class=\"jl_sshl\" href=\"http:\/\/www.linkedin.com\/shareArticle?url=https%3A%2F%2Fgabonnouvellevision.com%2Fgnv%2F2025%2F10%2F17%2Flopam-exige-la-liberation-du-directeur-de-publication-harold-leckat-de-gmt%2F\" rel=\"nofollow\"><i class=\"jli-linkedin\"><\/i><\/a><\/span>\r\n                    <span class=\"jl_sli_wapp jl_shli\"><a class=\"jl_sshl\" href=\"https:\/\/api.whatsapp.com\/send?text=https%3A%2F%2Fgabonnouvellevision.com%2Fgnv%2F2025%2F10%2F17%2Flopam-exige-la-liberation-du-directeur-de-publication-harold-leckat-de-gmt%2F\" data-action=\"share\/whatsapp\/share\" rel=\"nofollow\"><i class=\"jli-whatsapp\"><\/i><\/a><\/span>                                        \r\n                <\/span>            \r\n    <\/span><\/span><\/span><\/span><\/span>                \r\n\t\t\t\t\t    <\/div>\r\n\t\t\t\t\t<\/div>\r\n\t\t\t\t\t<\/div>\r\n\t\t\t\t<\/div>\r\n\t\t\t<\/div>\r\n\t\t\t\t<div class=\"jl_mmlistw jl_lisep\">\r\n\t\t\t\t<div class=\"jl_mmlistc\">\r\n\t\t\t\t\t<div class=\"jl_mmlist_layout jl_lisep\">\r\n\t\t\t\t\t\t<div class=\"jl_li_in\">\r\n\t\t\t\t\t    \t\t\t\t\t        <div class=\"jl_img_holder\">\r\n\t\t\t\t\t\t        <div class=\"jl_imgw jl_radus_e\">\r\n\t\t\t\t\t\t            <div class=\"jl_imgin\">\r\n\t\t\t\t\t\t\t\t\t<img loading=\"lazy\" decoding=\"async\" width=\"200\" height=\"115\" src=\"https:\/\/gabonnouvellevision.com\/gnv\/wp-content\/uploads\/2025\/10\/559123299_122277992276025336_1355450855649143419_n-20x12.jpg\" class=\"attachment-bopea_small size-bopea_small jl-lazyload lazyload wp-post-image\" alt=\"\" data-src=\"https:\/\/gabonnouvellevision.com\/gnv\/wp-content\/uploads\/2025\/10\/559123299_122277992276025336_1355450855649143419_n-200x115.jpg\" \/>\t\t\t\t\t\t            <\/div>\t\t\t\t            \r\n\t\t\t\t\t\t            <a class=\"jl_imgl\" aria-label=\"Le Pr\u00e9sident Oligui Nguema pr\u00e9sent au Jubil\u00e9 d\u2019Or du Dioc\u00e8se de Franceville\" href=\"https:\/\/gabonnouvellevision.com\/gnv\/2025\/10\/13\/le-president-oligui-nguema-present-au-jubile-dor-du-diocese-de-franceville\/\"><\/a>\r\n\t\t\t\t\t\t        <\/div> \r\n\t\t\t\t\t        <\/div> \r\n\t\t\t\t\t                                \r\n\t\t\t\t\t    <div class=\"jl_fe_text\">    \r\n\t\t\t\t\t\t\t<span class=\"jl_f_cat jl_lb1\"><a class=\"jl_cat_txt jl_cat57\" href=\"https:\/\/gabonnouvellevision.com\/gnv\/category\/a-la-une\/\"><span>A la une<\/span><\/a><a class=\"jl_cat_txt jl_cat55\" href=\"https:\/\/gabonnouvellevision.com\/gnv\/category\/actualites\/\"><span>Actualites<\/span><\/a><a class=\"jl_cat_txt jl_cat64\" href=\"https:\/\/gabonnouvellevision.com\/gnv\/category\/religion\/\"><span>Religion<\/span><\/a><\/span>\t\t\t\t\t\t\t\t\t\t\t\t\t\t<h3 class=\"h3 jl_fe_title jl_txt_2row\"><a href=\"https:\/\/gabonnouvellevision.com\/gnv\/2025\/10\/13\/le-president-oligui-nguema-present-au-jubile-dor-du-diocese-de-franceville\/\">Le Pr\u00e9sident Oligui Nguema pr\u00e9sent au Jubil\u00e9 d\u2019Or du Dioc\u00e8se de Franceville<\/a><\/h3>\r\n\t\t\t\t\t\t\t\t\t\t\t\t        <span class=\"jl_post_meta\"><span class=\"post-date\">13 octobre 2025<\/span><span class=\"jl_fot_share_i jl_share_l_bg jls_tooltip\"><i class=\"jli-share\"><\/i><span class=\"jls_tooltip_w jls_tooltip-top\"><span class=\"jls_tooltiptext\"><span class=\"jls_tooltip_in\">                <span class=\"jl_sli_in\">\r\n                    <span class=\"jl_sli_fb jl_shli\"><a class=\"jl_sshl\" href=\"http:\/\/www.facebook.com\/sharer.php?u=https%3A%2F%2Fgabonnouvellevision.com%2Fgnv%2F2025%2F10%2F13%2Fle-president-oligui-nguema-present-au-jubile-dor-du-diocese-de-franceville%2F\" rel=\"nofollow\"><i class=\"jli-facebook\"><\/i><\/a><\/span>\r\n                    <span class=\"jl_sli_tw jl_shli\"><a class=\"jl_sshl\" href=\"https:\/\/twitter.com\/intent\/tweet?text=Le%20Pr%C3%A9sident%20Oligui%20Nguema%20pr%C3%A9sent%20au%20Jubil%C3%A9%20d%E2%80%99Or%20du%20Dioc%C3%A8se%20de%20Franceville&amp;url=https%3A%2F%2Fgabonnouvellevision.com%2Fgnv%2F2025%2F10%2F13%2Fle-president-oligui-nguema-present-au-jubile-dor-du-diocese-de-franceville%2F\" rel=\"nofollow\"><i class=\"jli-x\"><\/i><\/a><\/span>\r\n                    <span class=\"jl_sli_pi jl_shli\"><a class=\"jl_sshl\" href=\"http:\/\/pinterest.com\/pin\/create\/bookmarklet\/?url=https%3A%2F%2Fgabonnouvellevision.com%2Fgnv%2F2025%2F10%2F13%2Fle-president-oligui-nguema-present-au-jubile-dor-du-diocese-de-franceville%2F>&amp;media=https:\/\/gabonnouvellevision.com\/gnv\/wp-content\/uploads\/2025\/10\/559123299_122277992276025336_1355450855649143419_n.jpg\" rel=\"nofollow\"><i class=\"jli-pinterest\"><\/i><\/a><\/span>\r\n                    <span class=\"jl_sli_din jl_shli\"><a class=\"jl_sshl\" href=\"http:\/\/www.linkedin.com\/shareArticle?url=https%3A%2F%2Fgabonnouvellevision.com%2Fgnv%2F2025%2F10%2F13%2Fle-president-oligui-nguema-present-au-jubile-dor-du-diocese-de-franceville%2F\" rel=\"nofollow\"><i class=\"jli-linkedin\"><\/i><\/a><\/span>\r\n                    <span class=\"jl_sli_wapp jl_shli\"><a class=\"jl_sshl\" href=\"https:\/\/api.whatsapp.com\/send?text=https%3A%2F%2Fgabonnouvellevision.com%2Fgnv%2F2025%2F10%2F13%2Fle-president-oligui-nguema-present-au-jubile-dor-du-diocese-de-franceville%2F\" data-action=\"share\/whatsapp\/share\" rel=\"nofollow\"><i class=\"jli-whatsapp\"><\/i><\/a><\/span>                                        \r\n                <\/span>            \r\n    <\/span><\/span><\/span><\/span><\/span>                \r\n\t\t\t\t\t    <\/div>\r\n\t\t\t\t\t<\/div>\r\n\t\t\t\t\t<\/div>\r\n\t\t\t\t<\/div>\r\n\t\t\t<\/div>\r\n\t\t\t\t<div class=\"jl_mmlistw jl_lisep\">\r\n\t\t\t\t<div class=\"jl_mmlistc\">\r\n\t\t\t\t\t<div class=\"jl_mmlist_layout jl_lisep\">\r\n\t\t\t\t\t\t<div class=\"jl_li_in\">\r\n\t\t\t\t\t    \t\t\t\t\t        <div class=\"jl_img_holder\">\r\n\t\t\t\t\t\t        <div class=\"jl_imgw jl_radus_e\">\r\n\t\t\t\t\t\t            <div class=\"jl_imgin\">\r\n\t\t\t\t\t\t\t\t\t<img loading=\"lazy\" decoding=\"async\" width=\"200\" height=\"155\" src=\"https:\/\/gabonnouvellevision.com\/gnv\/wp-content\/uploads\/2025\/10\/557517996_122277117140025336_6670256848680314650_n-20x16.jpg\" class=\"attachment-bopea_small size-bopea_small jl-lazyload lazyload wp-post-image\" alt=\"\" data-src=\"https:\/\/gabonnouvellevision.com\/gnv\/wp-content\/uploads\/2025\/10\/557517996_122277117140025336_6670256848680314650_n-200x155.jpg\" \/>\t\t\t\t\t\t            <\/div>\t\t\t\t            \r\n\t\t\t\t\t\t            <a class=\"jl_imgl\" aria-label=\"Oligui Nguema honore deux diplomates\" href=\"https:\/\/gabonnouvellevision.com\/gnv\/2025\/10\/07\/oligui-nguema-honore-deux-diplomates\/\"><\/a>\r\n\t\t\t\t\t\t        <\/div> \r\n\t\t\t\t\t        <\/div> \r\n\t\t\t\t\t                                \r\n\t\t\t\t\t    <div class=\"jl_fe_text\">    \r\n\t\t\t\t\t\t\t<span class=\"jl_f_cat jl_lb1\"><a class=\"jl_cat_txt jl_cat57\" href=\"https:\/\/gabonnouvellevision.com\/gnv\/category\/a-la-une\/\"><span>A la une<\/span><\/a><a class=\"jl_cat_txt jl_cat55\" href=\"https:\/\/gabonnouvellevision.com\/gnv\/category\/actualites\/\"><span>Actualites<\/span><\/a><a class=\"jl_cat_txt jl_cat66\" href=\"https:\/\/gabonnouvellevision.com\/gnv\/category\/diplomatie\/\"><span>Diplomatie<\/span><\/a><\/span>\t\t\t\t\t\t\t\t\t\t\t\t\t\t<h3 class=\"h3 jl_fe_title jl_txt_2row\"><a href=\"https:\/\/gabonnouvellevision.com\/gnv\/2025\/10\/07\/oligui-nguema-honore-deux-diplomates\/\">Oligui Nguema honore deux diplomates<\/a><\/h3>\r\n\t\t\t\t\t\t\t\t\t\t\t\t        <span class=\"jl_post_meta\"><span class=\"post-date\">7 octobre 2025<\/span><span class=\"jl_fot_share_i jl_share_l_bg jls_tooltip\"><i class=\"jli-share\"><\/i><span class=\"jls_tooltip_w jls_tooltip-top\"><span class=\"jls_tooltiptext\"><span class=\"jls_tooltip_in\">                <span class=\"jl_sli_in\">\r\n                    <span class=\"jl_sli_fb jl_shli\"><a class=\"jl_sshl\" href=\"http:\/\/www.facebook.com\/sharer.php?u=https%3A%2F%2Fgabonnouvellevision.com%2Fgnv%2F2025%2F10%2F07%2Foligui-nguema-honore-deux-diplomates%2F\" rel=\"nofollow\"><i class=\"jli-facebook\"><\/i><\/a><\/span>\r\n                    <span class=\"jl_sli_tw jl_shli\"><a class=\"jl_sshl\" href=\"https:\/\/twitter.com\/intent\/tweet?text=Oligui%20Nguema%20honore%20deux%20diplomates&amp;url=https%3A%2F%2Fgabonnouvellevision.com%2Fgnv%2F2025%2F10%2F07%2Foligui-nguema-honore-deux-diplomates%2F\" rel=\"nofollow\"><i class=\"jli-x\"><\/i><\/a><\/span>\r\n                    <span class=\"jl_sli_pi jl_shli\"><a class=\"jl_sshl\" href=\"http:\/\/pinterest.com\/pin\/create\/bookmarklet\/?url=https%3A%2F%2Fgabonnouvellevision.com%2Fgnv%2F2025%2F10%2F07%2Foligui-nguema-honore-deux-diplomates%2F>&amp;media=https:\/\/gabonnouvellevision.com\/gnv\/wp-content\/uploads\/2025\/10\/557517996_122277117140025336_6670256848680314650_n.jpg\" rel=\"nofollow\"><i class=\"jli-pinterest\"><\/i><\/a><\/span>\r\n                    <span class=\"jl_sli_din jl_shli\"><a class=\"jl_sshl\" href=\"http:\/\/www.linkedin.com\/shareArticle?url=https%3A%2F%2Fgabonnouvellevision.com%2Fgnv%2F2025%2F10%2F07%2Foligui-nguema-honore-deux-diplomates%2F\" rel=\"nofollow\"><i class=\"jli-linkedin\"><\/i><\/a><\/span>\r\n                    <span class=\"jl_sli_wapp jl_shli\"><a class=\"jl_sshl\" href=\"https:\/\/api.whatsapp.com\/send?text=https%3A%2F%2Fgabonnouvellevision.com%2Fgnv%2F2025%2F10%2F07%2Foligui-nguema-honore-deux-diplomates%2F\" data-action=\"share\/whatsapp\/share\" rel=\"nofollow\"><i class=\"jli-whatsapp\"><\/i><\/a><\/span>                                        \r\n                <\/span>            \r\n    <\/span><\/span><\/span><\/span><\/span>                \r\n\t\t\t\t\t    <\/div>\r\n\t\t\t\t\t<\/div>\r\n\t\t\t\t\t<\/div>\r\n\t\t\t\t<\/div>\r\n\t\t\t<\/div>\r\n\t\t\t\t<div class=\"jl_mmlistw jl_lisep\">\r\n\t\t\t\t<div class=\"jl_mmlistc\">\r\n\t\t\t\t\t<div class=\"jl_mmlist_layout jl_lisep\">\r\n\t\t\t\t\t\t<div class=\"jl_li_in\">\r\n\t\t\t\t\t    \t\t\t\t\t        <div class=\"jl_img_holder\">\r\n\t\t\t\t\t\t        <div class=\"jl_imgw jl_radus_e\">\r\n\t\t\t\t\t\t            <div class=\"jl_imgin\">\r\n\t\t\t\t\t\t\t\t\t<img loading=\"lazy\" decoding=\"async\" width=\"200\" height=\"162\" src=\"https:\/\/gabonnouvellevision.com\/gnv\/wp-content\/uploads\/2025\/10\/558905557_122276435960025336_4609319709716296124_n-20x16.jpg\" class=\"attachment-bopea_small size-bopea_small jl-lazyload lazyload wp-post-image\" alt=\"\" data-src=\"https:\/\/gabonnouvellevision.com\/gnv\/wp-content\/uploads\/2025\/10\/558905557_122276435960025336_4609319709716296124_n-200x162.jpg\" \/>\t\t\t\t\t\t            <\/div>\t\t\t\t            \r\n\t\t\t\t\t\t            <a class=\"jl_imgl\" aria-label=\"Le Gabon renforce sa coop\u00e9ration internationale\" href=\"https:\/\/gabonnouvellevision.com\/gnv\/2025\/10\/03\/le-gabon-renforce-sa-cooperation-internationale\/\"><\/a>\r\n\t\t\t\t\t\t        <\/div> \r\n\t\t\t\t\t        <\/div> \r\n\t\t\t\t\t                                \r\n\t\t\t\t\t    <div class=\"jl_fe_text\">    \r\n\t\t\t\t\t\t\t<span class=\"jl_f_cat jl_lb1\"><a class=\"jl_cat_txt jl_cat57\" href=\"https:\/\/gabonnouvellevision.com\/gnv\/category\/a-la-une\/\"><span>A la une<\/span><\/a><a class=\"jl_cat_txt jl_cat55\" href=\"https:\/\/gabonnouvellevision.com\/gnv\/category\/actualites\/\"><span>Actualites<\/span><\/a><a class=\"jl_cat_txt jl_cat66\" href=\"https:\/\/gabonnouvellevision.com\/gnv\/category\/diplomatie\/\"><span>Diplomatie<\/span><\/a><\/span>\t\t\t\t\t\t\t\t\t\t\t\t\t\t<h3 class=\"h3 jl_fe_title jl_txt_2row\"><a href=\"https:\/\/gabonnouvellevision.com\/gnv\/2025\/10\/03\/le-gabon-renforce-sa-cooperation-internationale\/\">Le Gabon renforce sa coop\u00e9ration internationale<\/a><\/h3>\r\n\t\t\t\t\t\t\t\t\t\t\t\t        <span class=\"jl_post_meta\"><span class=\"post-date\">3 octobre 2025<\/span><span class=\"jl_fot_share_i jl_share_l_bg jls_tooltip\"><i class=\"jli-share\"><\/i><span class=\"jls_tooltip_w jls_tooltip-top\"><span class=\"jls_tooltiptext\"><span class=\"jls_tooltip_in\">                <span class=\"jl_sli_in\">\r\n                    <span class=\"jl_sli_fb jl_shli\"><a class=\"jl_sshl\" href=\"http:\/\/www.facebook.com\/sharer.php?u=https%3A%2F%2Fgabonnouvellevision.com%2Fgnv%2F2025%2F10%2F03%2Fle-gabon-renforce-sa-cooperation-internationale%2F\" rel=\"nofollow\"><i class=\"jli-facebook\"><\/i><\/a><\/span>\r\n                    <span class=\"jl_sli_tw jl_shli\"><a class=\"jl_sshl\" href=\"https:\/\/twitter.com\/intent\/tweet?text=Le%20Gabon%20renforce%20sa%20coop%C3%A9ration%20internationale&amp;url=https%3A%2F%2Fgabonnouvellevision.com%2Fgnv%2F2025%2F10%2F03%2Fle-gabon-renforce-sa-cooperation-internationale%2F\" rel=\"nofollow\"><i class=\"jli-x\"><\/i><\/a><\/span>\r\n                    <span class=\"jl_sli_pi jl_shli\"><a class=\"jl_sshl\" href=\"http:\/\/pinterest.com\/pin\/create\/bookmarklet\/?url=https%3A%2F%2Fgabonnouvellevision.com%2Fgnv%2F2025%2F10%2F03%2Fle-gabon-renforce-sa-cooperation-internationale%2F>&amp;media=https:\/\/gabonnouvellevision.com\/gnv\/wp-content\/uploads\/2025\/10\/558905557_122276435960025336_4609319709716296124_n.jpg\" rel=\"nofollow\"><i class=\"jli-pinterest\"><\/i><\/a><\/span>\r\n                    <span class=\"jl_sli_din jl_shli\"><a class=\"jl_sshl\" href=\"http:\/\/www.linkedin.com\/shareArticle?url=https%3A%2F%2Fgabonnouvellevision.com%2Fgnv%2F2025%2F10%2F03%2Fle-gabon-renforce-sa-cooperation-internationale%2F\" rel=\"nofollow\"><i class=\"jli-linkedin\"><\/i><\/a><\/span>\r\n                    <span class=\"jl_sli_wapp jl_shli\"><a class=\"jl_sshl\" href=\"https:\/\/api.whatsapp.com\/send?text=https%3A%2F%2Fgabonnouvellevision.com%2Fgnv%2F2025%2F10%2F03%2Fle-gabon-renforce-sa-cooperation-internationale%2F\" data-action=\"share\/whatsapp\/share\" rel=\"nofollow\"><i class=\"jli-whatsapp\"><\/i><\/a><\/span>                                        \r\n                <\/span>            \r\n    <\/span><\/span><\/span><\/span><\/span>                \r\n\t\t\t\t\t    <\/div>\r\n\t\t\t\t\t<\/div>\r\n\t\t\t\t\t<\/div>\r\n\t\t\t\t<\/div>\r\n\t\t\t<\/div>\r\n\t<\/div><\/div>\t\t\t\t\t\t\t\t\r\n\t\t\t<\/div>\r\n\t\t\t\t\t<\/div>\r\n\t\t\t<\/div>\t\t\t\t<\/div>\n\t\t\t\t<\/div>\n\t\t\t\t<\/div>\n\t\t\t\t\t<\/div>\n\t\t\t\t<\/div>\n\t\t<div class=\"elementor-element elementor-element-33a6c5c5 e-flex e-con-boxed e-con e-parent\" data-id=\"33a6c5c5\" data-element_type=\"container\">\n\t\t\t\t\t<div class=\"e-con-inner\">\n\t\t\t\t<div class=\"elementor-element elementor-element-48c10608 elementor-widget elementor-widget-bopea-section-title\" data-id=\"48c10608\" data-element_type=\"widget\" data-widget_type=\"bopea-section-title.default\">\n\t\t\t\t<div class=\"elementor-widget-container\">\n\t\t\t\t\t          <div class=\"jlcus_sec_title jl_sec_style15 jl_secf_menu jl_secb_menu no\">\n            <div class=\"jlcus_sect_inner\">\n                                    <h2 class=\"jl-heading-text\">\n                                                <span class=\"jl_ttw\">Don't Miss<\/span>                                          <\/h2>\n                                                      <p class=\"jl_sct_bt\">\n                        <a href=\"#\" class=\"jlopt-text-link\">                        <span class=\"jl_bt_inner\">\n                        <span>Find more<\/span>\n                        <i class=\"jli-carrow\"><\/i>                        <\/span>\n                        <\/a>                  <\/p>\n                              <\/div>                    \n                      <\/div>                    \n    \t\t\t\t<\/div>\n\t\t\t\t<\/div>\n\t\t\t\t<div class=\"elementor-element elementor-element-6ede6e20 elementor-widget elementor-widget-bopea-list-post\" data-id=\"6ede6e20\" data-element_type=\"widget\" data-widget_type=\"bopea-list-post.default\">\n\t\t\t\t<div class=\"elementor-widget-container\">\n\t\t\t\t\t\t\t<div class=\"block-section jl-main-block jl_en_fr jl_frli\" data-blockid=\"blockid_6ede6e20\" data-section_style=\"jl_m_list\" data-post_type=\"post\" data-post_type_tax=\"none\" data-page_max=\"537\" data-page_current=\"1\" data-author=\"none\" data-order=\"date_post\" data-posts_per_page=\"1\" data-offset=\"14\" data-tabs_link=\"none\" >\t\t\r\n\t\t\t\t\t<div class=\"jl_cw_wrap_f jl_clear_at\">\r\n\t\t\t\t<div class=\"jl_main_list_cw jl_wrap_eb jl_clear_at jl_lm_list\">\r\n\t\t\t\t\t<div class=\"jl-roww jl_contain jl_fli_wrap jl-col-row\">\t\t\t             \r\n\t\t\t\t\t\t\t\t\t\t<div class=\"jl_clist_layout jl_lisep jl_frsha\">\r\n\t\t\t\t\t<div class=\"jl_li_in\">\r\n\t\t\t    \t\t\t        <div class=\"jl_img_holder\">\r\n\t\t\t\t        <div class=\"jl_imgw jl_radus_e\">\r\n\t\t\t\t            <div class=\"jl_imgin\">\r\n\t\t\t\t\t\t\t\t<img loading=\"lazy\" decoding=\"async\" width=\"600\" height=\"345\" src=\"https:\/\/gabonnouvellevision.com\/gnv\/wp-content\/uploads\/2025\/09\/556455291_122275980062025336_2702057672399666866_n-20x12.jpg\" class=\"attachment-bopea_layouts size-bopea_layouts jl-lazyload lazyload wp-post-image\" alt=\"\" data-src=\"https:\/\/gabonnouvellevision.com\/gnv\/wp-content\/uploads\/2025\/09\/556455291_122275980062025336_2702057672399666866_n.jpg\" \/>\t\t\t\t\t\t\t<\/div>\r\n\t\t\t\t            \t\t\t\t            \t\t\t\t            <a class=\"jl_imgl\" aria-label=\"Le Pr\u00e9sident Oligui Nguema de retour au Gabon !\" href=\"https:\/\/gabonnouvellevision.com\/gnv\/2025\/09\/30\/le-president-oligui-nguema-de-retour-au-gabon\/\"><\/a>\r\n\t\t\t\t        <\/div> \r\n\t\t\t        <\/div> \r\n\t\t\t                                \r\n\t\t\t    <div class=\"jl_fe_text\">    \r\n\t\t\t        <span class=\"jl_f_cat jl_lb3\"><a class=\"jl_cat_lbl jl_cat57\" href=\"https:\/\/gabonnouvellevision.com\/gnv\/category\/a-la-une\/\"><span>A la une<\/span><\/a><a class=\"jl_cat_lbl jl_cat55\" href=\"https:\/\/gabonnouvellevision.com\/gnv\/category\/actualites\/\"><span>Actualites<\/span><\/a><a class=\"jl_cat_lbl jl_cat66\" href=\"https:\/\/gabonnouvellevision.com\/gnv\/category\/diplomatie\/\"><span>Diplomatie<\/span><\/a><\/span>\t\t\t        \t\t\t\t\t<h2 class=\"h3 jl_fe_title jl_txt_2row\"><a href=\"https:\/\/gabonnouvellevision.com\/gnv\/2025\/09\/30\/le-president-oligui-nguema-de-retour-au-gabon\/\">Le Pr\u00e9sident Oligui Nguema de retour au Gabon !<\/a><\/h2>\t\t\t\r\n\t\t\t\t\t\t\t\t        <p class=\"jl_fe_des\">Le Pr\u00e9sident Oligui Nguema \u00e0 son retour hier \u00e0 l&rsquo;a\u00e9roport de Libreville De retour de son voyage officiel aux \u00c9tats-Unis, o\u00f9 il a... <\/p>\r\n\t\t\t        <span class=\"jl_post_meta\"><span class=\"jl_author_img_w\">By<a href=\"https:\/\/gabonnouvellevision.com\/gnv\/author\/rufin\/\" title=\"Articles par Eyeng Obame\" rel=\"author\">Eyeng Obame<\/a><\/span><span class=\"post-date\">30 septembre 2025<\/span><span class=\"jl_fot_share_i jl_share_l_bg jls_tooltip\"><i class=\"jli-share\"><\/i><span class=\"jls_tooltip_w jls_tooltip-top\"><span class=\"jls_tooltiptext\"><span class=\"jls_tooltip_in\">                <span class=\"jl_sli_in\">\r\n                    <span class=\"jl_sli_fb jl_shli\"><a class=\"jl_sshl\" href=\"http:\/\/www.facebook.com\/sharer.php?u=https%3A%2F%2Fgabonnouvellevision.com%2Fgnv%2F2025%2F09%2F30%2Fle-president-oligui-nguema-de-retour-au-gabon%2F\" rel=\"nofollow\"><i class=\"jli-facebook\"><\/i><\/a><\/span>\r\n                    <span class=\"jl_sli_tw jl_shli\"><a class=\"jl_sshl\" href=\"https:\/\/twitter.com\/intent\/tweet?text=Le%20Pr%C3%A9sident%20Oligui%20Nguema%20de%20retour%20au%20Gabon%20%21&amp;url=https%3A%2F%2Fgabonnouvellevision.com%2Fgnv%2F2025%2F09%2F30%2Fle-president-oligui-nguema-de-retour-au-gabon%2F\" rel=\"nofollow\"><i class=\"jli-x\"><\/i><\/a><\/span>\r\n                    <span class=\"jl_sli_pi jl_shli\"><a class=\"jl_sshl\" href=\"http:\/\/pinterest.com\/pin\/create\/bookmarklet\/?url=https%3A%2F%2Fgabonnouvellevision.com%2Fgnv%2F2025%2F09%2F30%2Fle-president-oligui-nguema-de-retour-au-gabon%2F>&amp;media=https:\/\/gabonnouvellevision.com\/gnv\/wp-content\/uploads\/2025\/09\/556455291_122275980062025336_2702057672399666866_n.jpg\" rel=\"nofollow\"><i class=\"jli-pinterest\"><\/i><\/a><\/span>\r\n                    <span class=\"jl_sli_din jl_shli\"><a class=\"jl_sshl\" href=\"http:\/\/www.linkedin.com\/shareArticle?url=https%3A%2F%2Fgabonnouvellevision.com%2Fgnv%2F2025%2F09%2F30%2Fle-president-oligui-nguema-de-retour-au-gabon%2F\" rel=\"nofollow\"><i class=\"jli-linkedin\"><\/i><\/a><\/span>\r\n                    <span class=\"jl_sli_wapp jl_shli\"><a class=\"jl_sshl\" href=\"https:\/\/api.whatsapp.com\/send?text=https%3A%2F%2Fgabonnouvellevision.com%2Fgnv%2F2025%2F09%2F30%2Fle-president-oligui-nguema-de-retour-au-gabon%2F\" data-action=\"share\/whatsapp\/share\" rel=\"nofollow\"><i class=\"jli-whatsapp\"><\/i><\/a><\/span>                                        \r\n                <\/span>            \r\n    <\/span><\/span><\/span><\/span><\/span>                \r\n\t\t\t    <\/div>\r\n\t\t\t<\/div>\r\n\t\t<\/div>\r\n\t\t\t\t\t\t\t\t\t\t\t\t\r\n\t\t\t\t\t<\/div>\r\n\t\t\t\t\t\t\t\t<\/div>\r\n\t\t\t<\/div>\t\t\r\n\t\t<\/div>\t\t\t\t<\/div>\n\t\t\t\t<\/div>\n\t\t\t\t<div class=\"elementor-element elementor-element-3baf1fb0 elementor-widget elementor-widget-bopea-grid-post\" data-id=\"3baf1fb0\" data-element_type=\"widget\" data-widget_type=\"bopea-grid-post.default\">\n\t\t\t\t<div class=\"elementor-widget-container\">\n\t\t\t\t\t\t\t<div class=\"jl_clear_at block-section jl-main-block jl_num_top\" data-blockid=\"blockid_3baf1fb0\" data-section_style=\"jl_mgrid\" data-post_type=\"post\" data-post_type_tax=\"none\" data-page_max=\"108\" data-page_current=\"1\" data-author=\"none\" data-order=\"date_post\" data-posts_per_page=\"5\" data-offset=\"15\" data-tabs_link=\"none\" >\t\t\r\n\t\t\t\t\t<div class=\"jl_grid_wrap_f jl_wrap_eb jl_clear_at\">\r\n\t\t\t<div class=\"jl-roww jl_contain jl_cgrid_wrap jl-col-row\">\r\n\t\t\t\t\t\t\t<div class=\"jl_cgrid_layout jl_frsha jl_in_num jl_numl\">\r\n\t\t\t    \t\t\t        <div class=\"jl_img_holder\">\r\n\t\t\t        <div class=\"jl_imgw jl_radus_e\">\r\n\t\t\t            <div class=\"jl_imgin\">\r\n\t\t\t\t\t\t\t\t<img loading=\"lazy\" decoding=\"async\" width=\"680\" height=\"907\" src=\"https:\/\/gabonnouvellevision.com\/gnv\/wp-content\/uploads\/2025\/09\/WhatsApp-Image-2025-09-24-a-16.40.39_53be096b-20x27.jpg\" class=\"attachment-bopea_layouts size-bopea_layouts jl-lazyload lazyload wp-post-image\" alt=\"\" data-src=\"https:\/\/gabonnouvellevision.com\/gnv\/wp-content\/uploads\/2025\/09\/WhatsApp-Image-2025-09-24-a-16.40.39_53be096b-680x907.jpg\" \/>\t\t\t            <\/div>\r\n\t\t\t            \t\t\t            \t\t\t            <a class=\"jl_imgl\" aria-label=\"Locales 2025: Jeff Fran\u00e7ois Elle Ngomo de l&rsquo;UN donn\u00e9 largement favori au 2\u00e8me arrondissement de la commune \u00a0Libreville\" href=\"https:\/\/gabonnouvellevision.com\/gnv\/2025\/09\/26\/locales-2025-jeff-francois-elle-ngomo-de-lun-donne-largement-favori-au-2eme-arrondissement-de-la-commune-libreville\/\"><\/a>\r\n\t\t\t\t\t\t<span class=\"jl_f_cat jl_lb5\"><a class=\"jl_cat_lbl jl_cat57\" href=\"https:\/\/gabonnouvellevision.com\/gnv\/category\/a-la-une\/\"><span>A la une<\/span><\/a><a class=\"jl_cat_lbl jl_cat55\" href=\"https:\/\/gabonnouvellevision.com\/gnv\/category\/actualites\/\"><span>Actualites<\/span><\/a><a class=\"jl_cat_lbl jl_cat59\" href=\"https:\/\/gabonnouvellevision.com\/gnv\/category\/politique\/\"><span>Politique<\/span><\/a><a class=\"jl_cat_lbl jl_cat56\" href=\"https:\/\/gabonnouvellevision.com\/gnv\/category\/societe\/\"><span>Societe<\/span><\/a><\/span>\t\t\t        <\/div>\r\n\t\t\t        <\/div>\r\n\t\t\t    \t\t\t    <div class=\"jl_fe_text jl_nun_i\">\r\n\t\t\t\t\t<span class=\"jl_nun_d\"><\/span>\r\n\t\t\t        \t\t\t\t\t\t\t\t        <h2 class=\"h2 jl_fe_title jl_txt_2row\"><a href=\"https:\/\/gabonnouvellevision.com\/gnv\/2025\/09\/26\/locales-2025-jeff-francois-elle-ngomo-de-lun-donne-largement-favori-au-2eme-arrondissement-de-la-commune-libreville\/\">Locales 2025: Jeff Fran\u00e7ois Elle Ngomo de l&rsquo;UN donn\u00e9 largement favori au 2\u00e8me arrondissement de la commune \u00a0Libreville<\/a><\/h2>\r\n\t\t\t\t\t\t\t\t        <p class=\"jl_fe_des\">Jeff Fran\u00e7ois Elle Ngomo, T\u00eate de Liste de l&rsquo;UN au 2\u00e8me arrondissement de la commune de Libreville Le candidat de l\u2019Union Nationale dans... <\/p>\r\n\t\t\t        <span class=\"jl_post_meta\"><span class=\"jl_author_img_w\">By<a href=\"https:\/\/gabonnouvellevision.com\/gnv\/author\/rufin\/\" title=\"Articles par Eyeng Obame\" rel=\"author\">Eyeng Obame<\/a><\/span><span class=\"post-date\">26 septembre 2025<\/span><span class=\"jl_fot_share_i jl_share_l_bg jls_tooltip\"><i class=\"jli-share\"><\/i><span class=\"jls_tooltip_w jls_tooltip-top\"><span class=\"jls_tooltiptext\"><span class=\"jls_tooltip_in\">                <span class=\"jl_sli_in\">\r\n                    <span class=\"jl_sli_fb jl_shli\"><a class=\"jl_sshl\" href=\"http:\/\/www.facebook.com\/sharer.php?u=https%3A%2F%2Fgabonnouvellevision.com%2Fgnv%2F2025%2F09%2F26%2Flocales-2025-jeff-francois-elle-ngomo-de-lun-donne-largement-favori-au-2eme-arrondissement-de-la-commune-libreville%2F\" rel=\"nofollow\"><i class=\"jli-facebook\"><\/i><\/a><\/span>\r\n                    <span class=\"jl_sli_tw jl_shli\"><a class=\"jl_sshl\" href=\"https:\/\/twitter.com\/intent\/tweet?text=Locales%202025%3A%20Jeff%20Fran%C3%A7ois%20Elle%20Ngomo%20de%20l%E2%80%99UN%20donn%C3%A9%20largement%20favori%20au%202%C3%A8me%20arrondissement%20de%20la%20commune%20%C2%A0Libreville&amp;url=https%3A%2F%2Fgabonnouvellevision.com%2Fgnv%2F2025%2F09%2F26%2Flocales-2025-jeff-francois-elle-ngomo-de-lun-donne-largement-favori-au-2eme-arrondissement-de-la-commune-libreville%2F\" rel=\"nofollow\"><i class=\"jli-x\"><\/i><\/a><\/span>\r\n                    <span class=\"jl_sli_pi jl_shli\"><a class=\"jl_sshl\" href=\"http:\/\/pinterest.com\/pin\/create\/bookmarklet\/?url=https%3A%2F%2Fgabonnouvellevision.com%2Fgnv%2F2025%2F09%2F26%2Flocales-2025-jeff-francois-elle-ngomo-de-lun-donne-largement-favori-au-2eme-arrondissement-de-la-commune-libreville%2F>&amp;media=https:\/\/gabonnouvellevision.com\/gnv\/wp-content\/uploads\/2025\/09\/WhatsApp-Image-2025-09-24-a-16.40.39_53be096b.jpg\" rel=\"nofollow\"><i class=\"jli-pinterest\"><\/i><\/a><\/span>\r\n                    <span class=\"jl_sli_din jl_shli\"><a class=\"jl_sshl\" href=\"http:\/\/www.linkedin.com\/shareArticle?url=https%3A%2F%2Fgabonnouvellevision.com%2Fgnv%2F2025%2F09%2F26%2Flocales-2025-jeff-francois-elle-ngomo-de-lun-donne-largement-favori-au-2eme-arrondissement-de-la-commune-libreville%2F\" rel=\"nofollow\"><i class=\"jli-linkedin\"><\/i><\/a><\/span>\r\n                    <span class=\"jl_sli_wapp jl_shli\"><a class=\"jl_sshl\" href=\"https:\/\/api.whatsapp.com\/send?text=https%3A%2F%2Fgabonnouvellevision.com%2Fgnv%2F2025%2F09%2F26%2Flocales-2025-jeff-francois-elle-ngomo-de-lun-donne-largement-favori-au-2eme-arrondissement-de-la-commune-libreville%2F\" data-action=\"share\/whatsapp\/share\" rel=\"nofollow\"><i class=\"jli-whatsapp\"><\/i><\/a><\/span>                                        \r\n                <\/span>            \r\n    <\/span><\/span><\/span><\/span><\/span>\t\t\t    <\/div>\r\n\t\t\t<\/div>\r\n\t\t\t\t\t\t\t<div class=\"jl_cgrid_layout jl_frsha jl_in_num jl_numl\">\r\n\t\t\t    \t\t\t        <div class=\"jl_img_holder\">\r\n\t\t\t        <div class=\"jl_imgw jl_radus_e\">\r\n\t\t\t            <div class=\"jl_imgin\">\r\n\t\t\t\t\t\t\t\t<img loading=\"lazy\" decoding=\"async\" width=\"600\" height=\"504\" src=\"https:\/\/gabonnouvellevision.com\/gnv\/wp-content\/uploads\/2025\/09\/552944643_122275130336025336_7000669896749021634_n-20x17.jpg\" class=\"attachment-bopea_layouts size-bopea_layouts jl-lazyload lazyload wp-post-image\" alt=\"\" data-src=\"https:\/\/gabonnouvellevision.com\/gnv\/wp-content\/uploads\/2025\/09\/552944643_122275130336025336_7000669896749021634_n.jpg\" \/>\t\t\t            <\/div>\r\n\t\t\t            \t\t\t            \t\t\t            <a class=\"jl_imgl\" aria-label=\"Le Conseiller Afrique de Donald Trump chez le Pr\u00e9sident Oligui Nguema\" href=\"https:\/\/gabonnouvellevision.com\/gnv\/2025\/09\/24\/le-conseiller-afrique-de-donald-trump-chez-le-president-oligui-nguema\/\"><\/a>\r\n\t\t\t\t\t\t<span class=\"jl_f_cat jl_lb5\"><a class=\"jl_cat_lbl jl_cat57\" href=\"https:\/\/gabonnouvellevision.com\/gnv\/category\/a-la-une\/\"><span>A la une<\/span><\/a><a class=\"jl_cat_lbl jl_cat55\" href=\"https:\/\/gabonnouvellevision.com\/gnv\/category\/actualites\/\"><span>Actualites<\/span><\/a><a class=\"jl_cat_lbl jl_cat66\" href=\"https:\/\/gabonnouvellevision.com\/gnv\/category\/diplomatie\/\"><span>Diplomatie<\/span><\/a><\/span>\t\t\t        <\/div>\r\n\t\t\t        <\/div>\r\n\t\t\t    \t\t\t    <div class=\"jl_fe_text jl_nun_i\">\r\n\t\t\t\t\t<span class=\"jl_nun_d\"><\/span>\r\n\t\t\t        \t\t\t\t\t\t\t\t        <h2 class=\"h2 jl_fe_title jl_txt_2row\"><a href=\"https:\/\/gabonnouvellevision.com\/gnv\/2025\/09\/24\/le-conseiller-afrique-de-donald-trump-chez-le-president-oligui-nguema\/\">Le Conseiller Afrique de Donald Trump chez le Pr\u00e9sident Oligui Nguema<\/a><\/h2>\r\n\t\t\t\t\t\t\t\t        <p class=\"jl_fe_des\">En marge de la 80\u1d49 Assembl\u00e9e g\u00e9n\u00e9rale des Nations Unies, le Pr\u00e9sident de la R\u00e9publique, Brice Clotaire Oligui Nguema, a eu un entretien... <\/p>\r\n\t\t\t        <span class=\"jl_post_meta\"><span class=\"jl_author_img_w\">By<a href=\"https:\/\/gabonnouvellevision.com\/gnv\/author\/rufin\/\" title=\"Articles par Eyeng Obame\" rel=\"author\">Eyeng Obame<\/a><\/span><span class=\"post-date\">24 septembre 2025<\/span><span class=\"jl_fot_share_i jl_share_l_bg jls_tooltip\"><i class=\"jli-share\"><\/i><span class=\"jls_tooltip_w jls_tooltip-top\"><span class=\"jls_tooltiptext\"><span class=\"jls_tooltip_in\">                <span class=\"jl_sli_in\">\r\n                    <span class=\"jl_sli_fb jl_shli\"><a class=\"jl_sshl\" href=\"http:\/\/www.facebook.com\/sharer.php?u=https%3A%2F%2Fgabonnouvellevision.com%2Fgnv%2F2025%2F09%2F24%2Fle-conseiller-afrique-de-donald-trump-chez-le-president-oligui-nguema%2F\" rel=\"nofollow\"><i class=\"jli-facebook\"><\/i><\/a><\/span>\r\n                    <span class=\"jl_sli_tw jl_shli\"><a class=\"jl_sshl\" href=\"https:\/\/twitter.com\/intent\/tweet?text=Le%20Conseiller%20Afrique%20de%20Donald%20Trump%20chez%20le%20Pr%C3%A9sident%20Oligui%20Nguema&amp;url=https%3A%2F%2Fgabonnouvellevision.com%2Fgnv%2F2025%2F09%2F24%2Fle-conseiller-afrique-de-donald-trump-chez-le-president-oligui-nguema%2F\" rel=\"nofollow\"><i class=\"jli-x\"><\/i><\/a><\/span>\r\n                    <span class=\"jl_sli_pi jl_shli\"><a class=\"jl_sshl\" href=\"http:\/\/pinterest.com\/pin\/create\/bookmarklet\/?url=https%3A%2F%2Fgabonnouvellevision.com%2Fgnv%2F2025%2F09%2F24%2Fle-conseiller-afrique-de-donald-trump-chez-le-president-oligui-nguema%2F>&amp;media=https:\/\/gabonnouvellevision.com\/gnv\/wp-content\/uploads\/2025\/09\/552944643_122275130336025336_7000669896749021634_n.jpg\" rel=\"nofollow\"><i class=\"jli-pinterest\"><\/i><\/a><\/span>\r\n                    <span class=\"jl_sli_din jl_shli\"><a class=\"jl_sshl\" href=\"http:\/\/www.linkedin.com\/shareArticle?url=https%3A%2F%2Fgabonnouvellevision.com%2Fgnv%2F2025%2F09%2F24%2Fle-conseiller-afrique-de-donald-trump-chez-le-president-oligui-nguema%2F\" rel=\"nofollow\"><i class=\"jli-linkedin\"><\/i><\/a><\/span>\r\n                    <span class=\"jl_sli_wapp jl_shli\"><a class=\"jl_sshl\" href=\"https:\/\/api.whatsapp.com\/send?text=https%3A%2F%2Fgabonnouvellevision.com%2Fgnv%2F2025%2F09%2F24%2Fle-conseiller-afrique-de-donald-trump-chez-le-president-oligui-nguema%2F\" data-action=\"share\/whatsapp\/share\" rel=\"nofollow\"><i class=\"jli-whatsapp\"><\/i><\/a><\/span>                                        \r\n                <\/span>            \r\n    <\/span><\/span><\/span><\/span><\/span>\t\t\t    <\/div>\r\n\t\t\t<\/div>\r\n\t\t\t\t\t\t\t<div class=\"jl_cgrid_layout jl_frsha jl_in_num jl_numl\">\r\n\t\t\t    \t\t\t        <div class=\"jl_img_holder\">\r\n\t\t\t        <div class=\"jl_imgw jl_radus_e\">\r\n\t\t\t            <div class=\"jl_imgin\">\r\n\t\t\t\t\t\t\t\t<img loading=\"lazy\" decoding=\"async\" width=\"680\" height=\"653\" src=\"https:\/\/gabonnouvellevision.com\/gnv\/wp-content\/uploads\/2025\/09\/unnamed-20x19.png\" class=\"attachment-bopea_layouts size-bopea_layouts jl-lazyload lazyload wp-post-image\" alt=\"\" data-src=\"https:\/\/gabonnouvellevision.com\/gnv\/wp-content\/uploads\/2025\/09\/unnamed-680x653.png\" \/>\t\t\t            <\/div>\r\n\t\t\t            \t\t\t            \t\t\t            <a class=\"jl_imgl\" aria-label=\"Tribune Libre\u00a0: Ces excr\u00e9ments en public, un Cri de vuln\u00e9rabilit\u00e9, une d\u00e9claration de guerre contre le chaos\" href=\"https:\/\/gabonnouvellevision.com\/gnv\/2025\/09\/19\/tribune-libre-ces-excrements-en-public-un-cri-de-vulnerabilite-une-declaration-de-guerre-contre-le-chaos\/\"><\/a>\r\n\t\t\t\t\t\t<span class=\"jl_f_cat jl_lb5\"><a class=\"jl_cat_lbl jl_cat57\" href=\"https:\/\/gabonnouvellevision.com\/gnv\/category\/a-la-une\/\"><span>A la une<\/span><\/a><a class=\"jl_cat_lbl jl_cat55\" href=\"https:\/\/gabonnouvellevision.com\/gnv\/category\/actualites\/\"><span>Actualites<\/span><\/a><a class=\"jl_cat_lbl jl_cat68\" href=\"https:\/\/gabonnouvellevision.com\/gnv\/category\/culture\/\"><span>Culture<\/span><\/a><\/span>\t\t\t        <\/div>\r\n\t\t\t        <\/div>\r\n\t\t\t    \t\t\t    <div class=\"jl_fe_text jl_nun_i\">\r\n\t\t\t\t\t<span class=\"jl_nun_d\"><\/span>\r\n\t\t\t        \t\t\t\t\t\t\t\t        <h2 class=\"h2 jl_fe_title jl_txt_2row\"><a href=\"https:\/\/gabonnouvellevision.com\/gnv\/2025\/09\/19\/tribune-libre-ces-excrements-en-public-un-cri-de-vulnerabilite-une-declaration-de-guerre-contre-le-chaos\/\">Tribune Libre\u00a0: Ces excr\u00e9ments en public, un Cri de vuln\u00e9rabilit\u00e9, une d\u00e9claration de guerre contre le chaos<\/a><\/h2>\r\n\t\t\t\t\t\t\t\t        <p class=\"jl_fe_des\">La Pr\u00e9sidente de l&rsquo;Association Djondo Clean, Zang Eug\u00e9nie, plus que pr\u00e9occup\u00e9e par la propret\u00e9 absolue des lieux d&rsquo;aisance au Gabon. Le d\u00e9ni :... <\/p>\r\n\t\t\t        <span class=\"jl_post_meta\"><span class=\"jl_author_img_w\">By<a href=\"https:\/\/gabonnouvellevision.com\/gnv\/author\/rufin\/\" title=\"Articles par Eyeng Obame\" rel=\"author\">Eyeng Obame<\/a><\/span><span class=\"post-date\">19 septembre 2025<\/span><span class=\"jl_fot_share_i jl_share_l_bg jls_tooltip\"><i class=\"jli-share\"><\/i><span class=\"jls_tooltip_w jls_tooltip-top\"><span class=\"jls_tooltiptext\"><span class=\"jls_tooltip_in\">                <span class=\"jl_sli_in\">\r\n                    <span class=\"jl_sli_fb jl_shli\"><a class=\"jl_sshl\" href=\"http:\/\/www.facebook.com\/sharer.php?u=https%3A%2F%2Fgabonnouvellevision.com%2Fgnv%2F2025%2F09%2F19%2Ftribune-libre-ces-excrements-en-public-un-cri-de-vulnerabilite-une-declaration-de-guerre-contre-le-chaos%2F\" rel=\"nofollow\"><i class=\"jli-facebook\"><\/i><\/a><\/span>\r\n                    <span class=\"jl_sli_tw jl_shli\"><a class=\"jl_sshl\" href=\"https:\/\/twitter.com\/intent\/tweet?text=Tribune%20Libre%C2%A0%3A%20Ces%20excr%C3%A9ments%20en%20public%2C%20un%20Cri%20de%20vuln%C3%A9rabilit%C3%A9%2C%20une%20d%C3%A9claration%20de%20guerre%20contre%20le%20chaos&amp;url=https%3A%2F%2Fgabonnouvellevision.com%2Fgnv%2F2025%2F09%2F19%2Ftribune-libre-ces-excrements-en-public-un-cri-de-vulnerabilite-une-declaration-de-guerre-contre-le-chaos%2F\" rel=\"nofollow\"><i class=\"jli-x\"><\/i><\/a><\/span>\r\n                    <span class=\"jl_sli_pi jl_shli\"><a class=\"jl_sshl\" href=\"http:\/\/pinterest.com\/pin\/create\/bookmarklet\/?url=https%3A%2F%2Fgabonnouvellevision.com%2Fgnv%2F2025%2F09%2F19%2Ftribune-libre-ces-excrements-en-public-un-cri-de-vulnerabilite-une-declaration-de-guerre-contre-le-chaos%2F>&amp;media=https:\/\/gabonnouvellevision.com\/gnv\/wp-content\/uploads\/2025\/09\/unnamed.png\" rel=\"nofollow\"><i class=\"jli-pinterest\"><\/i><\/a><\/span>\r\n                    <span class=\"jl_sli_din jl_shli\"><a class=\"jl_sshl\" href=\"http:\/\/www.linkedin.com\/shareArticle?url=https%3A%2F%2Fgabonnouvellevision.com%2Fgnv%2F2025%2F09%2F19%2Ftribune-libre-ces-excrements-en-public-un-cri-de-vulnerabilite-une-declaration-de-guerre-contre-le-chaos%2F\" rel=\"nofollow\"><i class=\"jli-linkedin\"><\/i><\/a><\/span>\r\n                    <span class=\"jl_sli_wapp jl_shli\"><a class=\"jl_sshl\" href=\"https:\/\/api.whatsapp.com\/send?text=https%3A%2F%2Fgabonnouvellevision.com%2Fgnv%2F2025%2F09%2F19%2Ftribune-libre-ces-excrements-en-public-un-cri-de-vulnerabilite-une-declaration-de-guerre-contre-le-chaos%2F\" data-action=\"share\/whatsapp\/share\" rel=\"nofollow\"><i class=\"jli-whatsapp\"><\/i><\/a><\/span>                                        \r\n                <\/span>            \r\n    <\/span><\/span><\/span><\/span><\/span>\t\t\t    <\/div>\r\n\t\t\t<\/div>\r\n\t\t\t\t\t\t\t<div class=\"jl_cgrid_layout jl_frsha jl_in_num jl_numl\">\r\n\t\t\t    \t\t\t        <div class=\"jl_img_holder\">\r\n\t\t\t        <div class=\"jl_imgw jl_radus_e\">\r\n\t\t\t            <div class=\"jl_imgin\">\r\n\t\t\t\t\t\t\t\t<img loading=\"lazy\" decoding=\"async\" width=\"593\" height=\"395\" src=\"https:\/\/gabonnouvellevision.com\/gnv\/wp-content\/uploads\/2025\/09\/548801860_122273876888025336_2812744111067142548_n-20x13.jpg\" class=\"attachment-bopea_layouts size-bopea_layouts jl-lazyload lazyload wp-post-image\" alt=\"\" data-src=\"https:\/\/gabonnouvellevision.com\/gnv\/wp-content\/uploads\/2025\/09\/548801860_122273876888025336_2812744111067142548_n.jpg\" \/>\t\t\t            <\/div>\r\n\t\t\t            \t\t\t            \t\t\t            <a class=\"jl_imgl\" aria-label=\"Oligui Nguema lance les travaux de la centrale thermique d&rsquo;Owendo\" href=\"https:\/\/gabonnouvellevision.com\/gnv\/2025\/09\/16\/oligui-nguema-lance-les-travaux-de-la-centrale-thermique-dowendo\/\"><\/a>\r\n\t\t\t\t\t\t<span class=\"jl_f_cat jl_lb5\"><a class=\"jl_cat_lbl jl_cat57\" href=\"https:\/\/gabonnouvellevision.com\/gnv\/category\/a-la-une\/\"><span>A la une<\/span><\/a><a class=\"jl_cat_lbl jl_cat55\" href=\"https:\/\/gabonnouvellevision.com\/gnv\/category\/actualites\/\"><span>Actualites<\/span><\/a><a class=\"jl_cat_lbl jl_cat60\" href=\"https:\/\/gabonnouvellevision.com\/gnv\/category\/economie\/\"><span>Economie<\/span><\/a><\/span>\t\t\t        <\/div>\r\n\t\t\t        <\/div>\r\n\t\t\t    \t\t\t    <div class=\"jl_fe_text jl_nun_i\">\r\n\t\t\t\t\t<span class=\"jl_nun_d\"><\/span>\r\n\t\t\t        \t\t\t\t\t\t\t\t        <h2 class=\"h2 jl_fe_title jl_txt_2row\"><a href=\"https:\/\/gabonnouvellevision.com\/gnv\/2025\/09\/16\/oligui-nguema-lance-les-travaux-de-la-centrale-thermique-dowendo\/\">Oligui Nguema lance les travaux de la centrale thermique d&rsquo;Owendo<\/a><\/h2>\r\n\t\t\t\t\t\t\t\t        <p class=\"jl_fe_des\">Le Pr\u00e9sident de la R\u00e9publique, Brice Clotaire Oligui , a lanc\u00e9 hier les travaux de la centrale thermique \u00e0 gaz d\u2019Owendo. Ce projet... <\/p>\r\n\t\t\t        <span class=\"jl_post_meta\"><span class=\"jl_author_img_w\">By<a href=\"https:\/\/gabonnouvellevision.com\/gnv\/author\/rufin\/\" title=\"Articles par Eyeng Obame\" rel=\"author\">Eyeng Obame<\/a><\/span><span class=\"post-date\">16 septembre 2025<\/span><span class=\"jl_fot_share_i jl_share_l_bg jls_tooltip\"><i class=\"jli-share\"><\/i><span class=\"jls_tooltip_w jls_tooltip-top\"><span class=\"jls_tooltiptext\"><span class=\"jls_tooltip_in\">                <span class=\"jl_sli_in\">\r\n                    <span class=\"jl_sli_fb jl_shli\"><a class=\"jl_sshl\" href=\"http:\/\/www.facebook.com\/sharer.php?u=https%3A%2F%2Fgabonnouvellevision.com%2Fgnv%2F2025%2F09%2F16%2Foligui-nguema-lance-les-travaux-de-la-centrale-thermique-dowendo%2F\" rel=\"nofollow\"><i class=\"jli-facebook\"><\/i><\/a><\/span>\r\n                    <span class=\"jl_sli_tw jl_shli\"><a class=\"jl_sshl\" href=\"https:\/\/twitter.com\/intent\/tweet?text=Oligui%20Nguema%20lance%20les%20travaux%20de%20la%20centrale%20thermique%20d%E2%80%99Owendo&amp;url=https%3A%2F%2Fgabonnouvellevision.com%2Fgnv%2F2025%2F09%2F16%2Foligui-nguema-lance-les-travaux-de-la-centrale-thermique-dowendo%2F\" rel=\"nofollow\"><i class=\"jli-x\"><\/i><\/a><\/span>\r\n                    <span class=\"jl_sli_pi jl_shli\"><a class=\"jl_sshl\" href=\"http:\/\/pinterest.com\/pin\/create\/bookmarklet\/?url=https%3A%2F%2Fgabonnouvellevision.com%2Fgnv%2F2025%2F09%2F16%2Foligui-nguema-lance-les-travaux-de-la-centrale-thermique-dowendo%2F>&amp;media=https:\/\/gabonnouvellevision.com\/gnv\/wp-content\/uploads\/2025\/09\/548801860_122273876888025336_2812744111067142548_n.jpg\" rel=\"nofollow\"><i class=\"jli-pinterest\"><\/i><\/a><\/span>\r\n                    <span class=\"jl_sli_din jl_shli\"><a class=\"jl_sshl\" href=\"http:\/\/www.linkedin.com\/shareArticle?url=https%3A%2F%2Fgabonnouvellevision.com%2Fgnv%2F2025%2F09%2F16%2Foligui-nguema-lance-les-travaux-de-la-centrale-thermique-dowendo%2F\" rel=\"nofollow\"><i class=\"jli-linkedin\"><\/i><\/a><\/span>\r\n                    <span class=\"jl_sli_wapp jl_shli\"><a class=\"jl_sshl\" href=\"https:\/\/api.whatsapp.com\/send?text=https%3A%2F%2Fgabonnouvellevision.com%2Fgnv%2F2025%2F09%2F16%2Foligui-nguema-lance-les-travaux-de-la-centrale-thermique-dowendo%2F\" data-action=\"share\/whatsapp\/share\" rel=\"nofollow\"><i class=\"jli-whatsapp\"><\/i><\/a><\/span>                                        \r\n                <\/span>            \r\n    <\/span><\/span><\/span><\/span><\/span>\t\t\t    <\/div>\r\n\t\t\t<\/div>\r\n\t\t\t\t\t\t\t<div class=\"jl_cgrid_layout jl_frsha jl_in_num jl_numl\">\r\n\t\t\t    \t\t\t        <div class=\"jl_img_holder\">\r\n\t\t\t        <div class=\"jl_imgw jl_radus_e\">\r\n\t\t\t            <div class=\"jl_imgin\">\r\n\t\t\t\t\t\t\t\t<img loading=\"lazy\" decoding=\"async\" width=\"512\" height=\"422\" src=\"https:\/\/gabonnouvellevision.com\/gnv\/wp-content\/uploads\/2025\/09\/unnamed-20x16.jpg\" class=\"attachment-bopea_layouts size-bopea_layouts jl-lazyload lazyload wp-post-image\" alt=\"\" data-src=\"https:\/\/gabonnouvellevision.com\/gnv\/wp-content\/uploads\/2025\/09\/unnamed.jpg\" \/>\t\t\t            <\/div>\r\n\t\t\t            \t\t\t            \t\t\t            <a class=\"jl_imgl\" aria-label=\"L\u00e9gislatives 2025: retour aux sources de Louis de la candidate Annie Chrystel Limbourg Iwenga\" href=\"https:\/\/gabonnouvellevision.com\/gnv\/2025\/09\/15\/legislatives-2025-retour-aux-sources-de-louis-de-la-candidate-annie-chrystel-limbourg-iwenga\/\"><\/a>\r\n\t\t\t\t\t\t<span class=\"jl_f_cat jl_lb5\"><a class=\"jl_cat_lbl jl_cat57\" href=\"https:\/\/gabonnouvellevision.com\/gnv\/category\/a-la-une\/\"><span>A la une<\/span><\/a><a class=\"jl_cat_lbl jl_cat55\" href=\"https:\/\/gabonnouvellevision.com\/gnv\/category\/actualites\/\"><span>Actualites<\/span><\/a><a class=\"jl_cat_lbl jl_cat65\" href=\"https:\/\/gabonnouvellevision.com\/gnv\/category\/politique-podcasts\/\"><span>Politique<\/span><\/a><\/span>\t\t\t        <\/div>\r\n\t\t\t        <\/div>\r\n\t\t\t    \t\t\t    <div class=\"jl_fe_text jl_nun_i\">\r\n\t\t\t\t\t<span class=\"jl_nun_d\"><\/span>\r\n\t\t\t        \t\t\t\t\t\t\t\t        <h2 class=\"h2 jl_fe_title jl_txt_2row\"><a href=\"https:\/\/gabonnouvellevision.com\/gnv\/2025\/09\/15\/legislatives-2025-retour-aux-sources-de-louis-de-la-candidate-annie-chrystel-limbourg-iwenga\/\">L\u00e9gislatives 2025: retour aux sources de Louis de la candidate Annie Chrystel Limbourg Iwenga<\/a><\/h2>\r\n\t\t\t\t\t\t\t\t        <p class=\"jl_fe_des\">Annie Chrystel Limbourg Iwenga, candidate PDG aux l\u00e9gislatives\/2\u00e8me si\u00e8ge du premier arrondissement de la commune de Libreville. En pr\u00e9lude aux L\u00e9gislatives et locales&nbsp;... <\/p>\r\n\t\t\t        <span class=\"jl_post_meta\"><span class=\"jl_author_img_w\">By<a href=\"https:\/\/gabonnouvellevision.com\/gnv\/author\/rufin\/\" title=\"Articles par Eyeng Obame\" rel=\"author\">Eyeng Obame<\/a><\/span><span class=\"post-date\">15 septembre 2025<\/span><span class=\"jl_fot_share_i jl_share_l_bg jls_tooltip\"><i class=\"jli-share\"><\/i><span class=\"jls_tooltip_w jls_tooltip-top\"><span class=\"jls_tooltiptext\"><span class=\"jls_tooltip_in\">                <span class=\"jl_sli_in\">\r\n                    <span class=\"jl_sli_fb jl_shli\"><a class=\"jl_sshl\" href=\"http:\/\/www.facebook.com\/sharer.php?u=https%3A%2F%2Fgabonnouvellevision.com%2Fgnv%2F2025%2F09%2F15%2Flegislatives-2025-retour-aux-sources-de-louis-de-la-candidate-annie-chrystel-limbourg-iwenga%2F\" rel=\"nofollow\"><i class=\"jli-facebook\"><\/i><\/a><\/span>\r\n                    <span class=\"jl_sli_tw jl_shli\"><a class=\"jl_sshl\" href=\"https:\/\/twitter.com\/intent\/tweet?text=L%C3%A9gislatives%202025%3A%20retour%20aux%20sources%20de%20Louis%20de%20la%20candidate%20Annie%20Chrystel%20Limbourg%20Iwenga&amp;url=https%3A%2F%2Fgabonnouvellevision.com%2Fgnv%2F2025%2F09%2F15%2Flegislatives-2025-retour-aux-sources-de-louis-de-la-candidate-annie-chrystel-limbourg-iwenga%2F\" rel=\"nofollow\"><i class=\"jli-x\"><\/i><\/a><\/span>\r\n                    <span class=\"jl_sli_pi jl_shli\"><a class=\"jl_sshl\" href=\"http:\/\/pinterest.com\/pin\/create\/bookmarklet\/?url=https%3A%2F%2Fgabonnouvellevision.com%2Fgnv%2F2025%2F09%2F15%2Flegislatives-2025-retour-aux-sources-de-louis-de-la-candidate-annie-chrystel-limbourg-iwenga%2F>&amp;media=https:\/\/gabonnouvellevision.com\/gnv\/wp-content\/uploads\/2025\/09\/unnamed.jpg\" rel=\"nofollow\"><i class=\"jli-pinterest\"><\/i><\/a><\/span>\r\n                    <span class=\"jl_sli_din jl_shli\"><a class=\"jl_sshl\" href=\"http:\/\/www.linkedin.com\/shareArticle?url=https%3A%2F%2Fgabonnouvellevision.com%2Fgnv%2F2025%2F09%2F15%2Flegislatives-2025-retour-aux-sources-de-louis-de-la-candidate-annie-chrystel-limbourg-iwenga%2F\" rel=\"nofollow\"><i class=\"jli-linkedin\"><\/i><\/a><\/span>\r\n                    <span class=\"jl_sli_wapp jl_shli\"><a class=\"jl_sshl\" href=\"https:\/\/api.whatsapp.com\/send?text=https%3A%2F%2Fgabonnouvellevision.com%2Fgnv%2F2025%2F09%2F15%2Flegislatives-2025-retour-aux-sources-de-louis-de-la-candidate-annie-chrystel-limbourg-iwenga%2F\" data-action=\"share\/whatsapp\/share\" rel=\"nofollow\"><i class=\"jli-whatsapp\"><\/i><\/a><\/span>                                        \r\n                <\/span>            \r\n    <\/span><\/span><\/span><\/span><\/span>\t\t\t    <\/div>\r\n\t\t\t<\/div>\r\n\t\t\t<\/div><\/div><\/div>\t\t\t\t<\/div>\n\t\t\t\t<\/div>\n\t\t\t\t\t<\/div>\n\t\t\t\t<\/div>\n\t\t<div class=\"elementor-element elementor-element-5baa9c1d e-flex e-con-boxed e-con e-parent\" data-id=\"5baa9c1d\" data-element_type=\"container\">\n\t\t\t\t\t<div class=\"e-con-inner\">\n\t\t<div class=\"elementor-element elementor-element-5d958741 e-con-full e-flex e-con e-child\" data-id=\"5d958741\" data-element_type=\"container\">\n\t\t\t\t<div class=\"elementor-element elementor-element-6bbbf6a1 elementor-widget elementor-widget-bopea-section-title\" data-id=\"6bbbf6a1\" data-element_type=\"widget\" data-widget_type=\"bopea-section-title.default\">\n\t\t\t\t<div class=\"elementor-widget-container\">\n\t\t\t\t\t          <div class=\"jlcus_sec_title jl_sec_style15 jl_secf_menu jl_secb_menu no\">\n            <div class=\"jlcus_sect_inner\">\n                                    <h2 class=\"jl-heading-text\">\n                                                <span class=\"jl_ttw\">World News<\/span>                                          <\/h2>\n                                                      <p class=\"jl_sct_bt\">\n                        <a href=\"#\" class=\"jlopt-text-link\">                        <span class=\"jl_bt_inner\">\n                        <span>Find more<\/span>\n                        <i class=\"jli-carrow\"><\/i>                        <\/span>\n                        <\/a>                  <\/p>\n                              <\/div>                    \n                      <\/div>                    \n    \t\t\t\t<\/div>\n\t\t\t\t<\/div>\n\t\t<div class=\"elementor-element elementor-element-66a8093d e-con-full e-flex e-con e-child\" data-id=\"66a8093d\" data-element_type=\"container\">\n\t\t\t\t<div class=\"elementor-element elementor-element-13ae193f elementor-widget__width-initial elementor-widget elementor-widget-bopea-feature-layout16\" data-id=\"13ae193f\" data-element_type=\"widget\" data-widget_type=\"bopea-feature-layout16.default\">\n\t\t\t\t<div class=\"elementor-widget-container\">\n\t\t\t\t\t\t\t<div id=\"blockid_13ae193f\" class=\"block-section jl-main-block\" data-blockid=\"blockid_13ae193f\" data-section_style=\"jl_feature_16\" data-post_type=\"post\" data-post_type_tax=\"none\" data-page_max=\"179\" data-page_current=\"1\" data-author=\"none\" data-order=\"date_post\" data-posts_per_page=\"3\" data-offset=\"20\" data-tabs_link=\"none\" >\t\t\r\n\t\t\t\t<div class=\"jl_mb_wrap_f jl_wrap_eb jl_clear_at\">\r\n\t\t\t<div class=\"jl-roww jl_contain jl_contain_mix jl-col-row\">\t\t\t\t\r\n\t\t\t\t<div class=\"jl_fr16_wrap\"> <div class=\"jl_fr16_inner\">\t\t<div class=\"jl_en_lfr\">\r\n\t\t\t<div class=\"jl_cgrid_layout jl_frsha jl_lisep\">\r\n\t\t\t\t\t\t\t\t\t\t\t<div class=\"jl_imgw jl_radus_e\">\r\n\t\t\t\t\t\t\t<div class=\"jl_imgin\">\r\n\t\t\t\t\t\t\t\t\t\t<img loading=\"lazy\" decoding=\"async\" width=\"600\" height=\"307\" src=\"https:\/\/gabonnouvellevision.com\/gnv\/wp-content\/uploads\/2025\/09\/546803717_1318780632976014_8705480530500575516_n-20x10.jpg\" class=\"attachment-bopea_layouts size-bopea_layouts jl-lazyload lazyload wp-post-image\" alt=\"\" data-src=\"https:\/\/gabonnouvellevision.com\/gnv\/wp-content\/uploads\/2025\/09\/546803717_1318780632976014_8705480530500575516_n.jpg\" \/>\t\t\t                \r\n\t\t\t\t\t\t\t<\/div>\r\n\t\t\t\t\t\t\t\t\t\t\t\t\t\t\t\t\t\t\t\t\t<a class=\"jl_imgl\" aria-label=\"Crise politique en France: Emmanuel Macron sur des charbons ardents par Fidel Biteghe\" href=\"https:\/\/gabonnouvellevision.com\/gnv\/2025\/09\/12\/crise-politique-en-france-emmanuel-macron-sur-des-charbons-ardents-par-fidel-biteghe\/\"><\/a>\r\n\t\t\t\t\t\t\t<span class=\"jl_f_cat jl_lb5\"><a class=\"jl_cat_lbl jl_cat57\" href=\"https:\/\/gabonnouvellevision.com\/gnv\/category\/a-la-une\/\"><span>A la une<\/span><\/a><a class=\"jl_cat_lbl jl_cat55\" href=\"https:\/\/gabonnouvellevision.com\/gnv\/category\/actualites\/\"><span>Actualites<\/span><\/a><a class=\"jl_cat_lbl jl_cat66\" href=\"https:\/\/gabonnouvellevision.com\/gnv\/category\/diplomatie\/\"><span>Diplomatie<\/span><\/a><\/span>\t\t\t\t\t\t<\/div> \r\n\t\t\t\t\t                            \r\n\t\t\t\t\t<div class=\"jl_fe_text\">\r\n\t\t\t\t\t\t\t\t\t\t\t\t\t\t\t\t\t\t<h2 class=\"h3 jl_fe_title jl_txt_2row\"><a href=\"https:\/\/gabonnouvellevision.com\/gnv\/2025\/09\/12\/crise-politique-en-france-emmanuel-macron-sur-des-charbons-ardents-par-fidel-biteghe\/\">Crise politique en France: Emmanuel Macron sur des charbons ardents par Fidel Biteghe<\/a><\/h2>\r\n\t\t\t\t\t\t\t\t\t\t\t\t<p class=\"jl_fe_des\">La France se trouve frapp\u00e9e par une crise sociale, sans pr\u00e9c\u00e9dent, \u00e0 la suite de la destitution du Premier Ministre Fran\u00e7ois Bayrou, par... <\/p>\r\n\t\t\t\t\t\t<span class=\"jl_post_meta\"><span class=\"jl_author_img_w\">By<a href=\"https:\/\/gabonnouvellevision.com\/gnv\/author\/rufin\/\" title=\"Articles par Eyeng Obame\" rel=\"author\">Eyeng Obame<\/a><\/span><span class=\"post-date\">12 septembre 2025<\/span><span class=\"jl_fot_share_i jl_share_l_bg jls_tooltip\"><i class=\"jli-share\"><\/i><span class=\"jls_tooltip_w jls_tooltip-top\"><span class=\"jls_tooltiptext\"><span class=\"jls_tooltip_in\">                <span class=\"jl_sli_in\">\r\n                    <span class=\"jl_sli_fb jl_shli\"><a class=\"jl_sshl\" href=\"http:\/\/www.facebook.com\/sharer.php?u=https%3A%2F%2Fgabonnouvellevision.com%2Fgnv%2F2025%2F09%2F12%2Fcrise-politique-en-france-emmanuel-macron-sur-des-charbons-ardents-par-fidel-biteghe%2F\" rel=\"nofollow\"><i class=\"jli-facebook\"><\/i><\/a><\/span>\r\n                    <span class=\"jl_sli_tw jl_shli\"><a class=\"jl_sshl\" href=\"https:\/\/twitter.com\/intent\/tweet?text=Crise%20politique%20en%20France%3A%20Emmanuel%20Macron%20sur%20des%20charbons%20ardents%20par%20Fidel%20Biteghe&amp;url=https%3A%2F%2Fgabonnouvellevision.com%2Fgnv%2F2025%2F09%2F12%2Fcrise-politique-en-france-emmanuel-macron-sur-des-charbons-ardents-par-fidel-biteghe%2F\" rel=\"nofollow\"><i class=\"jli-x\"><\/i><\/a><\/span>\r\n                    <span class=\"jl_sli_pi jl_shli\"><a class=\"jl_sshl\" href=\"http:\/\/pinterest.com\/pin\/create\/bookmarklet\/?url=https%3A%2F%2Fgabonnouvellevision.com%2Fgnv%2F2025%2F09%2F12%2Fcrise-politique-en-france-emmanuel-macron-sur-des-charbons-ardents-par-fidel-biteghe%2F>&amp;media=https:\/\/gabonnouvellevision.com\/gnv\/wp-content\/uploads\/2025\/09\/546803717_1318780632976014_8705480530500575516_n.jpg\" rel=\"nofollow\"><i class=\"jli-pinterest\"><\/i><\/a><\/span>\r\n                    <span class=\"jl_sli_din jl_shli\"><a class=\"jl_sshl\" href=\"http:\/\/www.linkedin.com\/shareArticle?url=https%3A%2F%2Fgabonnouvellevision.com%2Fgnv%2F2025%2F09%2F12%2Fcrise-politique-en-france-emmanuel-macron-sur-des-charbons-ardents-par-fidel-biteghe%2F\" rel=\"nofollow\"><i class=\"jli-linkedin\"><\/i><\/a><\/span>\r\n                    <span class=\"jl_sli_wapp jl_shli\"><a class=\"jl_sshl\" href=\"https:\/\/api.whatsapp.com\/send?text=https%3A%2F%2Fgabonnouvellevision.com%2Fgnv%2F2025%2F09%2F12%2Fcrise-politique-en-france-emmanuel-macron-sur-des-charbons-ardents-par-fidel-biteghe%2F\" data-action=\"share\/whatsapp\/share\" rel=\"nofollow\"><i class=\"jli-whatsapp\"><\/i><\/a><\/span>                                        \r\n                <\/span>            \r\n    <\/span><\/span><\/span><\/span><\/span>                \r\n\t\t\t\t\t<\/div>\r\n\t\t\t<\/div>\r\n\t\t<\/div>\r\n\t\t\t\t<div class=\"jl_mmlistw jl_lisep\">\r\n\t\t\t\t<div class=\"jl_mmlistc\">\r\n\t\t\t\t\t<div class=\"jl_mmlist_layout\">\r\n\t\t\t\t\t\t<div class=\"jl_li_in\">\r\n\t\t\t\t\t    \t\t\t\t\t        <div class=\"jl_img_holder\">\r\n\t\t\t\t\t\t        <div class=\"jl_imgw jl_radus_e\">\r\n\t\t\t\t\t\t            <div class=\"jl_imgin\">\r\n\t\t\t\t\t\t\t\t\t<img loading=\"lazy\" decoding=\"async\" width=\"200\" height=\"121\" src=\"https:\/\/gabonnouvellevision.com\/gnv\/wp-content\/uploads\/2025\/09\/546403391_122273035700025336_2084924333513847541_n-20x12.jpg\" class=\"attachment-bopea_small size-bopea_small jl-lazyload lazyload wp-post-image\" alt=\"\" data-src=\"https:\/\/gabonnouvellevision.com\/gnv\/wp-content\/uploads\/2025\/09\/546403391_122273035700025336_2084924333513847541_n-200x121.jpg\" \/>\t\t\t\t\t\t            <\/div>\t\t\t\t            \r\n\t\t\t\t\t\t            <a class=\"jl_imgl\" aria-label=\"Les Chefs d\u2019Etat de la CEMAC \u00e0 Bangui\" href=\"https:\/\/gabonnouvellevision.com\/gnv\/2025\/09\/11\/les-chefs-detat-de-la-cemac-a-bangui\/\"><\/a>\r\n\t\t\t\t\t\t        <\/div> \r\n\t\t\t\t\t        <\/div> \r\n\t\t\t\t\t    \t\t\t\t\t    <div class=\"jl_fe_text\">   \r\n\t\t\t\t\t\t\t<span class=\"jl_f_cat jl_lb1\"><a class=\"jl_cat_txt jl_cat57\" href=\"https:\/\/gabonnouvellevision.com\/gnv\/category\/a-la-une\/\"><span>A la une<\/span><\/a><a class=\"jl_cat_txt jl_cat55\" href=\"https:\/\/gabonnouvellevision.com\/gnv\/category\/actualites\/\"><span>Actualites<\/span><\/a><a class=\"jl_cat_txt jl_cat66\" href=\"https:\/\/gabonnouvellevision.com\/gnv\/category\/diplomatie\/\"><span>Diplomatie<\/span><\/a><\/span> \r\n\t\t\t\t\t        \t\t\t\t\t\t\t<h3 class=\"h3 jl_fe_title jl_txt_2row\"><a href=\"https:\/\/gabonnouvellevision.com\/gnv\/2025\/09\/11\/les-chefs-detat-de-la-cemac-a-bangui\/\">Les Chefs d\u2019Etat de la CEMAC \u00e0 Bangui<\/a><\/h3>\r\n\t\t\t\t\t\t\t\t\t\t\t\t        <span class=\"jl_post_meta\"><span class=\"post-date\">11 septembre 2025<\/span><span class=\"jl_fot_share_i jl_share_l_bg jls_tooltip\"><i class=\"jli-share\"><\/i><span class=\"jls_tooltip_w jls_tooltip-top\"><span class=\"jls_tooltiptext\"><span class=\"jls_tooltip_in\">                <span class=\"jl_sli_in\">\r\n                    <span class=\"jl_sli_fb jl_shli\"><a class=\"jl_sshl\" href=\"http:\/\/www.facebook.com\/sharer.php?u=https%3A%2F%2Fgabonnouvellevision.com%2Fgnv%2F2025%2F09%2F11%2Fles-chefs-detat-de-la-cemac-a-bangui%2F\" rel=\"nofollow\"><i class=\"jli-facebook\"><\/i><\/a><\/span>\r\n                    <span class=\"jl_sli_tw jl_shli\"><a class=\"jl_sshl\" href=\"https:\/\/twitter.com\/intent\/tweet?text=Les%20Chefs%20d%E2%80%99Etat%20de%20la%20CEMAC%20%C3%A0%20Bangui&amp;url=https%3A%2F%2Fgabonnouvellevision.com%2Fgnv%2F2025%2F09%2F11%2Fles-chefs-detat-de-la-cemac-a-bangui%2F\" rel=\"nofollow\"><i class=\"jli-x\"><\/i><\/a><\/span>\r\n                    <span class=\"jl_sli_pi jl_shli\"><a class=\"jl_sshl\" href=\"http:\/\/pinterest.com\/pin\/create\/bookmarklet\/?url=https%3A%2F%2Fgabonnouvellevision.com%2Fgnv%2F2025%2F09%2F11%2Fles-chefs-detat-de-la-cemac-a-bangui%2F>&amp;media=https:\/\/gabonnouvellevision.com\/gnv\/wp-content\/uploads\/2025\/09\/546403391_122273035700025336_2084924333513847541_n.jpg\" rel=\"nofollow\"><i class=\"jli-pinterest\"><\/i><\/a><\/span>\r\n                    <span class=\"jl_sli_din jl_shli\"><a class=\"jl_sshl\" href=\"http:\/\/www.linkedin.com\/shareArticle?url=https%3A%2F%2Fgabonnouvellevision.com%2Fgnv%2F2025%2F09%2F11%2Fles-chefs-detat-de-la-cemac-a-bangui%2F\" rel=\"nofollow\"><i class=\"jli-linkedin\"><\/i><\/a><\/span>\r\n                    <span class=\"jl_sli_wapp jl_shli\"><a class=\"jl_sshl\" href=\"https:\/\/api.whatsapp.com\/send?text=https%3A%2F%2Fgabonnouvellevision.com%2Fgnv%2F2025%2F09%2F11%2Fles-chefs-detat-de-la-cemac-a-bangui%2F\" data-action=\"share\/whatsapp\/share\" rel=\"nofollow\"><i class=\"jli-whatsapp\"><\/i><\/a><\/span>                                        \r\n                <\/span>            \r\n    <\/span><\/span><\/span><\/span><\/span>                \r\n\t\t\t\t\t    <\/div>\r\n\t\t\t\t\t<\/div>\r\n\t\t\t\t<\/div>\r\n\t\t\t\t<\/div>\r\n\t\t\t<\/div>\r\n\t\t\t\t<div class=\"jl_mmlistw jl_lisep\">\r\n\t\t\t\t<div class=\"jl_mmlistc\">\r\n\t\t\t\t\t<div class=\"jl_mmlist_layout\">\r\n\t\t\t\t\t\t<div class=\"jl_li_in\">\r\n\t\t\t\t\t    \t\t\t\t\t        <div class=\"jl_img_holder\">\r\n\t\t\t\t\t\t        <div class=\"jl_imgw jl_radus_e\">\r\n\t\t\t\t\t\t            <div class=\"jl_imgin\">\r\n\t\t\t\t\t\t\t\t\t<img loading=\"lazy\" decoding=\"async\" width=\"200\" height=\"124\" src=\"https:\/\/gabonnouvellevision.com\/gnv\/wp-content\/uploads\/2025\/09\/546558244_122272800350025336_3253921943185644701_n-20x12.jpg\" class=\"attachment-bopea_small size-bopea_small jl-lazyload lazyload wp-post-image\" alt=\"\" data-src=\"https:\/\/gabonnouvellevision.com\/gnv\/wp-content\/uploads\/2025\/09\/546558244_122272800350025336_3253921943185644701_n-200x124.jpg\" \/>\t\t\t\t\t\t            <\/div>\t\t\t\t            \r\n\t\t\t\t\t\t            <a class=\"jl_imgl\" aria-label=\"Abdou Abarry de l\u2019UNOCA chez le Pr\u00e9sident Oligui Nguema\" href=\"https:\/\/gabonnouvellevision.com\/gnv\/2025\/09\/10\/abdou-abarry-de-lunoca-chez-le-president-oligui-nguema\/\"><\/a>\r\n\t\t\t\t\t\t        <\/div> \r\n\t\t\t\t\t        <\/div> \r\n\t\t\t\t\t    \t\t\t\t\t    <div class=\"jl_fe_text\">   \r\n\t\t\t\t\t\t\t<span class=\"jl_f_cat jl_lb1\"><a class=\"jl_cat_txt jl_cat57\" href=\"https:\/\/gabonnouvellevision.com\/gnv\/category\/a-la-une\/\"><span>A la une<\/span><\/a><a class=\"jl_cat_txt jl_cat55\" href=\"https:\/\/gabonnouvellevision.com\/gnv\/category\/actualites\/\"><span>Actualites<\/span><\/a><a class=\"jl_cat_txt jl_cat66\" href=\"https:\/\/gabonnouvellevision.com\/gnv\/category\/diplomatie\/\"><span>Diplomatie<\/span><\/a><\/span> \r\n\t\t\t\t\t        \t\t\t\t\t\t\t<h3 class=\"h3 jl_fe_title jl_txt_2row\"><a href=\"https:\/\/gabonnouvellevision.com\/gnv\/2025\/09\/10\/abdou-abarry-de-lunoca-chez-le-president-oligui-nguema\/\">Abdou Abarry de l\u2019UNOCA chez le Pr\u00e9sident Oligui Nguema<\/a><\/h3>\r\n\t\t\t\t\t\t\t\t\t\t\t\t        <span class=\"jl_post_meta\"><span class=\"post-date\">10 septembre 2025<\/span><span class=\"jl_fot_share_i jl_share_l_bg jls_tooltip\"><i class=\"jli-share\"><\/i><span class=\"jls_tooltip_w jls_tooltip-top\"><span class=\"jls_tooltiptext\"><span class=\"jls_tooltip_in\">                <span class=\"jl_sli_in\">\r\n                    <span class=\"jl_sli_fb jl_shli\"><a class=\"jl_sshl\" href=\"http:\/\/www.facebook.com\/sharer.php?u=https%3A%2F%2Fgabonnouvellevision.com%2Fgnv%2F2025%2F09%2F10%2Fabdou-abarry-de-lunoca-chez-le-president-oligui-nguema%2F\" rel=\"nofollow\"><i class=\"jli-facebook\"><\/i><\/a><\/span>\r\n                    <span class=\"jl_sli_tw jl_shli\"><a class=\"jl_sshl\" href=\"https:\/\/twitter.com\/intent\/tweet?text=Abdou%20Abarry%20de%20l%E2%80%99UNOCA%20chez%20le%20Pr%C3%A9sident%20Oligui%20Nguema&amp;url=https%3A%2F%2Fgabonnouvellevision.com%2Fgnv%2F2025%2F09%2F10%2Fabdou-abarry-de-lunoca-chez-le-president-oligui-nguema%2F\" rel=\"nofollow\"><i class=\"jli-x\"><\/i><\/a><\/span>\r\n                    <span class=\"jl_sli_pi jl_shli\"><a class=\"jl_sshl\" href=\"http:\/\/pinterest.com\/pin\/create\/bookmarklet\/?url=https%3A%2F%2Fgabonnouvellevision.com%2Fgnv%2F2025%2F09%2F10%2Fabdou-abarry-de-lunoca-chez-le-president-oligui-nguema%2F>&amp;media=https:\/\/gabonnouvellevision.com\/gnv\/wp-content\/uploads\/2025\/09\/546558244_122272800350025336_3253921943185644701_n.jpg\" rel=\"nofollow\"><i class=\"jli-pinterest\"><\/i><\/a><\/span>\r\n                    <span class=\"jl_sli_din jl_shli\"><a class=\"jl_sshl\" href=\"http:\/\/www.linkedin.com\/shareArticle?url=https%3A%2F%2Fgabonnouvellevision.com%2Fgnv%2F2025%2F09%2F10%2Fabdou-abarry-de-lunoca-chez-le-president-oligui-nguema%2F\" rel=\"nofollow\"><i class=\"jli-linkedin\"><\/i><\/a><\/span>\r\n                    <span class=\"jl_sli_wapp jl_shli\"><a class=\"jl_sshl\" href=\"https:\/\/api.whatsapp.com\/send?text=https%3A%2F%2Fgabonnouvellevision.com%2Fgnv%2F2025%2F09%2F10%2Fabdou-abarry-de-lunoca-chez-le-president-oligui-nguema%2F\" data-action=\"share\/whatsapp\/share\" rel=\"nofollow\"><i class=\"jli-whatsapp\"><\/i><\/a><\/span>                                        \r\n                <\/span>            \r\n    <\/span><\/span><\/span><\/span><\/span>                \r\n\t\t\t\t\t    <\/div>\r\n\t\t\t\t\t<\/div>\r\n\t\t\t\t<\/div>\r\n\t\t\t\t<\/div>\r\n\t\t\t<\/div>\r\n\t<\/div><\/div>\t\t\t\t\t\t\t\t\r\n\t\t\t<\/div>\r\n\t\t\t\t\t<\/div>\t\t\t\r\n\t\t\t<\/div>\t\t\t\t<\/div>\n\t\t\t\t<\/div>\n\t\t\t\t<div class=\"elementor-element elementor-element-3758624f elementor-widget__width-initial elementor-widget elementor-widget-bopea-grid-post\" data-id=\"3758624f\" data-element_type=\"widget\" data-widget_type=\"bopea-grid-post.default\">\n\t\t\t\t<div class=\"elementor-widget-container\">\n\t\t\t\t\t\t\t<div class=\"jl_clear_at block-section jl-main-block jl_hide_col_line jl_num_top\" data-blockid=\"blockid_3758624f\" data-section_style=\"jl_mgrid\" data-post_type=\"post\" data-post_type_tax=\"none\" data-page_max=\"269\" data-page_current=\"1\" data-author=\"none\" data-order=\"date_post\" data-posts_per_page=\"2\" data-offset=\"23\" data-tabs_link=\"none\" >\t\t\r\n\t\t\t\t\t<div class=\"jl_grid_wrap_f jl_wrap_eb jl_clear_at\">\r\n\t\t\t<div class=\"jl-roww jl_contain jl_cgrid_wrap jl-col-row\">\r\n\t\t\t\t\t\t\t<div class=\"jl_cgrid_layout jl_frsha jl_in_num jl_numl\">\r\n\t\t\t    \t\t\t        <div class=\"jl_img_holder\">\r\n\t\t\t        <div class=\"jl_imgw jl_radus_e\">\r\n\t\t\t            <div class=\"jl_imgin\">\r\n\t\t\t\t\t\t\t\t<img loading=\"lazy\" decoding=\"async\" width=\"500\" height=\"261\" src=\"https:\/\/gabonnouvellevision.com\/gnv\/wp-content\/uploads\/2025\/05\/8354478516128887058-20x10.jpeg\" class=\"attachment-bopea_layouts size-bopea_layouts jl-lazyload lazyload wp-post-image\" alt=\"\" data-src=\"https:\/\/gabonnouvellevision.com\/gnv\/wp-content\/uploads\/2025\/05\/8354478516128887058.jpeg\" \/>\t\t\t            <\/div>\r\n\t\t\t            \t\t\t            \t\t\t            <a class=\"jl_imgl\" aria-label=\"Communiqu\u00e9 Final du Conseil des Ministres du 08 Septembre 2025\" href=\"https:\/\/gabonnouvellevision.com\/gnv\/2025\/09\/09\/communique-final-du-conseil-des-ministres-du-08-septembre-2025\/\"><\/a>\r\n\t\t\t\t\t\t<span class=\"jl_f_cat jl_lb5\"><a class=\"jl_cat_lbl jl_cat57\" href=\"https:\/\/gabonnouvellevision.com\/gnv\/category\/a-la-une\/\"><span>A la une<\/span><\/a><a class=\"jl_cat_lbl jl_cat55\" href=\"https:\/\/gabonnouvellevision.com\/gnv\/category\/actualites\/\"><span>Actualites<\/span><\/a><a class=\"jl_cat_lbl jl_cat65\" href=\"https:\/\/gabonnouvellevision.com\/gnv\/category\/politique-podcasts\/\"><span>Politique<\/span><\/a><\/span>\t\t\t        <\/div>\r\n\t\t\t        <\/div>\r\n\t\t\t    \t\t\t    <div class=\"jl_fe_text jl_nun_i\">\r\n\t\t\t\t\t<span class=\"jl_nun_d\"><\/span>\r\n\t\t\t        \t\t\t\t\t\t\t\t        <h2 class=\"h2 jl_fe_title jl_txt_2row\"><a href=\"https:\/\/gabonnouvellevision.com\/gnv\/2025\/09\/09\/communique-final-du-conseil-des-ministres-du-08-septembre-2025\/\">Communiqu\u00e9 Final du Conseil des Ministres du 08 Septembre 2025<\/a><\/h2>\r\n\t\t\t\t\t\t\t\t        <p class=\"jl_fe_des\">Sous la Tr\u00e8s Haute Pr\u00e9sidence de Son Excellence Brice Clotaire OLIGUI NGUEMA, Pr\u00e9sident de la R\u00e9publique, Chef de l\u2019Etat, Chef du Gouvernement, le... <\/p>\r\n\t\t\t        <span class=\"jl_post_meta\"><span class=\"jl_author_img_w\">By<a href=\"https:\/\/gabonnouvellevision.com\/gnv\/author\/rufin\/\" title=\"Articles par Eyeng Obame\" rel=\"author\">Eyeng Obame<\/a><\/span><span class=\"post-date\">9 septembre 2025<\/span><span class=\"jl_fot_share_i jl_share_l_bg jls_tooltip\"><i class=\"jli-share\"><\/i><span class=\"jls_tooltip_w jls_tooltip-top\"><span class=\"jls_tooltiptext\"><span class=\"jls_tooltip_in\">                <span class=\"jl_sli_in\">\r\n                    <span class=\"jl_sli_fb jl_shli\"><a class=\"jl_sshl\" href=\"http:\/\/www.facebook.com\/sharer.php?u=https%3A%2F%2Fgabonnouvellevision.com%2Fgnv%2F2025%2F09%2F09%2Fcommunique-final-du-conseil-des-ministres-du-08-septembre-2025%2F\" rel=\"nofollow\"><i class=\"jli-facebook\"><\/i><\/a><\/span>\r\n                    <span class=\"jl_sli_tw jl_shli\"><a class=\"jl_sshl\" href=\"https:\/\/twitter.com\/intent\/tweet?text=Communiqu%C3%A9%20Final%20du%20Conseil%20des%20Ministres%20du%2008%20Septembre%202025&amp;url=https%3A%2F%2Fgabonnouvellevision.com%2Fgnv%2F2025%2F09%2F09%2Fcommunique-final-du-conseil-des-ministres-du-08-septembre-2025%2F\" rel=\"nofollow\"><i class=\"jli-x\"><\/i><\/a><\/span>\r\n                    <span class=\"jl_sli_pi jl_shli\"><a class=\"jl_sshl\" href=\"http:\/\/pinterest.com\/pin\/create\/bookmarklet\/?url=https%3A%2F%2Fgabonnouvellevision.com%2Fgnv%2F2025%2F09%2F09%2Fcommunique-final-du-conseil-des-ministres-du-08-septembre-2025%2F>&amp;media=https:\/\/gabonnouvellevision.com\/gnv\/wp-content\/uploads\/2025\/05\/8354478516128887058.jpeg\" rel=\"nofollow\"><i class=\"jli-pinterest\"><\/i><\/a><\/span>\r\n                    <span class=\"jl_sli_din jl_shli\"><a class=\"jl_sshl\" href=\"http:\/\/www.linkedin.com\/shareArticle?url=https%3A%2F%2Fgabonnouvellevision.com%2Fgnv%2F2025%2F09%2F09%2Fcommunique-final-du-conseil-des-ministres-du-08-septembre-2025%2F\" rel=\"nofollow\"><i class=\"jli-linkedin\"><\/i><\/a><\/span>\r\n                    <span class=\"jl_sli_wapp jl_shli\"><a class=\"jl_sshl\" href=\"https:\/\/api.whatsapp.com\/send?text=https%3A%2F%2Fgabonnouvellevision.com%2Fgnv%2F2025%2F09%2F09%2Fcommunique-final-du-conseil-des-ministres-du-08-septembre-2025%2F\" data-action=\"share\/whatsapp\/share\" rel=\"nofollow\"><i class=\"jli-whatsapp\"><\/i><\/a><\/span>                                        \r\n                <\/span>            \r\n    <\/span><\/span><\/span><\/span><\/span>\t\t\t    <\/div>\r\n\t\t\t<\/div>\r\n\t\t\t\t\t\t\t<div class=\"jl_cgrid_layout jl_frsha jl_in_num jl_numl\">\r\n\t\t\t    \t\t\t        <div class=\"jl_img_holder\">\r\n\t\t\t        <div class=\"jl_imgw jl_radus_e\">\r\n\t\t\t            <div class=\"jl_imgin\">\r\n\t\t\t\t\t\t\t\t<img loading=\"lazy\" decoding=\"async\" width=\"680\" height=\"439\" src=\"https:\/\/gabonnouvellevision.com\/gnv\/wp-content\/uploads\/2025\/09\/544420296_122272382060025336_639187361171886701_n-20x13.jpg\" class=\"attachment-bopea_layouts size-bopea_layouts jl-lazyload lazyload wp-post-image\" alt=\"\" data-src=\"https:\/\/gabonnouvellevision.com\/gnv\/wp-content\/uploads\/2025\/09\/544420296_122272382060025336_639187361171886701_n-680x439.jpg\" \/>\t\t\t            <\/div>\r\n\t\t\t            \t\t\t            \t\t\t            <a class=\"jl_imgl\" aria-label=\"Oligui Nguema pr\u00e9sent au sommet de la CEEAC \u00e0 Malabo\" href=\"https:\/\/gabonnouvellevision.com\/gnv\/2025\/09\/08\/oligui-nguema-present-au-sommet-de-la-ceeac-a-malabo\/\"><\/a>\r\n\t\t\t\t\t\t<span class=\"jl_f_cat jl_lb5\"><a class=\"jl_cat_lbl jl_cat57\" href=\"https:\/\/gabonnouvellevision.com\/gnv\/category\/a-la-une\/\"><span>A la une<\/span><\/a><a class=\"jl_cat_lbl jl_cat55\" href=\"https:\/\/gabonnouvellevision.com\/gnv\/category\/actualites\/\"><span>Actualites<\/span><\/a><a class=\"jl_cat_lbl jl_cat66\" href=\"https:\/\/gabonnouvellevision.com\/gnv\/category\/diplomatie\/\"><span>Diplomatie<\/span><\/a><\/span>\t\t\t        <\/div>\r\n\t\t\t        <\/div>\r\n\t\t\t    \t\t\t    <div class=\"jl_fe_text jl_nun_i\">\r\n\t\t\t\t\t<span class=\"jl_nun_d\"><\/span>\r\n\t\t\t        \t\t\t\t\t\t\t\t        <h2 class=\"h2 jl_fe_title jl_txt_2row\"><a href=\"https:\/\/gabonnouvellevision.com\/gnv\/2025\/09\/08\/oligui-nguema-present-au-sommet-de-la-ceeac-a-malabo\/\">Oligui Nguema pr\u00e9sent au sommet de la CEEAC \u00e0 Malabo<\/a><\/h2>\r\n\t\t\t\t\t\t\t\t        <p class=\"jl_fe_des\">Le Pr\u00e9sident de la R\u00e9publique, Brice Clotaire Oligui Nguema, a particip\u00e9 hier \u00e0 Malabo en Guin\u00e9e \u00e9quatoriale \u00e0 la 7\u1d49 Session Extraordinaire de... <\/p>\r\n\t\t\t        <span class=\"jl_post_meta\"><span class=\"jl_author_img_w\">By<a href=\"https:\/\/gabonnouvellevision.com\/gnv\/author\/rufin\/\" title=\"Articles par Eyeng Obame\" rel=\"author\">Eyeng Obame<\/a><\/span><span class=\"post-date\">8 septembre 2025<\/span><span class=\"jl_fot_share_i jl_share_l_bg jls_tooltip\"><i class=\"jli-share\"><\/i><span class=\"jls_tooltip_w jls_tooltip-top\"><span class=\"jls_tooltiptext\"><span class=\"jls_tooltip_in\">                <span class=\"jl_sli_in\">\r\n                    <span class=\"jl_sli_fb jl_shli\"><a class=\"jl_sshl\" href=\"http:\/\/www.facebook.com\/sharer.php?u=https%3A%2F%2Fgabonnouvellevision.com%2Fgnv%2F2025%2F09%2F08%2Foligui-nguema-present-au-sommet-de-la-ceeac-a-malabo%2F\" rel=\"nofollow\"><i class=\"jli-facebook\"><\/i><\/a><\/span>\r\n                    <span class=\"jl_sli_tw jl_shli\"><a class=\"jl_sshl\" href=\"https:\/\/twitter.com\/intent\/tweet?text=Oligui%20Nguema%20pr%C3%A9sent%20au%20sommet%20de%20la%20CEEAC%20%C3%A0%20Malabo&amp;url=https%3A%2F%2Fgabonnouvellevision.com%2Fgnv%2F2025%2F09%2F08%2Foligui-nguema-present-au-sommet-de-la-ceeac-a-malabo%2F\" rel=\"nofollow\"><i class=\"jli-x\"><\/i><\/a><\/span>\r\n                    <span class=\"jl_sli_pi jl_shli\"><a class=\"jl_sshl\" href=\"http:\/\/pinterest.com\/pin\/create\/bookmarklet\/?url=https%3A%2F%2Fgabonnouvellevision.com%2Fgnv%2F2025%2F09%2F08%2Foligui-nguema-present-au-sommet-de-la-ceeac-a-malabo%2F>&amp;media=https:\/\/gabonnouvellevision.com\/gnv\/wp-content\/uploads\/2025\/09\/544420296_122272382060025336_639187361171886701_n-1600x1034.jpg\" rel=\"nofollow\"><i class=\"jli-pinterest\"><\/i><\/a><\/span>\r\n                    <span class=\"jl_sli_din jl_shli\"><a class=\"jl_sshl\" href=\"http:\/\/www.linkedin.com\/shareArticle?url=https%3A%2F%2Fgabonnouvellevision.com%2Fgnv%2F2025%2F09%2F08%2Foligui-nguema-present-au-sommet-de-la-ceeac-a-malabo%2F\" rel=\"nofollow\"><i class=\"jli-linkedin\"><\/i><\/a><\/span>\r\n                    <span class=\"jl_sli_wapp jl_shli\"><a class=\"jl_sshl\" href=\"https:\/\/api.whatsapp.com\/send?text=https%3A%2F%2Fgabonnouvellevision.com%2Fgnv%2F2025%2F09%2F08%2Foligui-nguema-present-au-sommet-de-la-ceeac-a-malabo%2F\" data-action=\"share\/whatsapp\/share\" rel=\"nofollow\"><i class=\"jli-whatsapp\"><\/i><\/a><\/span>                                        \r\n                <\/span>            \r\n    <\/span><\/span><\/span><\/span><\/span>\t\t\t    <\/div>\r\n\t\t\t<\/div>\r\n\t\t\t<\/div><\/div><\/div>\t\t\t\t<\/div>\n\t\t\t\t<\/div>\n\t\t\t\t<\/div>\n\t\t\t\t<\/div>\n\t\t<div class=\"elementor-element elementor-element-596b0a4f e-con-full e-flex e-con e-child\" data-id=\"596b0a4f\" data-element_type=\"container\">\n\t\t\t\t<div class=\"elementor-element elementor-element-555b97e6 elementor-widget elementor-widget-bopea-section-ads-img\" data-id=\"555b97e6\" data-element_type=\"widget\" data-widget_type=\"bopea-section-ads-img.default\">\n\t\t\t\t<div class=\"elementor-widget-container\">\n\t\t\t\t\t                        <div class=\"jl_ads_img_w\">\n                                                    <div class=\"jl_ads_inner\">\n                            <img loading=\"lazy\" decoding=\"async\" class=\"jl_ads_img lazyload\" src=\"data:image\/gif;base64,R0lGODlhAQABAAAAACH5BAEKAAEALAAAAAABAAEAAAICTAEAOw==\" data-src=\"https:\/\/jellywp.com\/wp\/bopea3\/wp-content\/uploads\/sites\/6\/2024\/10\/adssq.jpg\" width=\"672\" height=\"560\" alt=\"ads image\"\/>                            <\/div>\n                        <\/div>\n        \t\t\t\t<\/div>\n\t\t\t\t<\/div>\n\t\t\t\t<div class=\"elementor-element elementor-element-25f35b09 elementor-widget elementor-widget-bopea-section-title\" data-id=\"25f35b09\" data-element_type=\"widget\" data-widget_type=\"bopea-section-title.default\">\n\t\t\t\t<div class=\"elementor-widget-container\">\n\t\t\t\t\t          <div class=\"jlcus_sec_title jl_sec_style15 jl_secf_menu  \">\n            <div class=\"jlcus_sect_inner\">\n                                    <h2 class=\"jl-heading-text\">\n                                                <span class=\"jl_ttw\">Our Picks<\/span>                                          <\/h2>\n                                                <\/div>                    \n                      <\/div>                    \n    \t\t\t\t<\/div>\n\t\t\t\t<\/div>\n\t\t\t\t<div class=\"elementor-element elementor-element-7cfa5aa elementor-widget elementor-widget-bopea-xsmall-list\" data-id=\"7cfa5aa\" data-element_type=\"widget\" data-widget_type=\"bopea-xsmall-list.default\">\n\t\t\t\t<div class=\"elementor-widget-container\">\n\t\t\t\t\t\t\t<div class=\"jl_clear_at block-section jl-main-block jl_num_top jl_hide_col_line\" data-blockid=\"blockid_7cfa5aa\" data-section_style=\"jl_xsli\" data-post_type=\"post\" data-post_type_tax=\"none\" data-page_max=\"179\" data-page_current=\"1\" data-author=\"none\" data-order=\"date_post\" data-posts_per_page=\"3\" data-offset=\"25\" data-tabs_link=\"none\" >\r\n\t\t\t\t\t\t<div class=\"jl_grid_wrap_f jl_wrap_eb jl_xsgrid jl_clear_at\">\r\n\t\t\t\t<div class=\"jl-roww jl_contain jl_fli_wrap jl-col-row\">\t\t\t\t\t\r\n\t\t\t\t\t\t\t\t<div class=\"jl_mmlist_layout jl_lisep jl_risep jl_in_num jl_numl\">\r\n\t\t\t\t<div class=\"jl_li_in jl_nun_i\">\r\n\t\t\t\t<span class=\"jl_nun_d\"><\/span>\r\n\t\t\t    \t\t\t        <div class=\"jl_img_holder\">\r\n\t\t\t\t        <div class=\"jl_imgw jl_radus_e\">\r\n\t\t\t\t            <div class=\"jl_imgin\">\r\n\t\t\t\t\t\t\t<img loading=\"lazy\" decoding=\"async\" width=\"200\" height=\"113\" src=\"https:\/\/gabonnouvellevision.com\/gnv\/wp-content\/uploads\/2025\/09\/Gabon-Gabonmediatime_Jean-Yves-Ntoutoume-OPAM-20x11.jpg\" class=\"attachment-bopea_small size-bopea_small jl-lazyload lazyload wp-post-image\" alt=\"\" data-src=\"https:\/\/gabonnouvellevision.com\/gnv\/wp-content\/uploads\/2025\/09\/Gabon-Gabonmediatime_Jean-Yves-Ntoutoume-OPAM-200x113.jpg\" \/>\t\t\t\t            <\/div>\t\t\t\t            \t\t\t\t            \r\n\t\t\t\t            <a class=\"jl_imgl\" aria-label=\"L\u2019OPAM d\u00e9nonce la convocation des journalistes de Gabon M\u00e9dia Time par la DGR\" href=\"https:\/\/gabonnouvellevision.com\/gnv\/2025\/09\/03\/lopam-denonce-la-convocation-des-journalistes-de-gabon-media-time-par-la-dgr\/\"><\/a>\r\n\t\t\t\t        <\/div> \r\n\t\t\t        <\/div>\r\n\t\t\t                                \r\n\t\t\t    <div class=\"jl_fe_text\">    \r\n\t\t\t\t<span class=\"jl_f_cat jl_lb1\"><a class=\"jl_cat_txt jl_cat57\" href=\"https:\/\/gabonnouvellevision.com\/gnv\/category\/a-la-une\/\"><span>A la une<\/span><\/a><a class=\"jl_cat_txt jl_cat55\" href=\"https:\/\/gabonnouvellevision.com\/gnv\/category\/actualites\/\"><span>Actualites<\/span><\/a><a class=\"jl_cat_txt jl_cat68\" href=\"https:\/\/gabonnouvellevision.com\/gnv\/category\/culture\/\"><span>Culture<\/span><\/a><a class=\"jl_cat_txt jl_cat56\" href=\"https:\/\/gabonnouvellevision.com\/gnv\/category\/societe\/\"><span>Societe<\/span><\/a><\/span>\t\t\t\t\t\t\t\t\t\t<h2 class=\"h3 jl_fe_title jl_txt_2row\"><a href=\"https:\/\/gabonnouvellevision.com\/gnv\/2025\/09\/03\/lopam-denonce-la-convocation-des-journalistes-de-gabon-media-time-par-la-dgr\/\">L\u2019OPAM d\u00e9nonce la convocation des journalistes de Gabon M\u00e9dia Time par la DGR<\/a><\/h2>\t\t\t\r\n\t\t\t\t\t\t\t\t        <span class=\"jl_post_meta\"><span class=\"post-date\">3 septembre 2025<\/span><span class=\"jl_fot_share_i jl_share_l_bg jls_tooltip\"><i class=\"jli-share\"><\/i><span class=\"jls_tooltip_w jls_tooltip-top\"><span class=\"jls_tooltiptext\"><span class=\"jls_tooltip_in\">                <span class=\"jl_sli_in\">\r\n                    <span class=\"jl_sli_fb jl_shli\"><a class=\"jl_sshl\" href=\"http:\/\/www.facebook.com\/sharer.php?u=https%3A%2F%2Fgabonnouvellevision.com%2Fgnv%2F2025%2F09%2F03%2Flopam-denonce-la-convocation-des-journalistes-de-gabon-media-time-par-la-dgr%2F\" rel=\"nofollow\"><i class=\"jli-facebook\"><\/i><\/a><\/span>\r\n                    <span class=\"jl_sli_tw jl_shli\"><a class=\"jl_sshl\" href=\"https:\/\/twitter.com\/intent\/tweet?text=L%E2%80%99OPAM%20d%C3%A9nonce%20la%20convocation%20des%20journalistes%20de%20Gabon%20M%C3%A9dia%20Time%20par%20la%20DGR&amp;url=https%3A%2F%2Fgabonnouvellevision.com%2Fgnv%2F2025%2F09%2F03%2Flopam-denonce-la-convocation-des-journalistes-de-gabon-media-time-par-la-dgr%2F\" rel=\"nofollow\"><i class=\"jli-x\"><\/i><\/a><\/span>\r\n                    <span class=\"jl_sli_pi jl_shli\"><a class=\"jl_sshl\" href=\"http:\/\/pinterest.com\/pin\/create\/bookmarklet\/?url=https%3A%2F%2Fgabonnouvellevision.com%2Fgnv%2F2025%2F09%2F03%2Flopam-denonce-la-convocation-des-journalistes-de-gabon-media-time-par-la-dgr%2F>&amp;media=https:\/\/gabonnouvellevision.com\/gnv\/wp-content\/uploads\/2025\/09\/Gabon-Gabonmediatime_Jean-Yves-Ntoutoume-OPAM.jpg\" rel=\"nofollow\"><i class=\"jli-pinterest\"><\/i><\/a><\/span>\r\n                    <span class=\"jl_sli_din jl_shli\"><a class=\"jl_sshl\" href=\"http:\/\/www.linkedin.com\/shareArticle?url=https%3A%2F%2Fgabonnouvellevision.com%2Fgnv%2F2025%2F09%2F03%2Flopam-denonce-la-convocation-des-journalistes-de-gabon-media-time-par-la-dgr%2F\" rel=\"nofollow\"><i class=\"jli-linkedin\"><\/i><\/a><\/span>\r\n                    <span class=\"jl_sli_wapp jl_shli\"><a class=\"jl_sshl\" href=\"https:\/\/api.whatsapp.com\/send?text=https%3A%2F%2Fgabonnouvellevision.com%2Fgnv%2F2025%2F09%2F03%2Flopam-denonce-la-convocation-des-journalistes-de-gabon-media-time-par-la-dgr%2F\" data-action=\"share\/whatsapp\/share\" rel=\"nofollow\"><i class=\"jli-whatsapp\"><\/i><\/a><\/span>                                        \r\n                <\/span>            \r\n    <\/span><\/span><\/span><\/span><\/span>                \r\n\t\t\t    <\/div>\r\n\t\t\t\t<\/div>\r\n\t\t\t<\/div>\r\n\t\t\t\t\t\t<div class=\"jl_mmlist_layout jl_lisep jl_risep jl_in_num jl_numl\">\r\n\t\t\t\t<div class=\"jl_li_in jl_nun_i\">\r\n\t\t\t\t<span class=\"jl_nun_d\"><\/span>\r\n\t\t\t    \t\t\t        <div class=\"jl_img_holder\">\r\n\t\t\t\t        <div class=\"jl_imgw jl_radus_e\">\r\n\t\t\t\t            <div class=\"jl_imgin\">\r\n\t\t\t\t\t\t\t<img loading=\"lazy\" decoding=\"async\" width=\"200\" height=\"133\" src=\"https:\/\/gabonnouvellevision.com\/gnv\/wp-content\/uploads\/2025\/09\/540990694_122270799734025336_1595561648104404526_n-20x13.jpg\" class=\"attachment-bopea_small size-bopea_small jl-lazyload lazyload wp-post-image\" alt=\"\" data-src=\"https:\/\/gabonnouvellevision.com\/gnv\/wp-content\/uploads\/2025\/09\/540990694_122270799734025336_1595561648104404526_n-200x133.jpg\" \/>\t\t\t\t            <\/div>\t\t\t\t            \t\t\t\t            \r\n\t\t\t\t            <a class=\"jl_imgl\" aria-label=\"Oligui Nguema inaugure des infrastructures \u00e0 Tchibanga\" href=\"https:\/\/gabonnouvellevision.com\/gnv\/2025\/08\/29\/oligui-nguema-inaugure-des-infrastructures-a-tchibanga\/\"><\/a>\r\n\t\t\t\t        <\/div> \r\n\t\t\t        <\/div>\r\n\t\t\t                                \r\n\t\t\t    <div class=\"jl_fe_text\">    \r\n\t\t\t\t<span class=\"jl_f_cat jl_lb1\"><a class=\"jl_cat_txt jl_cat57\" href=\"https:\/\/gabonnouvellevision.com\/gnv\/category\/a-la-une\/\"><span>A la une<\/span><\/a><a class=\"jl_cat_txt jl_cat55\" href=\"https:\/\/gabonnouvellevision.com\/gnv\/category\/actualites\/\"><span>Actualites<\/span><\/a><a class=\"jl_cat_txt jl_cat20\" href=\"https:\/\/gabonnouvellevision.com\/gnv\/category\/social\/\"><span>Social<\/span><\/a><\/span>\t\t\t\t\t\t\t\t\t\t<h2 class=\"h3 jl_fe_title jl_txt_2row\"><a href=\"https:\/\/gabonnouvellevision.com\/gnv\/2025\/08\/29\/oligui-nguema-inaugure-des-infrastructures-a-tchibanga\/\">Oligui Nguema inaugure des infrastructures \u00e0 Tchibanga<\/a><\/h2>\t\t\t\r\n\t\t\t\t\t\t\t\t        <span class=\"jl_post_meta\"><span class=\"post-date\">29 ao\u00fbt 2025<\/span><span class=\"jl_fot_share_i jl_share_l_bg jls_tooltip\"><i class=\"jli-share\"><\/i><span class=\"jls_tooltip_w jls_tooltip-top\"><span class=\"jls_tooltiptext\"><span class=\"jls_tooltip_in\">                <span class=\"jl_sli_in\">\r\n                    <span class=\"jl_sli_fb jl_shli\"><a class=\"jl_sshl\" href=\"http:\/\/www.facebook.com\/sharer.php?u=https%3A%2F%2Fgabonnouvellevision.com%2Fgnv%2F2025%2F08%2F29%2Foligui-nguema-inaugure-des-infrastructures-a-tchibanga%2F\" rel=\"nofollow\"><i class=\"jli-facebook\"><\/i><\/a><\/span>\r\n                    <span class=\"jl_sli_tw jl_shli\"><a class=\"jl_sshl\" href=\"https:\/\/twitter.com\/intent\/tweet?text=Oligui%20Nguema%20inaugure%20des%20infrastructures%20%C3%A0%20Tchibanga&amp;url=https%3A%2F%2Fgabonnouvellevision.com%2Fgnv%2F2025%2F08%2F29%2Foligui-nguema-inaugure-des-infrastructures-a-tchibanga%2F\" rel=\"nofollow\"><i class=\"jli-x\"><\/i><\/a><\/span>\r\n                    <span class=\"jl_sli_pi jl_shli\"><a class=\"jl_sshl\" href=\"http:\/\/pinterest.com\/pin\/create\/bookmarklet\/?url=https%3A%2F%2Fgabonnouvellevision.com%2Fgnv%2F2025%2F08%2F29%2Foligui-nguema-inaugure-des-infrastructures-a-tchibanga%2F>&amp;media=https:\/\/gabonnouvellevision.com\/gnv\/wp-content\/uploads\/2025\/09\/540990694_122270799734025336_1595561648104404526_n-1600x1066.jpg\" rel=\"nofollow\"><i class=\"jli-pinterest\"><\/i><\/a><\/span>\r\n                    <span class=\"jl_sli_din jl_shli\"><a class=\"jl_sshl\" href=\"http:\/\/www.linkedin.com\/shareArticle?url=https%3A%2F%2Fgabonnouvellevision.com%2Fgnv%2F2025%2F08%2F29%2Foligui-nguema-inaugure-des-infrastructures-a-tchibanga%2F\" rel=\"nofollow\"><i class=\"jli-linkedin\"><\/i><\/a><\/span>\r\n                    <span class=\"jl_sli_wapp jl_shli\"><a class=\"jl_sshl\" href=\"https:\/\/api.whatsapp.com\/send?text=https%3A%2F%2Fgabonnouvellevision.com%2Fgnv%2F2025%2F08%2F29%2Foligui-nguema-inaugure-des-infrastructures-a-tchibanga%2F\" data-action=\"share\/whatsapp\/share\" rel=\"nofollow\"><i class=\"jli-whatsapp\"><\/i><\/a><\/span>                                        \r\n                <\/span>            \r\n    <\/span><\/span><\/span><\/span><\/span>                \r\n\t\t\t    <\/div>\r\n\t\t\t\t<\/div>\r\n\t\t\t<\/div>\r\n\t\t\t\t\t\t<div class=\"jl_mmlist_layout jl_lisep jl_risep jl_in_num jl_numl\">\r\n\t\t\t\t<div class=\"jl_li_in jl_nun_i\">\r\n\t\t\t\t<span class=\"jl_nun_d\"><\/span>\r\n\t\t\t    \t\t\t        <div class=\"jl_img_holder\">\r\n\t\t\t\t        <div class=\"jl_imgw jl_radus_e\">\r\n\t\t\t\t            <div class=\"jl_imgin\">\r\n\t\t\t\t\t\t\t<img loading=\"lazy\" decoding=\"async\" width=\"200\" height=\"134\" src=\"https:\/\/gabonnouvellevision.com\/gnv\/wp-content\/uploads\/2025\/08\/539091499_122270226692025336_8798581029409135134_n-20x13.jpg\" class=\"attachment-bopea_small size-bopea_small jl-lazyload lazyload wp-post-image\" alt=\"\" data-src=\"https:\/\/gabonnouvellevision.com\/gnv\/wp-content\/uploads\/2025\/08\/539091499_122270226692025336_8798581029409135134_n-200x134.jpg\" \/>\t\t\t\t            <\/div>\t\t\t\t            \t\t\t\t            \r\n\t\t\t\t            <a class=\"jl_imgl\" aria-label=\"Le couple Oligui Nguema au Lac Bleu de Mouila\" href=\"https:\/\/gabonnouvellevision.com\/gnv\/2025\/08\/27\/le-couple-oligui-nguema-au-lac-bleu-de-mouila\/\"><\/a>\r\n\t\t\t\t        <\/div> \r\n\t\t\t        <\/div>\r\n\t\t\t                                \r\n\t\t\t    <div class=\"jl_fe_text\">    \r\n\t\t\t\t<span class=\"jl_f_cat jl_lb1\"><a class=\"jl_cat_txt jl_cat57\" href=\"https:\/\/gabonnouvellevision.com\/gnv\/category\/a-la-une\/\"><span>A la une<\/span><\/a><a class=\"jl_cat_txt jl_cat55\" href=\"https:\/\/gabonnouvellevision.com\/gnv\/category\/actualites\/\"><span>Actualites<\/span><\/a><a class=\"jl_cat_txt jl_cat17\" href=\"https:\/\/gabonnouvellevision.com\/gnv\/category\/business\/\"><span>Business<\/span><\/a><\/span>\t\t\t\t\t\t\t\t\t\t<h2 class=\"h3 jl_fe_title jl_txt_2row\"><a href=\"https:\/\/gabonnouvellevision.com\/gnv\/2025\/08\/27\/le-couple-oligui-nguema-au-lac-bleu-de-mouila\/\">Le couple Oligui Nguema au Lac Bleu de Mouila<\/a><\/h2>\t\t\t\r\n\t\t\t\t\t\t\t\t        <span class=\"jl_post_meta\"><span class=\"post-date\">27 ao\u00fbt 2025<\/span><span class=\"jl_fot_share_i jl_share_l_bg jls_tooltip\"><i class=\"jli-share\"><\/i><span class=\"jls_tooltip_w jls_tooltip-top\"><span class=\"jls_tooltiptext\"><span class=\"jls_tooltip_in\">                <span class=\"jl_sli_in\">\r\n                    <span class=\"jl_sli_fb jl_shli\"><a class=\"jl_sshl\" href=\"http:\/\/www.facebook.com\/sharer.php?u=https%3A%2F%2Fgabonnouvellevision.com%2Fgnv%2F2025%2F08%2F27%2Fle-couple-oligui-nguema-au-lac-bleu-de-mouila%2F\" rel=\"nofollow\"><i class=\"jli-facebook\"><\/i><\/a><\/span>\r\n                    <span class=\"jl_sli_tw jl_shli\"><a class=\"jl_sshl\" href=\"https:\/\/twitter.com\/intent\/tweet?text=Le%20couple%20Oligui%20Nguema%20au%20Lac%20Bleu%20de%20Mouila&amp;url=https%3A%2F%2Fgabonnouvellevision.com%2Fgnv%2F2025%2F08%2F27%2Fle-couple-oligui-nguema-au-lac-bleu-de-mouila%2F\" rel=\"nofollow\"><i class=\"jli-x\"><\/i><\/a><\/span>\r\n                    <span class=\"jl_sli_pi jl_shli\"><a class=\"jl_sshl\" href=\"http:\/\/pinterest.com\/pin\/create\/bookmarklet\/?url=https%3A%2F%2Fgabonnouvellevision.com%2Fgnv%2F2025%2F08%2F27%2Fle-couple-oligui-nguema-au-lac-bleu-de-mouila%2F>&amp;media=https:\/\/gabonnouvellevision.com\/gnv\/wp-content\/uploads\/2025\/08\/539091499_122270226692025336_8798581029409135134_n-1600x1075.jpg\" rel=\"nofollow\"><i class=\"jli-pinterest\"><\/i><\/a><\/span>\r\n                    <span class=\"jl_sli_din jl_shli\"><a class=\"jl_sshl\" href=\"http:\/\/www.linkedin.com\/shareArticle?url=https%3A%2F%2Fgabonnouvellevision.com%2Fgnv%2F2025%2F08%2F27%2Fle-couple-oligui-nguema-au-lac-bleu-de-mouila%2F\" rel=\"nofollow\"><i class=\"jli-linkedin\"><\/i><\/a><\/span>\r\n                    <span class=\"jl_sli_wapp jl_shli\"><a class=\"jl_sshl\" href=\"https:\/\/api.whatsapp.com\/send?text=https%3A%2F%2Fgabonnouvellevision.com%2Fgnv%2F2025%2F08%2F27%2Fle-couple-oligui-nguema-au-lac-bleu-de-mouila%2F\" data-action=\"share\/whatsapp\/share\" rel=\"nofollow\"><i class=\"jli-whatsapp\"><\/i><\/a><\/span>                                        \r\n                <\/span>            \r\n    <\/span><\/span><\/span><\/span><\/span>                \r\n\t\t\t    <\/div>\r\n\t\t\t\t<\/div>\r\n\t\t\t<\/div>\r\n\t\t\t\t\t\t\t<\/div>\t\t\t\t\r\n\t\t\t\t\t\t\t\t\t\t\r\n\t\t\t<\/div>\t\t\r\n\t\t<\/div>\t\t\t\t<\/div>\n\t\t\t\t<\/div>\n\t\t\t\t<\/div>\n\t\t\t\t\t<\/div>\n\t\t\t\t<\/div>\n\t\t<div class=\"elementor-element elementor-element-4bff7dda e-flex e-con-boxed e-con e-parent\" data-id=\"4bff7dda\" data-element_type=\"container\">\n\t\t\t\t\t<div class=\"e-con-inner\">\n\t\t\t\t<div class=\"elementor-element elementor-element-403dc753 elementor-widget elementor-widget-bopea-section-ads-img\" data-id=\"403dc753\" data-element_type=\"widget\" data-widget_type=\"bopea-section-ads-img.default\">\n\t\t\t\t<div class=\"elementor-widget-container\">\n\t\t\t\t\t                        <div class=\"jl_ads_img_w\">\n                                                    <span class=\"jl_ads_title\">-Sponsored-<\/span>\n                                                    <div class=\"jl_ads_inner\">\n                            <img loading=\"lazy\" decoding=\"async\" class=\"jl_ads_img lazyload\" src=\"data:image\/gif;base64,R0lGODlhAQABAAAAACH5BAEKAAEALAAAAAABAAEAAAICTAEAOw==\" data-src=\"https:\/\/jellywp.com\/wp\/bopea3\/wp-content\/uploads\/sites\/6\/2024\/10\/adsd32.jpg\" width=\"1456\" height=\"180\" alt=\"ads image\"\/>                            <\/div>\n                        <\/div>\n        \t\t\t\t<\/div>\n\t\t\t\t<\/div>\n\t\t\t\t\t<\/div>\n\t\t\t\t<\/div>\n\t\t<div class=\"elementor-element elementor-element-45f75beb e-flex e-con-boxed e-con e-parent\" data-id=\"45f75beb\" data-element_type=\"container\">\n\t\t\t\t\t<div class=\"e-con-inner\">\n\t\t<div class=\"elementor-element elementor-element-1ec4566a e-con-full e-flex e-con e-child\" data-id=\"1ec4566a\" data-element_type=\"container\">\n\t\t\t\t<div class=\"elementor-element elementor-element-5acb747a elementor-widget elementor-widget-bopea-section-title\" data-id=\"5acb747a\" data-element_type=\"widget\" data-widget_type=\"bopea-section-title.default\">\n\t\t\t\t<div class=\"elementor-widget-container\">\n\t\t\t\t\t          <div class=\"jlcus_sec_title jl_sec_style15 jl_secf_menu jl_secb_menu no\">\n            <div class=\"jlcus_sect_inner\">\n                                    <h2 class=\"jl-heading-text\">\n                                                <span class=\"jl_ttw\">Bussiness<\/span>                                          <\/h2>\n                                                      <p class=\"jl_sct_bt\">\n                        <a href=\"#\" class=\"jlopt-text-link\">                        <span class=\"jl_bt_inner\">\n                        <span>Find more<\/span>\n                        <i class=\"jli-carrow\"><\/i>                        <\/span>\n                        <\/a>                  <\/p>\n                              <\/div>                    \n                      <\/div>                    \n    \t\t\t\t<\/div>\n\t\t\t\t<\/div>\n\t\t\t\t<div class=\"elementor-element elementor-element-26b5faf0 elementor-widget elementor-widget-bopea-list-post\" data-id=\"26b5faf0\" data-element_type=\"widget\" data-widget_type=\"bopea-list-post.default\">\n\t\t\t\t<div class=\"elementor-widget-container\">\n\t\t\t\t\t\t\t<div class=\"block-section jl-main-block\" data-blockid=\"blockid_26b5faf0\" data-section_style=\"jl_m_list\" data-post_type=\"post\" data-post_type_tax=\"none\" data-page_max=\"90\" data-page_current=\"1\" data-author=\"none\" data-order=\"date_post\" data-posts_per_page=\"6\" data-offset=\"28\" data-tabs_link=\"none\" >\t\t\r\n\t\t\t\t\t<div class=\"jl_cw_wrap_f jl_clear_at\">\r\n\t\t\t\t<div class=\"jl_main_list_cw jl_wrap_eb jl_clear_at jl_lm_list\">\r\n\t\t\t\t\t<div class=\"jl-roww jl_contain jl_fli_wrap jl-col-row\">\t\t\t             \r\n\t\t\t\t\t\t\t\t\t\t<div class=\"jl_clist_layout jl_lisep jl_frsha\">\r\n\t\t\t\t\t<div class=\"jl_li_in\">\r\n\t\t\t    \t\t\t        <div class=\"jl_img_holder\">\r\n\t\t\t\t        <div class=\"jl_imgw jl_radus_e\">\r\n\t\t\t\t            <div class=\"jl_imgin\">\r\n\t\t\t\t\t\t\t\t<img loading=\"lazy\" decoding=\"async\" width=\"680\" height=\"372\" src=\"https:\/\/gabonnouvellevision.com\/gnv\/wp-content\/uploads\/2025\/08\/538438917_1214173457181559_8626902215049958723_n-20x11.jpg\" class=\"attachment-bopea_layouts size-bopea_layouts jl-lazyload lazyload wp-post-image\" alt=\"\" data-src=\"https:\/\/gabonnouvellevision.com\/gnv\/wp-content\/uploads\/2025\/08\/538438917_1214173457181559_8626902215049958723_n-680x372.jpg\" \/>\t\t\t\t\t\t\t<\/div>\r\n\t\t\t\t            \t\t\t\t            \t\t\t\t            <a class=\"jl_imgl\" aria-label=\"Un forum de poulets de chair \u00e0 Libreville\" href=\"https:\/\/gabonnouvellevision.com\/gnv\/2025\/08\/26\/un-forum-de-poulets-de-chair-a-libreville\/\"><\/a>\r\n\t\t\t\t        <\/div> \r\n\t\t\t        <\/div> \r\n\t\t\t                                \r\n\t\t\t    <div class=\"jl_fe_text\">    \r\n\t\t\t        <span class=\"jl_f_cat jl_lb3\"><a class=\"jl_cat_lbl jl_cat57\" href=\"https:\/\/gabonnouvellevision.com\/gnv\/category\/a-la-une\/\"><span>A la une<\/span><\/a><a class=\"jl_cat_lbl jl_cat55\" href=\"https:\/\/gabonnouvellevision.com\/gnv\/category\/actualites\/\"><span>Actualites<\/span><\/a><a class=\"jl_cat_lbl jl_cat60\" href=\"https:\/\/gabonnouvellevision.com\/gnv\/category\/economie\/\"><span>Economie<\/span><\/a><\/span>\t\t\t        \t\t\t\t\t<h2 class=\"h3 jl_fe_title jl_txt_2row\"><a href=\"https:\/\/gabonnouvellevision.com\/gnv\/2025\/08\/26\/un-forum-de-poulets-de-chair-a-libreville\/\">Un forum de poulets de chair \u00e0 Libreville<\/a><\/h2>\t\t\t\r\n\t\t\t\t\t\t\t\t        <p class=\"jl_fe_des\">Annonc\u00e9e le 30 mai dernier, l&rsquo;interdiction des importations de poulets de chair sera effective le 1er janvier 2027. Dans la droite ligne de... <\/p>\r\n\t\t\t        <span class=\"jl_post_meta\"><span class=\"jl_author_img_w\">By<a href=\"https:\/\/gabonnouvellevision.com\/gnv\/author\/rufin\/\" title=\"Articles par Eyeng Obame\" rel=\"author\">Eyeng Obame<\/a><\/span><span class=\"post-date\">26 ao\u00fbt 2025<\/span><span class=\"jl_fot_share_i jl_share_l_bg jls_tooltip\"><i class=\"jli-share\"><\/i><span class=\"jls_tooltip_w jls_tooltip-top\"><span class=\"jls_tooltiptext\"><span class=\"jls_tooltip_in\">                <span class=\"jl_sli_in\">\r\n                    <span class=\"jl_sli_fb jl_shli\"><a class=\"jl_sshl\" href=\"http:\/\/www.facebook.com\/sharer.php?u=https%3A%2F%2Fgabonnouvellevision.com%2Fgnv%2F2025%2F08%2F26%2Fun-forum-de-poulets-de-chair-a-libreville%2F\" rel=\"nofollow\"><i class=\"jli-facebook\"><\/i><\/a><\/span>\r\n                    <span class=\"jl_sli_tw jl_shli\"><a class=\"jl_sshl\" href=\"https:\/\/twitter.com\/intent\/tweet?text=Un%20forum%20de%20poulets%20de%20chair%20%C3%A0%20Libreville&amp;url=https%3A%2F%2Fgabonnouvellevision.com%2Fgnv%2F2025%2F08%2F26%2Fun-forum-de-poulets-de-chair-a-libreville%2F\" rel=\"nofollow\"><i class=\"jli-x\"><\/i><\/a><\/span>\r\n                    <span class=\"jl_sli_pi jl_shli\"><a class=\"jl_sshl\" href=\"http:\/\/pinterest.com\/pin\/create\/bookmarklet\/?url=https%3A%2F%2Fgabonnouvellevision.com%2Fgnv%2F2025%2F08%2F26%2Fun-forum-de-poulets-de-chair-a-libreville%2F>&amp;media=https:\/\/gabonnouvellevision.com\/gnv\/wp-content\/uploads\/2025\/08\/538438917_1214173457181559_8626902215049958723_n.jpg\" rel=\"nofollow\"><i class=\"jli-pinterest\"><\/i><\/a><\/span>\r\n                    <span class=\"jl_sli_din jl_shli\"><a class=\"jl_sshl\" href=\"http:\/\/www.linkedin.com\/shareArticle?url=https%3A%2F%2Fgabonnouvellevision.com%2Fgnv%2F2025%2F08%2F26%2Fun-forum-de-poulets-de-chair-a-libreville%2F\" rel=\"nofollow\"><i class=\"jli-linkedin\"><\/i><\/a><\/span>\r\n                    <span class=\"jl_sli_wapp jl_shli\"><a class=\"jl_sshl\" href=\"https:\/\/api.whatsapp.com\/send?text=https%3A%2F%2Fgabonnouvellevision.com%2Fgnv%2F2025%2F08%2F26%2Fun-forum-de-poulets-de-chair-a-libreville%2F\" data-action=\"share\/whatsapp\/share\" rel=\"nofollow\"><i class=\"jli-whatsapp\"><\/i><\/a><\/span>                                        \r\n                <\/span>            \r\n    <\/span><\/span><\/span><\/span><\/span>                \r\n\t\t\t    <\/div>\r\n\t\t\t<\/div>\r\n\t\t<\/div>\r\n\t\t\t\t\t\t\t<div class=\"jl_clist_layout jl_lisep jl_frsha\">\r\n\t\t\t\t\t<div class=\"jl_li_in\">\r\n\t\t\t    \t\t\t        <div class=\"jl_img_holder\">\r\n\t\t\t\t        <div class=\"jl_imgw jl_radus_e\">\r\n\t\t\t\t            <div class=\"jl_imgin\">\r\n\t\t\t\t\t\t\t\t<img loading=\"lazy\" decoding=\"async\" width=\"680\" height=\"453\" src=\"https:\/\/gabonnouvellevision.com\/gnv\/wp-content\/uploads\/2025\/08\/536272878_122269423814025336_7818387820483113513_n-20x13.jpg\" class=\"attachment-bopea_layouts size-bopea_layouts jl-lazyload lazyload wp-post-image\" alt=\"\" data-src=\"https:\/\/gabonnouvellevision.com\/gnv\/wp-content\/uploads\/2025\/08\/536272878_122269423814025336_7818387820483113513_n-680x453.jpg\" \/>\t\t\t\t\t\t\t<\/div>\r\n\t\t\t\t            \t\t\t\t            \t\t\t\t            <a class=\"jl_imgl\" aria-label=\"Le Pr\u00e9sident Oligui Nguema inaugure deux infrastructures \u00e0 Onga\" href=\"https:\/\/gabonnouvellevision.com\/gnv\/2025\/08\/22\/le-president-oligui-nguema-inaugure-deux-infrastructures-a-onga\/\"><\/a>\r\n\t\t\t\t        <\/div> \r\n\t\t\t        <\/div> \r\n\t\t\t                                \r\n\t\t\t    <div class=\"jl_fe_text\">    \r\n\t\t\t        <span class=\"jl_f_cat jl_lb3\"><a class=\"jl_cat_lbl jl_cat57\" href=\"https:\/\/gabonnouvellevision.com\/gnv\/category\/a-la-une\/\"><span>A la une<\/span><\/a><a class=\"jl_cat_lbl jl_cat55\" href=\"https:\/\/gabonnouvellevision.com\/gnv\/category\/actualites\/\"><span>Actualites<\/span><\/a><a class=\"jl_cat_lbl jl_cat67\" href=\"https:\/\/gabonnouvellevision.com\/gnv\/category\/jeunesse\/\"><span>Jeunesse<\/span><\/a><\/span>\t\t\t        \t\t\t\t\t<h2 class=\"h3 jl_fe_title jl_txt_2row\"><a href=\"https:\/\/gabonnouvellevision.com\/gnv\/2025\/08\/22\/le-president-oligui-nguema-inaugure-deux-infrastructures-a-onga\/\">Le Pr\u00e9sident Oligui Nguema inaugure deux infrastructures \u00e0 Onga<\/a><\/h2>\t\t\t\r\n\t\t\t\t\t\t\t\t        <p class=\"jl_fe_des\">&nbsp;Le Pr\u00e9sident Oligui Nguema \u00e0 Onga \u00a0En d\u00e9placement dans la province du Haut Ogoou\u00e9 hier jeudi 21 ao\u00fbt 2025, le Chef de l\u2019\u00c9tat,... <\/p>\r\n\t\t\t        <span class=\"jl_post_meta\"><span class=\"jl_author_img_w\">By<a href=\"https:\/\/gabonnouvellevision.com\/gnv\/author\/rufin\/\" title=\"Articles par Eyeng Obame\" rel=\"author\">Eyeng Obame<\/a><\/span><span class=\"post-date\">22 ao\u00fbt 2025<\/span><span class=\"jl_fot_share_i jl_share_l_bg jls_tooltip\"><i class=\"jli-share\"><\/i><span class=\"jls_tooltip_w jls_tooltip-top\"><span class=\"jls_tooltiptext\"><span class=\"jls_tooltip_in\">                <span class=\"jl_sli_in\">\r\n                    <span class=\"jl_sli_fb jl_shli\"><a class=\"jl_sshl\" href=\"http:\/\/www.facebook.com\/sharer.php?u=https%3A%2F%2Fgabonnouvellevision.com%2Fgnv%2F2025%2F08%2F22%2Fle-president-oligui-nguema-inaugure-deux-infrastructures-a-onga%2F\" rel=\"nofollow\"><i class=\"jli-facebook\"><\/i><\/a><\/span>\r\n                    <span class=\"jl_sli_tw jl_shli\"><a class=\"jl_sshl\" href=\"https:\/\/twitter.com\/intent\/tweet?text=Le%20Pr%C3%A9sident%20Oligui%20Nguema%20inaugure%20deux%20infrastructures%20%C3%A0%20Onga&amp;url=https%3A%2F%2Fgabonnouvellevision.com%2Fgnv%2F2025%2F08%2F22%2Fle-president-oligui-nguema-inaugure-deux-infrastructures-a-onga%2F\" rel=\"nofollow\"><i class=\"jli-x\"><\/i><\/a><\/span>\r\n                    <span class=\"jl_sli_pi jl_shli\"><a class=\"jl_sshl\" href=\"http:\/\/pinterest.com\/pin\/create\/bookmarklet\/?url=https%3A%2F%2Fgabonnouvellevision.com%2Fgnv%2F2025%2F08%2F22%2Fle-president-oligui-nguema-inaugure-deux-infrastructures-a-onga%2F>&amp;media=https:\/\/gabonnouvellevision.com\/gnv\/wp-content\/uploads\/2025\/08\/536272878_122269423814025336_7818387820483113513_n.jpg\" rel=\"nofollow\"><i class=\"jli-pinterest\"><\/i><\/a><\/span>\r\n                    <span class=\"jl_sli_din jl_shli\"><a class=\"jl_sshl\" href=\"http:\/\/www.linkedin.com\/shareArticle?url=https%3A%2F%2Fgabonnouvellevision.com%2Fgnv%2F2025%2F08%2F22%2Fle-president-oligui-nguema-inaugure-deux-infrastructures-a-onga%2F\" rel=\"nofollow\"><i class=\"jli-linkedin\"><\/i><\/a><\/span>\r\n                    <span class=\"jl_sli_wapp jl_shli\"><a class=\"jl_sshl\" href=\"https:\/\/api.whatsapp.com\/send?text=https%3A%2F%2Fgabonnouvellevision.com%2Fgnv%2F2025%2F08%2F22%2Fle-president-oligui-nguema-inaugure-deux-infrastructures-a-onga%2F\" data-action=\"share\/whatsapp\/share\" rel=\"nofollow\"><i class=\"jli-whatsapp\"><\/i><\/a><\/span>                                        \r\n                <\/span>            \r\n    <\/span><\/span><\/span><\/span><\/span>                \r\n\t\t\t    <\/div>\r\n\t\t\t<\/div>\r\n\t\t<\/div>\r\n\t\t\t\t\t\t\t<div class=\"jl_clist_layout jl_lisep jl_frsha\">\r\n\t\t\t\t\t<div class=\"jl_li_in\">\r\n\t\t\t    \t\t\t        <div class=\"jl_img_holder\">\r\n\t\t\t\t        <div class=\"jl_imgw jl_radus_e\">\r\n\t\t\t\t            <div class=\"jl_imgin\">\r\n\t\t\t\t\t\t\t\t<img loading=\"lazy\" decoding=\"async\" width=\"600\" height=\"451\" src=\"https:\/\/gabonnouvellevision.com\/gnv\/wp-content\/uploads\/2025\/08\/535028266_122251091678023806_6918422982932614784_n-20x15.jpg\" class=\"attachment-bopea_layouts size-bopea_layouts jl-lazyload lazyload wp-post-image\" alt=\"\" data-src=\"https:\/\/gabonnouvellevision.com\/gnv\/wp-content\/uploads\/2025\/08\/535028266_122251091678023806_6918422982932614784_n.jpg\" \/>\t\t\t\t\t\t\t<\/div>\r\n\t\t\t\t            \t\t\t\t            \t\t\t\t            <a class=\"jl_imgl\" aria-label=\"Le drapeau Gabonais devient le plus haut d\u2019Afrique centrale\u00a0!\" href=\"https:\/\/gabonnouvellevision.com\/gnv\/2025\/08\/19\/le-drapeau-gabonais-devient-le-plus-haut-dafrique-centrale\/\"><\/a>\r\n\t\t\t\t        <\/div> \r\n\t\t\t        <\/div> \r\n\t\t\t                                \r\n\t\t\t    <div class=\"jl_fe_text\">    \r\n\t\t\t        <span class=\"jl_f_cat jl_lb3\"><a class=\"jl_cat_lbl jl_cat57\" href=\"https:\/\/gabonnouvellevision.com\/gnv\/category\/a-la-une\/\"><span>A la une<\/span><\/a><a class=\"jl_cat_lbl jl_cat55\" href=\"https:\/\/gabonnouvellevision.com\/gnv\/category\/actualites\/\"><span>Actualites<\/span><\/a><a class=\"jl_cat_lbl jl_cat65\" href=\"https:\/\/gabonnouvellevision.com\/gnv\/category\/politique-podcasts\/\"><span>Politique<\/span><\/a><\/span>\t\t\t        \t\t\t\t\t<h2 class=\"h3 jl_fe_title jl_txt_2row\"><a href=\"https:\/\/gabonnouvellevision.com\/gnv\/2025\/08\/19\/le-drapeau-gabonais-devient-le-plus-haut-dafrique-centrale\/\">Le drapeau Gabonais devient le plus haut d\u2019Afrique centrale\u00a0!<\/a><\/h2>\t\t\t\r\n\t\t\t\t\t\t\t\t        <p class=\"jl_fe_des\">Le Gabon dispose d\u00e9sormais du drapeau le plus haut d\u2019Afrique centrale avec ses 50 m\u00e8tres. Ce drapeau est visible sur le site mythique... <\/p>\r\n\t\t\t        <span class=\"jl_post_meta\"><span class=\"jl_author_img_w\">By<a href=\"https:\/\/gabonnouvellevision.com\/gnv\/author\/rufin\/\" title=\"Articles par Eyeng Obame\" rel=\"author\">Eyeng Obame<\/a><\/span><span class=\"post-date\">19 ao\u00fbt 2025<\/span><span class=\"jl_fot_share_i jl_share_l_bg jls_tooltip\"><i class=\"jli-share\"><\/i><span class=\"jls_tooltip_w jls_tooltip-top\"><span class=\"jls_tooltiptext\"><span class=\"jls_tooltip_in\">                <span class=\"jl_sli_in\">\r\n                    <span class=\"jl_sli_fb jl_shli\"><a class=\"jl_sshl\" href=\"http:\/\/www.facebook.com\/sharer.php?u=https%3A%2F%2Fgabonnouvellevision.com%2Fgnv%2F2025%2F08%2F19%2Fle-drapeau-gabonais-devient-le-plus-haut-dafrique-centrale%2F\" rel=\"nofollow\"><i class=\"jli-facebook\"><\/i><\/a><\/span>\r\n                    <span class=\"jl_sli_tw jl_shli\"><a class=\"jl_sshl\" href=\"https:\/\/twitter.com\/intent\/tweet?text=Le%20drapeau%20Gabonais%20devient%20le%20plus%20haut%20d%E2%80%99Afrique%20centrale%C2%A0%21&amp;url=https%3A%2F%2Fgabonnouvellevision.com%2Fgnv%2F2025%2F08%2F19%2Fle-drapeau-gabonais-devient-le-plus-haut-dafrique-centrale%2F\" rel=\"nofollow\"><i class=\"jli-x\"><\/i><\/a><\/span>\r\n                    <span class=\"jl_sli_pi jl_shli\"><a class=\"jl_sshl\" href=\"http:\/\/pinterest.com\/pin\/create\/bookmarklet\/?url=https%3A%2F%2Fgabonnouvellevision.com%2Fgnv%2F2025%2F08%2F19%2Fle-drapeau-gabonais-devient-le-plus-haut-dafrique-centrale%2F>&amp;media=https:\/\/gabonnouvellevision.com\/gnv\/wp-content\/uploads\/2025\/08\/535028266_122251091678023806_6918422982932614784_n.jpg\" rel=\"nofollow\"><i class=\"jli-pinterest\"><\/i><\/a><\/span>\r\n                    <span class=\"jl_sli_din jl_shli\"><a class=\"jl_sshl\" href=\"http:\/\/www.linkedin.com\/shareArticle?url=https%3A%2F%2Fgabonnouvellevision.com%2Fgnv%2F2025%2F08%2F19%2Fle-drapeau-gabonais-devient-le-plus-haut-dafrique-centrale%2F\" rel=\"nofollow\"><i class=\"jli-linkedin\"><\/i><\/a><\/span>\r\n                    <span class=\"jl_sli_wapp jl_shli\"><a class=\"jl_sshl\" href=\"https:\/\/api.whatsapp.com\/send?text=https%3A%2F%2Fgabonnouvellevision.com%2Fgnv%2F2025%2F08%2F19%2Fle-drapeau-gabonais-devient-le-plus-haut-dafrique-centrale%2F\" data-action=\"share\/whatsapp\/share\" rel=\"nofollow\"><i class=\"jli-whatsapp\"><\/i><\/a><\/span>                                        \r\n                <\/span>            \r\n    <\/span><\/span><\/span><\/span><\/span>                \r\n\t\t\t    <\/div>\r\n\t\t\t<\/div>\r\n\t\t<\/div>\r\n\t\t\t\t\t\t\t<div class=\"jl_clist_layout jl_lisep jl_frsha\">\r\n\t\t\t\t\t<div class=\"jl_li_in\">\r\n\t\t\t    \t\t\t        <div class=\"jl_img_holder\">\r\n\t\t\t\t        <div class=\"jl_imgw jl_radus_e\">\r\n\t\t\t\t            <div class=\"jl_imgin\">\r\n\t\t\t\t\t\t\t\t<img loading=\"lazy\" decoding=\"async\" width=\"600\" height=\"368\" src=\"https:\/\/gabonnouvellevision.com\/gnv\/wp-content\/uploads\/2025\/08\/533130404_122267830064025336_8092497943158185090_n-20x12.jpg\" class=\"attachment-bopea_layouts size-bopea_layouts jl-lazyload lazyload wp-post-image\" alt=\"\" data-src=\"https:\/\/gabonnouvellevision.com\/gnv\/wp-content\/uploads\/2025\/08\/533130404_122267830064025336_8092497943158185090_n.jpg\" \/>\t\t\t\t\t\t\t<\/div>\r\n\t\t\t\t            \t\t\t\t            \t\t\t\t            <a class=\"jl_imgl\" aria-label=\"Un \u00e9missaire de Tshisekedi \u00a0Tshilombo chez Oligui Nguema\" href=\"https:\/\/gabonnouvellevision.com\/gnv\/2025\/08\/14\/un-emissaire-de-tshisekedi-tshilombo-chez-oligui-nguema\/\"><\/a>\r\n\t\t\t\t        <\/div> \r\n\t\t\t        <\/div> \r\n\t\t\t                                \r\n\t\t\t    <div class=\"jl_fe_text\">    \r\n\t\t\t        <span class=\"jl_f_cat jl_lb3\"><a class=\"jl_cat_lbl jl_cat57\" href=\"https:\/\/gabonnouvellevision.com\/gnv\/category\/a-la-une\/\"><span>A la une<\/span><\/a><a class=\"jl_cat_lbl jl_cat55\" href=\"https:\/\/gabonnouvellevision.com\/gnv\/category\/actualites\/\"><span>Actualites<\/span><\/a><a class=\"jl_cat_lbl jl_cat66\" href=\"https:\/\/gabonnouvellevision.com\/gnv\/category\/diplomatie\/\"><span>Diplomatie<\/span><\/a><\/span>\t\t\t        \t\t\t\t\t<h2 class=\"h3 jl_fe_title jl_txt_2row\"><a href=\"https:\/\/gabonnouvellevision.com\/gnv\/2025\/08\/14\/un-emissaire-de-tshisekedi-tshilombo-chez-oligui-nguema\/\">Un \u00e9missaire de Tshisekedi \u00a0Tshilombo chez Oligui Nguema<\/a><\/h2>\t\t\t\r\n\t\t\t\t\t\t\t\t        <p class=\"jl_fe_des\">L\u2019envoy\u00e9 sp\u00e9cial du Pr\u00e9sident de la RDC, Antoine Ghonda Mangalibi et le Pr\u00e9sident du Gabon, Brice Clotaire Oligui Nguema, mercredi 13 Ao\u00fbt 2025.... <\/p>\r\n\t\t\t        <span class=\"jl_post_meta\"><span class=\"jl_author_img_w\">By<a href=\"https:\/\/gabonnouvellevision.com\/gnv\/author\/rufin\/\" title=\"Articles par Eyeng Obame\" rel=\"author\">Eyeng Obame<\/a><\/span><span class=\"post-date\">14 ao\u00fbt 2025<\/span><span class=\"jl_fot_share_i jl_share_l_bg jls_tooltip\"><i class=\"jli-share\"><\/i><span class=\"jls_tooltip_w jls_tooltip-top\"><span class=\"jls_tooltiptext\"><span class=\"jls_tooltip_in\">                <span class=\"jl_sli_in\">\r\n                    <span class=\"jl_sli_fb jl_shli\"><a class=\"jl_sshl\" href=\"http:\/\/www.facebook.com\/sharer.php?u=https%3A%2F%2Fgabonnouvellevision.com%2Fgnv%2F2025%2F08%2F14%2Fun-emissaire-de-tshisekedi-tshilombo-chez-oligui-nguema%2F\" rel=\"nofollow\"><i class=\"jli-facebook\"><\/i><\/a><\/span>\r\n                    <span class=\"jl_sli_tw jl_shli\"><a class=\"jl_sshl\" href=\"https:\/\/twitter.com\/intent\/tweet?text=Un%20%C3%A9missaire%20de%20Tshisekedi%20%C2%A0Tshilombo%20chez%20Oligui%20Nguema&amp;url=https%3A%2F%2Fgabonnouvellevision.com%2Fgnv%2F2025%2F08%2F14%2Fun-emissaire-de-tshisekedi-tshilombo-chez-oligui-nguema%2F\" rel=\"nofollow\"><i class=\"jli-x\"><\/i><\/a><\/span>\r\n                    <span class=\"jl_sli_pi jl_shli\"><a class=\"jl_sshl\" href=\"http:\/\/pinterest.com\/pin\/create\/bookmarklet\/?url=https%3A%2F%2Fgabonnouvellevision.com%2Fgnv%2F2025%2F08%2F14%2Fun-emissaire-de-tshisekedi-tshilombo-chez-oligui-nguema%2F>&amp;media=https:\/\/gabonnouvellevision.com\/gnv\/wp-content\/uploads\/2025\/08\/533130404_122267830064025336_8092497943158185090_n.jpg\" rel=\"nofollow\"><i class=\"jli-pinterest\"><\/i><\/a><\/span>\r\n                    <span class=\"jl_sli_din jl_shli\"><a class=\"jl_sshl\" href=\"http:\/\/www.linkedin.com\/shareArticle?url=https%3A%2F%2Fgabonnouvellevision.com%2Fgnv%2F2025%2F08%2F14%2Fun-emissaire-de-tshisekedi-tshilombo-chez-oligui-nguema%2F\" rel=\"nofollow\"><i class=\"jli-linkedin\"><\/i><\/a><\/span>\r\n                    <span class=\"jl_sli_wapp jl_shli\"><a class=\"jl_sshl\" href=\"https:\/\/api.whatsapp.com\/send?text=https%3A%2F%2Fgabonnouvellevision.com%2Fgnv%2F2025%2F08%2F14%2Fun-emissaire-de-tshisekedi-tshilombo-chez-oligui-nguema%2F\" data-action=\"share\/whatsapp\/share\" rel=\"nofollow\"><i class=\"jli-whatsapp\"><\/i><\/a><\/span>                                        \r\n                <\/span>            \r\n    <\/span><\/span><\/span><\/span><\/span>                \r\n\t\t\t    <\/div>\r\n\t\t\t<\/div>\r\n\t\t<\/div>\r\n\t\t\t\t\t\t\t<div class=\"jl_clist_layout jl_lisep jl_frsha\">\r\n\t\t\t\t\t<div class=\"jl_li_in\">\r\n\t\t\t    \t\t\t        <div class=\"jl_img_holder\">\r\n\t\t\t\t        <div class=\"jl_imgw jl_radus_e\">\r\n\t\t\t\t            <div class=\"jl_imgin\">\r\n\t\t\t\t\t\t\t\t<img loading=\"lazy\" decoding=\"async\" width=\"680\" height=\"432\" src=\"https:\/\/gabonnouvellevision.com\/gnv\/wp-content\/uploads\/2025\/08\/532378446_122267797136025336_1054369638206937557_n-20x13.jpg\" class=\"attachment-bopea_layouts size-bopea_layouts jl-lazyload lazyload wp-post-image\" alt=\"\" data-src=\"https:\/\/gabonnouvellevision.com\/gnv\/wp-content\/uploads\/2025\/08\/532378446_122267797136025336_1054369638206937557_n-680x432.jpg\" \/>\t\t\t\t\t\t\t<\/div>\r\n\t\t\t\t            \t\t\t\t            \t\t\t\t            <a class=\"jl_imgl\" aria-label=\"Communiqu\u00e9 Final du Conseil des Ministres du Mardi 12 Ao\u00fbt 2025\" href=\"https:\/\/gabonnouvellevision.com\/gnv\/2025\/08\/13\/communique-final-du-conseil-des-ministres-du-mardi-12-aout-2025\/\"><\/a>\r\n\t\t\t\t        <\/div> \r\n\t\t\t        <\/div> \r\n\t\t\t                                \r\n\t\t\t    <div class=\"jl_fe_text\">    \r\n\t\t\t        <span class=\"jl_f_cat jl_lb3\"><a class=\"jl_cat_lbl jl_cat57\" href=\"https:\/\/gabonnouvellevision.com\/gnv\/category\/a-la-une\/\"><span>A la une<\/span><\/a><a class=\"jl_cat_lbl jl_cat55\" href=\"https:\/\/gabonnouvellevision.com\/gnv\/category\/actualites\/\"><span>Actualites<\/span><\/a><a class=\"jl_cat_lbl jl_cat65\" href=\"https:\/\/gabonnouvellevision.com\/gnv\/category\/politique-podcasts\/\"><span>Politique<\/span><\/a><\/span>\t\t\t        \t\t\t\t\t<h2 class=\"h3 jl_fe_title jl_txt_2row\"><a href=\"https:\/\/gabonnouvellevision.com\/gnv\/2025\/08\/13\/communique-final-du-conseil-des-ministres-du-mardi-12-aout-2025\/\">Communiqu\u00e9 Final du Conseil des Ministres du Mardi 12 Ao\u00fbt 2025<\/a><\/h2>\t\t\t\r\n\t\t\t\t\t\t\t\t        <p class=\"jl_fe_des\">Sous la Tr\u00e8s Haute Pr\u00e9sidence de Son Excellence Brice Clotaire&nbsp; OLIGUI NGUEMA, Pr\u00e9sident de la R\u00e9publique, Chef de l\u2019\u00c9tat, Chef&nbsp; du Gouvernement, le... <\/p>\r\n\t\t\t        <span class=\"jl_post_meta\"><span class=\"jl_author_img_w\">By<a href=\"https:\/\/gabonnouvellevision.com\/gnv\/author\/rufin\/\" title=\"Articles par Eyeng Obame\" rel=\"author\">Eyeng Obame<\/a><\/span><span class=\"post-date\">13 ao\u00fbt 2025<\/span><span class=\"jl_fot_share_i jl_share_l_bg jls_tooltip\"><i class=\"jli-share\"><\/i><span class=\"jls_tooltip_w jls_tooltip-top\"><span class=\"jls_tooltiptext\"><span class=\"jls_tooltip_in\">                <span class=\"jl_sli_in\">\r\n                    <span class=\"jl_sli_fb jl_shli\"><a class=\"jl_sshl\" href=\"http:\/\/www.facebook.com\/sharer.php?u=https%3A%2F%2Fgabonnouvellevision.com%2Fgnv%2F2025%2F08%2F13%2Fcommunique-final-du-conseil-des-ministres-du-mardi-12-aout-2025%2F\" rel=\"nofollow\"><i class=\"jli-facebook\"><\/i><\/a><\/span>\r\n                    <span class=\"jl_sli_tw jl_shli\"><a class=\"jl_sshl\" href=\"https:\/\/twitter.com\/intent\/tweet?text=Communiqu%C3%A9%20Final%20du%20Conseil%20des%20Ministres%20du%20Mardi%2012%20Ao%C3%BBt%202025&amp;url=https%3A%2F%2Fgabonnouvellevision.com%2Fgnv%2F2025%2F08%2F13%2Fcommunique-final-du-conseil-des-ministres-du-mardi-12-aout-2025%2F\" rel=\"nofollow\"><i class=\"jli-x\"><\/i><\/a><\/span>\r\n                    <span class=\"jl_sli_pi jl_shli\"><a class=\"jl_sshl\" href=\"http:\/\/pinterest.com\/pin\/create\/bookmarklet\/?url=https%3A%2F%2Fgabonnouvellevision.com%2Fgnv%2F2025%2F08%2F13%2Fcommunique-final-du-conseil-des-ministres-du-mardi-12-aout-2025%2F>&amp;media=https:\/\/gabonnouvellevision.com\/gnv\/wp-content\/uploads\/2025\/08\/532378446_122267797136025336_1054369638206937557_n.jpg\" rel=\"nofollow\"><i class=\"jli-pinterest\"><\/i><\/a><\/span>\r\n                    <span class=\"jl_sli_din jl_shli\"><a class=\"jl_sshl\" href=\"http:\/\/www.linkedin.com\/shareArticle?url=https%3A%2F%2Fgabonnouvellevision.com%2Fgnv%2F2025%2F08%2F13%2Fcommunique-final-du-conseil-des-ministres-du-mardi-12-aout-2025%2F\" rel=\"nofollow\"><i class=\"jli-linkedin\"><\/i><\/a><\/span>\r\n                    <span class=\"jl_sli_wapp jl_shli\"><a class=\"jl_sshl\" href=\"https:\/\/api.whatsapp.com\/send?text=https%3A%2F%2Fgabonnouvellevision.com%2Fgnv%2F2025%2F08%2F13%2Fcommunique-final-du-conseil-des-ministres-du-mardi-12-aout-2025%2F\" data-action=\"share\/whatsapp\/share\" rel=\"nofollow\"><i class=\"jli-whatsapp\"><\/i><\/a><\/span>                                        \r\n                <\/span>            \r\n    <\/span><\/span><\/span><\/span><\/span>                \r\n\t\t\t    <\/div>\r\n\t\t\t<\/div>\r\n\t\t<\/div>\r\n\t\t\t\t\t\t\t<div class=\"jl_clist_layout jl_lisep jl_frsha\">\r\n\t\t\t\t\t<div class=\"jl_li_in\">\r\n\t\t\t    \t\t\t        <div class=\"jl_img_holder\">\r\n\t\t\t\t        <div class=\"jl_imgw jl_radus_e\">\r\n\t\t\t\t            <div class=\"jl_imgin\">\r\n\t\t\t\t\t\t\t\t<img loading=\"lazy\" decoding=\"async\" width=\"593\" height=\"395\" src=\"https:\/\/gabonnouvellevision.com\/gnv\/wp-content\/uploads\/2025\/08\/530966688_122267608466025336_5496731213183474819_n-20x13.jpg\" class=\"attachment-bopea_layouts size-bopea_layouts jl-lazyload lazyload wp-post-image\" alt=\"\" data-src=\"https:\/\/gabonnouvellevision.com\/gnv\/wp-content\/uploads\/2025\/08\/530966688_122267608466025336_5496731213183474819_n.jpg\" \/>\t\t\t\t\t\t\t<\/div>\r\n\t\t\t\t            \t\t\t\t            \t\t\t\t            <a class=\"jl_imgl\" aria-label=\"Le Pr\u00e9sident Oligui Nguema en visite au barrage de Kingu\u00e9l\u00e9 aval\" href=\"https:\/\/gabonnouvellevision.com\/gnv\/2025\/08\/12\/le-president-oligui-nguema-en-visite-au-barrage-de-kinguele-aval\/\"><\/a>\r\n\t\t\t\t        <\/div> \r\n\t\t\t        <\/div> \r\n\t\t\t                                \r\n\t\t\t    <div class=\"jl_fe_text\">    \r\n\t\t\t        <span class=\"jl_f_cat jl_lb3\"><a class=\"jl_cat_lbl jl_cat57\" href=\"https:\/\/gabonnouvellevision.com\/gnv\/category\/a-la-une\/\"><span>A la une<\/span><\/a><a class=\"jl_cat_lbl jl_cat55\" href=\"https:\/\/gabonnouvellevision.com\/gnv\/category\/actualites\/\"><span>Actualites<\/span><\/a><a class=\"jl_cat_lbl jl_cat60\" href=\"https:\/\/gabonnouvellevision.com\/gnv\/category\/economie\/\"><span>Economie<\/span><\/a><\/span>\t\t\t        \t\t\t\t\t<h2 class=\"h3 jl_fe_title jl_txt_2row\"><a href=\"https:\/\/gabonnouvellevision.com\/gnv\/2025\/08\/12\/le-president-oligui-nguema-en-visite-au-barrage-de-kinguele-aval\/\">Le Pr\u00e9sident Oligui Nguema en visite au barrage de Kingu\u00e9l\u00e9 aval<\/a><\/h2>\t\t\t\r\n\t\t\t\t\t\t\t\t        <p class=\"jl_fe_des\">Le Pr\u00e9sident de la R\u00e9publique, Brice Clotaire Oligui Nguema, s\u2019est rendu hier sur le chantier du barrage hydro\u00e9lectrique de Kingu\u00e9l\u00e9 Aval. Accueilli sur... <\/p>\r\n\t\t\t        <span class=\"jl_post_meta\"><span class=\"jl_author_img_w\">By<a href=\"https:\/\/gabonnouvellevision.com\/gnv\/author\/rufin\/\" title=\"Articles par Eyeng Obame\" rel=\"author\">Eyeng Obame<\/a><\/span><span class=\"post-date\">12 ao\u00fbt 2025<\/span><span class=\"jl_fot_share_i jl_share_l_bg jls_tooltip\"><i class=\"jli-share\"><\/i><span class=\"jls_tooltip_w jls_tooltip-top\"><span class=\"jls_tooltiptext\"><span class=\"jls_tooltip_in\">                <span class=\"jl_sli_in\">\r\n                    <span class=\"jl_sli_fb jl_shli\"><a class=\"jl_sshl\" href=\"http:\/\/www.facebook.com\/sharer.php?u=https%3A%2F%2Fgabonnouvellevision.com%2Fgnv%2F2025%2F08%2F12%2Fle-president-oligui-nguema-en-visite-au-barrage-de-kinguele-aval%2F\" rel=\"nofollow\"><i class=\"jli-facebook\"><\/i><\/a><\/span>\r\n                    <span class=\"jl_sli_tw jl_shli\"><a class=\"jl_sshl\" href=\"https:\/\/twitter.com\/intent\/tweet?text=Le%20Pr%C3%A9sident%20Oligui%20Nguema%20en%20visite%20au%20barrage%20de%20Kingu%C3%A9l%C3%A9%20aval&amp;url=https%3A%2F%2Fgabonnouvellevision.com%2Fgnv%2F2025%2F08%2F12%2Fle-president-oligui-nguema-en-visite-au-barrage-de-kinguele-aval%2F\" rel=\"nofollow\"><i class=\"jli-x\"><\/i><\/a><\/span>\r\n                    <span class=\"jl_sli_pi jl_shli\"><a class=\"jl_sshl\" href=\"http:\/\/pinterest.com\/pin\/create\/bookmarklet\/?url=https%3A%2F%2Fgabonnouvellevision.com%2Fgnv%2F2025%2F08%2F12%2Fle-president-oligui-nguema-en-visite-au-barrage-de-kinguele-aval%2F>&amp;media=https:\/\/gabonnouvellevision.com\/gnv\/wp-content\/uploads\/2025\/08\/530966688_122267608466025336_5496731213183474819_n.jpg\" rel=\"nofollow\"><i class=\"jli-pinterest\"><\/i><\/a><\/span>\r\n                    <span class=\"jl_sli_din jl_shli\"><a class=\"jl_sshl\" href=\"http:\/\/www.linkedin.com\/shareArticle?url=https%3A%2F%2Fgabonnouvellevision.com%2Fgnv%2F2025%2F08%2F12%2Fle-president-oligui-nguema-en-visite-au-barrage-de-kinguele-aval%2F\" rel=\"nofollow\"><i class=\"jli-linkedin\"><\/i><\/a><\/span>\r\n                    <span class=\"jl_sli_wapp jl_shli\"><a class=\"jl_sshl\" href=\"https:\/\/api.whatsapp.com\/send?text=https%3A%2F%2Fgabonnouvellevision.com%2Fgnv%2F2025%2F08%2F12%2Fle-president-oligui-nguema-en-visite-au-barrage-de-kinguele-aval%2F\" data-action=\"share\/whatsapp\/share\" rel=\"nofollow\"><i class=\"jli-whatsapp\"><\/i><\/a><\/span>                                        \r\n                <\/span>            \r\n    <\/span><\/span><\/span><\/span><\/span>                \r\n\t\t\t    <\/div>\r\n\t\t\t<\/div>\r\n\t\t<\/div>\r\n\t\t\t\t\t\t\t\t\t\t\t\t\r\n\t\t\t\t\t<\/div>\r\n\t\t\t\t\t\t\t\t<\/div>\r\n\t\t\t<\/div>\t\t\r\n\t\t<\/div>\t\t\t\t<\/div>\n\t\t\t\t<\/div>\n\t\t\t\t<\/div>\n\t\t<div class=\"elementor-element elementor-element-195df7b4 e-con-full e-flex e-con e-child\" data-id=\"195df7b4\" data-element_type=\"container\">\n\t\t\t\t<div class=\"elementor-element elementor-element-2b5e2bc2 elementor-widget elementor-widget-bopea-social-list\" data-id=\"2b5e2bc2\" data-element_type=\"widget\" data-widget_type=\"bopea-social-list.default\">\n\t\t\t\t<div class=\"elementor-widget-container\">\n\t\t\t\t\t        \n        <ul class=\"jl_wr_soci jl_sh_cter jl_sh1\">\n                        <li class=\"jl_facebook_url\" style=\"--jl-social-color:#4080FF;\">\n                <a aria-label=\"facebook\" href=\"#\" target=\"_blank\" rel=\"nofollow\">\n                    <span class=\"jl_sh_i\"><i class=\"jli-facebook\"><\/i><\/span>\n                    <span class=\"jl_sh_t\">Facebook<\/span>\n                    <span class=\"jl_sh_w\">\n                    <span class=\"jl_sh_c\">23k<\/span>\n                    <span class=\"jl_sh_l\">Likes<\/span>\n                    <\/span>\n                <\/a>\n            <\/li>\n                                    <li class=\"jl_twitter_url jl_dk_sc\" style=\"--jl-social-color:var(--jl-social-skin, #000);\">\n                <a aria-label=\"X\" href=\"#\" target=\"_blank\" rel=\"nofollow\">\n                    <span class=\"jl_sh_i\"><i class=\"jli-x\"><\/i><\/span>\n                    <span class=\"jl_sh_t\"><\/span>\n                    <span class=\"jl_sh_w\">\n                    <span class=\"jl_sh_c\">93k<\/span>\n                    <span class=\"jl_sh_l\">Follows<\/span>\n                    <\/span>\n                <\/a>\n            <\/li>\n                                                            <li class=\"jl_youtube_url\" style=\"--jl-social-color:#ff0000;\">\n                <a aria-label=\"YouTube\" href=\"#\" target=\"_blank\" rel=\"nofollow\">\n                    <span class=\"jl_sh_i\"><i class=\"jli-youtube\"><\/i><\/span>\n                    <span class=\"jl_sh_t\">YouTube<\/span>\n                    <span class=\"jl_sh_w\">\n                    <span class=\"jl_sh_c\">100k<\/span>\n                    <span class=\"jl_sh_l\">Subscribers<\/span>\n                    <\/span>\n                <\/a>\n            <\/li>\n                                                            <li class=\"jl_spotify_url\" style=\"--jl-social-color:#1db954;\">\n                <a aria-label=\"spotify\" href=\"#\">\n                    <span class=\"jl_sh_i\"><i class=\"jli-spotify\"><\/i><\/span>\n                    <span class=\"jl_sh_t\">Spotify<\/span>\n                    <span class=\"jl_sh_w\">\n                    <span class=\"jl_sh_c\">65k<\/span>\n                    <span class=\"jl_sh_l\">Followers<\/span>\n                    <\/span>\n                <\/a>\n            <\/li>\n                                                <li class=\"jl_linkedin_url\" style=\"--jl-social-color:#0a66c2;\">\n                <a aria-label=\"LinkedIn\" href=\"#\">\n                    <span class=\"jl_sh_i\"><i class=\"jli-linkedin\"><\/i><\/span>\n                    <span class=\"jl_sh_t\">LinkedIn<\/span>\n                    <span class=\"jl_sh_w\">\n                    <span class=\"jl_sh_c\">21k<\/span>\n                    <span class=\"jl_sh_l\">Followers<\/span>\n                    <\/span>\n                <\/a>\n            <\/li>\n                                                                                                                                                                        \n                                                                        \n            \n            \n            \n            \n            \n            \n            \n            \n            \n            \n            \n            \n                        <li class=\"jl_quora_url\" style=\"--jl-social-color:#f52936;\">\n                <a aria-label=\"Quora\" href=\"#\">\n                    <span class=\"jl_sh_i\"><svg width=\"1em\" height=\"1em\" viewBox=\"0 0 17 20\"><g id=\"Page-1\" stroke=\"none\" stroke-width=\"1\" fill=\"none\" fill-rule=\"evenodd\"><g id=\"Dribbble-Light-Preview\" transform=\"translate(-141.000000, -7439.000000)\" fill=\"currentColor\"><g id=\"icons\" transform=\"translate(56.000000, 160.000000)\"><path d=\"M94.6307159,7294.53993 C94.2430139,7294.63693 93.8504042,7294.67493 93.4715358,7294.67493 C91.455485,7294.67493 89.0409353,7293.78793 89.0409353,7288.25196 C89.0409353,7282.71798 91.5693418,7281.18899 93.5853926,7281.18899 C95.6014434,7281.18899 97.9453233,7282.50598 97.9453233,7288.04196 C97.9453233,7290.55095 97.4437644,7292.14594 96.7076212,7293.14293 C96.695843,7293.14393 96.6870092,7293.14093 96.6870092,7293.14093 C95.0105658,7290.93694 92.8355081,7291.46494 92.3143187,7291.70494 C92.3143187,7291.70494 92.3800808,7292.20994 92.5184758,7293.12893 C93.6688222,7293.12793 94.2390878,7293.73593 94.6366051,7294.52093 C94.632679,7294.52993 94.6307159,7294.53993 94.6307159,7294.53993 M97.9090069,7295.59792 C97.9090069,7295.59792 97.91097,7295.59192 97.912933,7295.58492 C100.362818,7294.03693 102,7291.21394 102,7287.83196 C102,7281.31499 97.8579677,7279 93.5274827,7279 C89.4413972,7279 85,7282.27098 85,7287.95696 C85,7294.47393 89.1420323,7296.86392 93.4734988,7296.86392 C94.1546767,7296.86392 94.816224,7296.78092 95.4512702,7296.62592 C95.4512702,7296.62592 95.4610855,7296.62992 95.4669746,7296.63092 C97.1738453,7299.7369 99.7159931,7298.98591 100.371651,7298.74091 C100.371651,7298.74091 100.283314,7298.19391 100.129215,7297.17592 C98.903291,7297.14392 98.356582,7296.51692 97.9090069,7295.59792\"><\/path><\/g><\/g><\/g><\/svg><\/span>\n                    <span class=\"jl_sh_t\">Quora<\/span>\n                    <span class=\"jl_sh_w\">\n                    <span class=\"jl_sh_c\">23k<\/span>\n                    <span class=\"jl_sh_l\">Followers<\/span>\n                    <\/span>\n                <\/a>\n            <\/li>\n                        \n        <\/ul>\n        \t\t\t\t<\/div>\n\t\t\t\t<\/div>\n\t\t\t\t<div class=\"elementor-element elementor-element-1e49f627 elementor-widget elementor-widget-bopea-section-title\" data-id=\"1e49f627\" data-element_type=\"widget\" data-widget_type=\"bopea-section-title.default\">\n\t\t\t\t<div class=\"elementor-widget-container\">\n\t\t\t\t\t          <div class=\"jlcus_sec_title jl_sec_style15 jl_secf_menu  \">\n            <div class=\"jlcus_sect_inner\">\n                                    <h2 class=\"jl-heading-text\">\n                                                <span class=\"jl_ttw\">More News<\/span>                                          <\/h2>\n                                                <\/div>                    \n                      <\/div>                    \n    \t\t\t\t<\/div>\n\t\t\t\t<\/div>\n\t\t\t\t<div class=\"elementor-element elementor-element-459b49f2 elementor-widget elementor-widget-bopea-main-ov-sm-li\" data-id=\"459b49f2\" data-element_type=\"widget\" data-widget_type=\"bopea-main-ov-sm-li.default\">\n\t\t\t\t<div class=\"elementor-widget-container\">\n\t\t\t\t\t\t\t<div id=\"blockid_459b49f2\" class=\"block-section jl-main-block\" data-blockid=\"blockid_459b49f2\" data-section_style=\"jl_main_ov_sm_li\" data-post_type=\"post\" data-post_type_tax=\"none\" data-page_max=\"179\" data-page_current=\"1\" data-author=\"none\" data-order=\"date_post\" data-posts_per_page=\"3\" data-offset=\"8\" data-tabs_link=\"none\" >\r\n\t\t\t\t\t\t<div class=\"jl_mb_wrap_f jl_wrap_eb jl_clear_at\">\r\n\t\t\t<div class=\"jl-roww jl_contain jl_contain_mix jl-col-row\">\t\t\t\t\r\n\t\t\t\t<div class=\"jl_fr16_wrap\"> <div class=\"jl_fr16_inner\">\t\t<div class=\"jl_mini_ov_sb\">\r\n\t\t\t<div class=\"jl_ov_layout jl_ov_mix_opt jl_ov_el jl_ov_mh jl_sm_mt\">\r\n\t\t\t    \t\t\t        <div class=\"jl_img_holder\">\r\n\t\t\t\t        <div class=\"jl_imgw jl_radus_e\">\r\n\t\t\t\t            <div class=\"jl_imgin\">\r\n\t\t\t\t\t\t\t\t\t<img loading=\"lazy\" decoding=\"async\" width=\"680\" height=\"454\" src=\"https:\/\/gabonnouvellevision.com\/gnv\/wp-content\/uploads\/2025\/10\/569630706_122279616446025336_8337769199429628960_n-20x13.jpg\" class=\"attachment-bopea_layouts size-bopea_layouts jl-lazyload lazyload wp-post-image\" alt=\"\" data-src=\"https:\/\/gabonnouvellevision.com\/gnv\/wp-content\/uploads\/2025\/10\/569630706_122279616446025336_8337769199429628960_n-680x454.jpg\" \/>\t\t\t\t                \r\n\t\t\t\t            <\/div>\t\t\t\t\r\n\t\t\t\t            \t\t\t            \t            \r\n\t\t\t\t            <a class=\"jl_imgl\" aria-label=\"Communiqu\u00e9 final du Conseil des Ministres de Jeudi 23 octobre 2025 \u00e0 Libreville\" href=\"https:\/\/gabonnouvellevision.com\/gnv\/2025\/10\/24\/communique-final-du-conseil-des-ministres-de-jeudi-23-octobre-2025-a-libreville\/\"><\/a>\r\n\t\t\t\t        <\/div> \r\n\t\t\t        <\/div> \r\n\t\t\t                                \r\n\t\t\t    <div class=\"jl_fe_text\">\r\n\t\t\t    \t<div class=\"jl_fe_inner\">\r\n\t\t\t    \t<span class=\"jl_f_cat jl_lb3\"><a class=\"jl_cat_lbl jl_cat57\" href=\"https:\/\/gabonnouvellevision.com\/gnv\/category\/a-la-une\/\"><span>A la une<\/span><\/a><a class=\"jl_cat_lbl jl_cat55\" href=\"https:\/\/gabonnouvellevision.com\/gnv\/category\/actualites\/\"><span>Actualites<\/span><\/a><a class=\"jl_cat_lbl jl_cat65\" href=\"https:\/\/gabonnouvellevision.com\/gnv\/category\/politique-podcasts\/\"><span>Politique<\/span><\/a><\/span>    \r\n\t\t\t\t\t\t\t\t\t\t<h3 class=\"h3 jl_fe_title jl_txt_2row\"><a href=\"https:\/\/gabonnouvellevision.com\/gnv\/2025\/10\/24\/communique-final-du-conseil-des-ministres-de-jeudi-23-octobre-2025-a-libreville\/\">Communiqu\u00e9 final du Conseil des Ministres de Jeudi 23 octobre 2025 \u00e0 Libreville<\/a><\/h3>\r\n\t\t\t\t\t\t\t\t        <span class=\"jl_post_meta\"><span class=\"jl_author_img_w\">By<a href=\"https:\/\/gabonnouvellevision.com\/gnv\/author\/rufin\/\" title=\"Articles par Eyeng Obame\" rel=\"author\">Eyeng Obame<\/a><\/span><span class=\"post-date\">24 octobre 2025<\/span><span class=\"jl_fot_share_i jl_share_l_bg jls_tooltip\"><i class=\"jli-share\"><\/i><span class=\"jls_tooltip_w jls_tooltip-top\"><span class=\"jls_tooltiptext\"><span class=\"jls_tooltip_in\">                <span class=\"jl_sli_in\">\r\n                    <span class=\"jl_sli_fb jl_shli\"><a class=\"jl_sshl\" href=\"http:\/\/www.facebook.com\/sharer.php?u=https%3A%2F%2Fgabonnouvellevision.com%2Fgnv%2F2025%2F10%2F24%2Fcommunique-final-du-conseil-des-ministres-de-jeudi-23-octobre-2025-a-libreville%2F\" rel=\"nofollow\"><i class=\"jli-facebook\"><\/i><\/a><\/span>\r\n                    <span class=\"jl_sli_tw jl_shli\"><a class=\"jl_sshl\" href=\"https:\/\/twitter.com\/intent\/tweet?text=Communiqu%C3%A9%20final%20du%20Conseil%20des%20Ministres%20de%20Jeudi%2023%20octobre%202025%20%C3%A0%20Libreville&amp;url=https%3A%2F%2Fgabonnouvellevision.com%2Fgnv%2F2025%2F10%2F24%2Fcommunique-final-du-conseil-des-ministres-de-jeudi-23-octobre-2025-a-libreville%2F\" rel=\"nofollow\"><i class=\"jli-x\"><\/i><\/a><\/span>\r\n                    <span class=\"jl_sli_pi jl_shli\"><a class=\"jl_sshl\" href=\"http:\/\/pinterest.com\/pin\/create\/bookmarklet\/?url=https%3A%2F%2Fgabonnouvellevision.com%2Fgnv%2F2025%2F10%2F24%2Fcommunique-final-du-conseil-des-ministres-de-jeudi-23-octobre-2025-a-libreville%2F>&amp;media=https:\/\/gabonnouvellevision.com\/gnv\/wp-content\/uploads\/2025\/10\/569630706_122279616446025336_8337769199429628960_n-1600x1067.jpg\" rel=\"nofollow\"><i class=\"jli-pinterest\"><\/i><\/a><\/span>\r\n                    <span class=\"jl_sli_din jl_shli\"><a class=\"jl_sshl\" href=\"http:\/\/www.linkedin.com\/shareArticle?url=https%3A%2F%2Fgabonnouvellevision.com%2Fgnv%2F2025%2F10%2F24%2Fcommunique-final-du-conseil-des-ministres-de-jeudi-23-octobre-2025-a-libreville%2F\" rel=\"nofollow\"><i class=\"jli-linkedin\"><\/i><\/a><\/span>\r\n                    <span class=\"jl_sli_wapp jl_shli\"><a class=\"jl_sshl\" href=\"https:\/\/api.whatsapp.com\/send?text=https%3A%2F%2Fgabonnouvellevision.com%2Fgnv%2F2025%2F10%2F24%2Fcommunique-final-du-conseil-des-ministres-de-jeudi-23-octobre-2025-a-libreville%2F\" data-action=\"share\/whatsapp\/share\" rel=\"nofollow\"><i class=\"jli-whatsapp\"><\/i><\/a><\/span>                                        \r\n                <\/span>            \r\n    <\/span><\/span><\/span><\/span><\/span>                \r\n\t\t\t        <a href=\"https:\/\/gabonnouvellevision.com\/gnv\/2025\/10\/24\/communique-final-du-conseil-des-ministres-de-jeudi-23-octobre-2025-a-libreville\/\" aria-label=\"Communiqu\u00e9 final du Conseil des Ministres de Jeudi 23 octobre 2025 \u00e0 Libreville\" class=\"jl_cap_ov\"><\/a>\r\n\t\t\t        <\/div>\r\n\t\t\t    <\/div>\r\n\t\t\t<\/div>\r\n\t\t\t<\/div>\r\n\t\t\t\t<div class=\"jl_mmlistw jl_lisep\">\r\n\t\t\t\t<div class=\"jl_mmlistc\">\r\n\t\t\t\t\t<div class=\"jl_mmlist_layout jl_lisep\">\r\n\t\t\t\t\t\t<div class=\"jl_li_in\">\r\n\t\t\t\t\t    \t\t\t\t\t        <div class=\"jl_img_holder\">\r\n\t\t\t\t\t\t        <div class=\"jl_imgw jl_radus_e\">\r\n\t\t\t\t\t\t            <div class=\"jl_imgin\">\r\n\t\t\t\t\t\t\t\t\t<img loading=\"lazy\" decoding=\"async\" width=\"200\" height=\"104\" src=\"https:\/\/gabonnouvellevision.com\/gnv\/wp-content\/uploads\/2025\/05\/8354478516128887058-20x10.jpeg\" class=\"attachment-bopea_small size-bopea_small jl-lazyload lazyload wp-post-image\" alt=\"\" data-src=\"https:\/\/gabonnouvellevision.com\/gnv\/wp-content\/uploads\/2025\/05\/8354478516128887058-200x104.jpeg\" \/>\t\t\t\t\t\t            <\/div>\t\t\t\t            \r\n\t\t\t\t\t\t            <a class=\"jl_imgl\" aria-label=\"Conseil des Ministres ce jeudi 23 octobre \u00e0 Libreville\" href=\"https:\/\/gabonnouvellevision.com\/gnv\/2025\/10\/23\/conseil-des-ministres-ce-jeudi-23-octobre-a-libreville\/\"><\/a>\r\n\t\t\t\t\t\t        <\/div> \r\n\t\t\t\t\t        <\/div> \r\n\t\t\t\t\t                                \r\n\t\t\t\t\t    <div class=\"jl_fe_text\">    \r\n\t\t\t\t\t\t\t<span class=\"jl_f_cat jl_lb1\"><a class=\"jl_cat_txt jl_cat57\" href=\"https:\/\/gabonnouvellevision.com\/gnv\/category\/a-la-une\/\"><span>A la une<\/span><\/a><a class=\"jl_cat_txt jl_cat55\" href=\"https:\/\/gabonnouvellevision.com\/gnv\/category\/actualites\/\"><span>Actualites<\/span><\/a><a class=\"jl_cat_txt jl_cat65\" href=\"https:\/\/gabonnouvellevision.com\/gnv\/category\/politique-podcasts\/\"><span>Politique<\/span><\/a><\/span>\t\t\t\t\t\t\t\t\t\t\t\t\t\t<h3 class=\"h3 jl_fe_title jl_txt_2row\"><a href=\"https:\/\/gabonnouvellevision.com\/gnv\/2025\/10\/23\/conseil-des-ministres-ce-jeudi-23-octobre-a-libreville\/\">Conseil des Ministres ce jeudi 23 octobre \u00e0 Libreville<\/a><\/h3>\r\n\t\t\t\t\t\t\t\t\t\t\t\t        <span class=\"jl_post_meta\"><span class=\"post-date\">23 octobre 2025<\/span><span class=\"jl_fot_share_i jl_share_l_bg jls_tooltip\"><i class=\"jli-share\"><\/i><span class=\"jls_tooltip_w jls_tooltip-top\"><span class=\"jls_tooltiptext\"><span class=\"jls_tooltip_in\">                <span class=\"jl_sli_in\">\r\n                    <span class=\"jl_sli_fb jl_shli\"><a class=\"jl_sshl\" href=\"http:\/\/www.facebook.com\/sharer.php?u=https%3A%2F%2Fgabonnouvellevision.com%2Fgnv%2F2025%2F10%2F23%2Fconseil-des-ministres-ce-jeudi-23-octobre-a-libreville%2F\" rel=\"nofollow\"><i class=\"jli-facebook\"><\/i><\/a><\/span>\r\n                    <span class=\"jl_sli_tw jl_shli\"><a class=\"jl_sshl\" href=\"https:\/\/twitter.com\/intent\/tweet?text=Conseil%20des%20Ministres%20ce%20jeudi%2023%20octobre%20%C3%A0%20Libreville&amp;url=https%3A%2F%2Fgabonnouvellevision.com%2Fgnv%2F2025%2F10%2F23%2Fconseil-des-ministres-ce-jeudi-23-octobre-a-libreville%2F\" rel=\"nofollow\"><i class=\"jli-x\"><\/i><\/a><\/span>\r\n                    <span class=\"jl_sli_pi jl_shli\"><a class=\"jl_sshl\" href=\"http:\/\/pinterest.com\/pin\/create\/bookmarklet\/?url=https%3A%2F%2Fgabonnouvellevision.com%2Fgnv%2F2025%2F10%2F23%2Fconseil-des-ministres-ce-jeudi-23-octobre-a-libreville%2F>&amp;media=https:\/\/gabonnouvellevision.com\/gnv\/wp-content\/uploads\/2025\/05\/8354478516128887058.jpeg\" rel=\"nofollow\"><i class=\"jli-pinterest\"><\/i><\/a><\/span>\r\n                    <span class=\"jl_sli_din jl_shli\"><a class=\"jl_sshl\" href=\"http:\/\/www.linkedin.com\/shareArticle?url=https%3A%2F%2Fgabonnouvellevision.com%2Fgnv%2F2025%2F10%2F23%2Fconseil-des-ministres-ce-jeudi-23-octobre-a-libreville%2F\" rel=\"nofollow\"><i class=\"jli-linkedin\"><\/i><\/a><\/span>\r\n                    <span class=\"jl_sli_wapp jl_shli\"><a class=\"jl_sshl\" href=\"https:\/\/api.whatsapp.com\/send?text=https%3A%2F%2Fgabonnouvellevision.com%2Fgnv%2F2025%2F10%2F23%2Fconseil-des-ministres-ce-jeudi-23-octobre-a-libreville%2F\" data-action=\"share\/whatsapp\/share\" rel=\"nofollow\"><i class=\"jli-whatsapp\"><\/i><\/a><\/span>                                        \r\n                <\/span>            \r\n    <\/span><\/span><\/span><\/span><\/span>                \r\n\t\t\t\t\t    <\/div>\r\n\t\t\t\t\t<\/div>\r\n\t\t\t\t\t<\/div>\r\n\t\t\t\t<\/div>\r\n\t\t\t<\/div>\r\n\t\t\t\t<div class=\"jl_mmlistw jl_lisep\">\r\n\t\t\t\t<div class=\"jl_mmlistc\">\r\n\t\t\t\t\t<div class=\"jl_mmlist_layout jl_lisep\">\r\n\t\t\t\t\t\t<div class=\"jl_li_in\">\r\n\t\t\t\t\t    \t\t\t\t\t        <div class=\"jl_img_holder\">\r\n\t\t\t\t\t\t        <div class=\"jl_imgw jl_radus_e\">\r\n\t\t\t\t\t\t            <div class=\"jl_imgin\">\r\n\t\t\t\t\t\t\t\t\t<img loading=\"lazy\" decoding=\"async\" width=\"200\" height=\"113\" src=\"https:\/\/gabonnouvellevision.com\/gnv\/wp-content\/uploads\/2025\/10\/Gabon-Gabonmediatime_Route_Harold-Leckat-390x220-1-20x11.jpg\" class=\"attachment-bopea_small size-bopea_small jl-lazyload lazyload wp-post-image\" alt=\"\" data-src=\"https:\/\/gabonnouvellevision.com\/gnv\/wp-content\/uploads\/2025\/10\/Gabon-Gabonmediatime_Route_Harold-Leckat-390x220-1-200x113.jpg\" \/>\t\t\t\t\t\t            <\/div>\t\t\t\t            \r\n\t\t\t\t\t\t            <a class=\"jl_imgl\" aria-label=\"L&rsquo;OPAM exige la lib\u00e9ration du Directeur de Publication Harold Leckat de GMT\" href=\"https:\/\/gabonnouvellevision.com\/gnv\/2025\/10\/17\/lopam-exige-la-liberation-du-directeur-de-publication-harold-leckat-de-gmt\/\"><\/a>\r\n\t\t\t\t\t\t        <\/div> \r\n\t\t\t\t\t        <\/div> \r\n\t\t\t\t\t                                \r\n\t\t\t\t\t    <div class=\"jl_fe_text\">    \r\n\t\t\t\t\t\t\t<span class=\"jl_f_cat jl_lb1\"><a class=\"jl_cat_txt jl_cat1\" href=\"https:\/\/gabonnouvellevision.com\/gnv\/category\/non-classe\/\"><span>Non class\u00e9<\/span><\/a><\/span>\t\t\t\t\t\t\t\t\t\t\t\t\t\t<h3 class=\"h3 jl_fe_title jl_txt_2row\"><a href=\"https:\/\/gabonnouvellevision.com\/gnv\/2025\/10\/17\/lopam-exige-la-liberation-du-directeur-de-publication-harold-leckat-de-gmt\/\">L&rsquo;OPAM exige la lib\u00e9ration du Directeur de Publication Harold Leckat de GMT<\/a><\/h3>\r\n\t\t\t\t\t\t\t\t\t\t\t\t        <span class=\"jl_post_meta\"><span class=\"post-date\">17 octobre 2025<\/span><span class=\"jl_fot_share_i jl_share_l_bg jls_tooltip\"><i class=\"jli-share\"><\/i><span class=\"jls_tooltip_w jls_tooltip-top\"><span class=\"jls_tooltiptext\"><span class=\"jls_tooltip_in\">                <span class=\"jl_sli_in\">\r\n                    <span class=\"jl_sli_fb jl_shli\"><a class=\"jl_sshl\" href=\"http:\/\/www.facebook.com\/sharer.php?u=https%3A%2F%2Fgabonnouvellevision.com%2Fgnv%2F2025%2F10%2F17%2Flopam-exige-la-liberation-du-directeur-de-publication-harold-leckat-de-gmt%2F\" rel=\"nofollow\"><i class=\"jli-facebook\"><\/i><\/a><\/span>\r\n                    <span class=\"jl_sli_tw jl_shli\"><a class=\"jl_sshl\" href=\"https:\/\/twitter.com\/intent\/tweet?text=L%E2%80%99OPAM%20exige%20la%20lib%C3%A9ration%20du%20Directeur%20de%20Publication%20Harold%20Leckat%20de%20GMT&amp;url=https%3A%2F%2Fgabonnouvellevision.com%2Fgnv%2F2025%2F10%2F17%2Flopam-exige-la-liberation-du-directeur-de-publication-harold-leckat-de-gmt%2F\" rel=\"nofollow\"><i class=\"jli-x\"><\/i><\/a><\/span>\r\n                    <span class=\"jl_sli_pi jl_shli\"><a class=\"jl_sshl\" href=\"http:\/\/pinterest.com\/pin\/create\/bookmarklet\/?url=https%3A%2F%2Fgabonnouvellevision.com%2Fgnv%2F2025%2F10%2F17%2Flopam-exige-la-liberation-du-directeur-de-publication-harold-leckat-de-gmt%2F>&amp;media=https:\/\/gabonnouvellevision.com\/gnv\/wp-content\/uploads\/2025\/10\/Gabon-Gabonmediatime_Route_Harold-Leckat-390x220-1.jpg\" rel=\"nofollow\"><i class=\"jli-pinterest\"><\/i><\/a><\/span>\r\n                    <span class=\"jl_sli_din jl_shli\"><a class=\"jl_sshl\" href=\"http:\/\/www.linkedin.com\/shareArticle?url=https%3A%2F%2Fgabonnouvellevision.com%2Fgnv%2F2025%2F10%2F17%2Flopam-exige-la-liberation-du-directeur-de-publication-harold-leckat-de-gmt%2F\" rel=\"nofollow\"><i class=\"jli-linkedin\"><\/i><\/a><\/span>\r\n                    <span class=\"jl_sli_wapp jl_shli\"><a class=\"jl_sshl\" href=\"https:\/\/api.whatsapp.com\/send?text=https%3A%2F%2Fgabonnouvellevision.com%2Fgnv%2F2025%2F10%2F17%2Flopam-exige-la-liberation-du-directeur-de-publication-harold-leckat-de-gmt%2F\" data-action=\"share\/whatsapp\/share\" rel=\"nofollow\"><i class=\"jli-whatsapp\"><\/i><\/a><\/span>                                        \r\n                <\/span>            \r\n    <\/span><\/span><\/span><\/span><\/span>                \r\n\t\t\t\t\t    <\/div>\r\n\t\t\t\t\t<\/div>\r\n\t\t\t\t\t<\/div>\r\n\t\t\t\t<\/div>\r\n\t\t\t<\/div>\r\n\t<\/div><\/div>\t\t\t\t\t\t\t\t\r\n\t\t\t<\/div>\r\n\t\t\t\t\t<\/div>\r\n\t\t\t<\/div>\t\t\t\t<\/div>\n\t\t\t\t<\/div>\n\t\t\t\t<\/div>\n\t\t\t\t\t<\/div>\n\t\t\t\t<\/div>\n\t\t<div class=\"elementor-element elementor-element-43ca0b8b e-flex e-con-boxed e-con e-parent\" data-id=\"43ca0b8b\" data-element_type=\"container\">\n\t\t\t\t\t<div class=\"e-con-inner\">\n\t\t<div class=\"elementor-element elementor-element-f1a3ede e-con-full e-flex e-con e-child\" data-id=\"f1a3ede\" data-element_type=\"container\" data-settings=\"{&quot;background_background&quot;:&quot;classic&quot;}\">\n\t\t\t\t<div class=\"elementor-element elementor-element-2aa7f974 elementor-widget elementor-widget-image\" data-id=\"2aa7f974\" data-element_type=\"widget\" data-widget_type=\"image.default\">\n\t\t\t\t<div class=\"elementor-widget-container\">\n\t\t\t\t\t\t\t\t\t\t\t\t\t\t\t<img loading=\"lazy\" decoding=\"async\" width=\"256\" height=\"256\" src=\"https:\/\/gabonnouvellevision.com\/gnv\/wp-content\/uploads\/2024\/10\/4698728.png\" class=\"attachment-large size-large wp-image-23405 jl-lazyload lazyload\" alt=\"\" data-src=\"https:\/\/gabonnouvellevision.com\/gnv\/wp-content\/uploads\/2024\/10\/4698728.png\" \/>\t\t\t\t\t\t\t\t\t\t\t\t\t\t\t<\/div>\n\t\t\t\t<\/div>\n\t\t\t\t<div class=\"elementor-element elementor-element-29baacda elementor-widget__width-initial elementor-widget elementor-widget-bopea-section-title\" data-id=\"29baacda\" data-element_type=\"widget\" data-widget_type=\"bopea-section-title.default\">\n\t\t\t\t<div class=\"elementor-widget-container\">\n\t\t\t\t\t          <div class=\"jlcus_sec_title jl_sec_style8 jl_secf_title  \">\n            <div class=\"jlcus_sect_inner\">\n                                    <h2 class=\"jl-heading-text\">\n                                                <span class=\"jl_ttw\">S'abonner aux mises \u00e0 jour<\/span>                                          <\/h2>\n                                                <\/div>                    \n            <p class=\"jl_sct_sub\">Abonnez-vous \u00e0 notre newsletter pour recevoir nos derniers articles instantan\u00e9ment !<\/p>          <\/div>                    \n    \t\t\t\t<\/div>\n\t\t\t\t<\/div>\n\t\t\t\t<div class=\"elementor-element elementor-element-740413b7 elementor-widget__width-initial elementor-widget elementor-widget-bopea-contact-form\" data-id=\"740413b7\" data-element_type=\"widget\" data-widget_type=\"bopea-contact-form.default\">\n\t\t\t\t<div class=\"elementor-widget-container\">\n\t\t\t\t\t        <div class=\"jl-cf7 jl_c7in\">\n        \n<div class=\"wpcf7 no-js\" id=\"wpcf7-f20925-o1\" lang=\"en-US\" dir=\"ltr\" data-wpcf7-id=\"20925\">\n<div class=\"screen-reader-response\"><p role=\"status\" aria-live=\"polite\" aria-atomic=\"true\"><\/p> <ul><\/ul><\/div>\n<form action=\"\/gnv\/wp-json\/wp\/v2\/pages\/13574#wpcf7-f20925-o1\" method=\"post\" class=\"wpcf7-form init\" aria-label=\"Contact form\" novalidate=\"novalidate\" data-status=\"init\">\n<div style=\"display: none;\">\n<input type=\"hidden\" name=\"_wpcf7\" value=\"20925\" \/>\n<input type=\"hidden\" name=\"_wpcf7_version\" value=\"6.0.3\" \/>\n<input type=\"hidden\" name=\"_wpcf7_locale\" value=\"en_US\" \/>\n<input type=\"hidden\" name=\"_wpcf7_unit_tag\" value=\"wpcf7-f20925-o1\" \/>\n<input type=\"hidden\" name=\"_wpcf7_container_post\" value=\"0\" \/>\n<input type=\"hidden\" name=\"_wpcf7_posted_data_hash\" value=\"\" \/>\n<\/div>\n<div class=\"jl-c7sub\"><span class=\"wpcf7-form-control-wrap\" data-name=\"your-email\"><input size=\"40\" maxlength=\"400\" class=\"wpcf7-form-control wpcf7-email wpcf7-validates-as-required wpcf7-text wpcf7-validates-as-email\" aria-required=\"true\" aria-invalid=\"false\" placeholder=\"Email address\" value=\"\" type=\"email\" name=\"your-email\" \/><\/span>\n<input class=\"wpcf7-form-control wpcf7-submit has-spinner\" type=\"submit\" value=\"Sign Up Now\" \/><\/div>\n<span class=\"wpcf7-form-control-wrap\" data-name=\"your-consent\"><span class=\"wpcf7-form-control wpcf7-acceptance\"><span class=\"wpcf7-list-item\"><label><input type=\"checkbox\" name=\"your-consent\" value=\"1\" aria-invalid=\"false\" \/><span class=\"wpcf7-list-item-label\">I consent to the terms and conditions<\/span><\/label><\/span><\/span><\/span><div class=\"wpcf7-response-output\" aria-hidden=\"true\"><\/div>\n<\/form>\n<\/div>\n        <\/div>\n    \t\t\t\t<\/div>\n\t\t\t\t<\/div>\n\t\t\t\t<\/div>\n\t\t\t\t\t<\/div>\n\t\t\t\t<\/div>\n\t\t<div class=\"elementor-element elementor-element-7e97f34f e-flex e-con-boxed e-con e-parent\" data-id=\"7e97f34f\" data-element_type=\"container\">\n\t\t\t\t\t<div class=\"e-con-inner\">\n\t\t\t\t<div class=\"elementor-element elementor-element-13918283 elementor-widget elementor-widget-bopea-section-title\" data-id=\"13918283\" data-element_type=\"widget\" data-widget_type=\"bopea-section-title.default\">\n\t\t\t\t<div class=\"elementor-widget-container\">\n\t\t\t\t\t          <div class=\"jlcus_sec_title jl_sec_style15 jl_secf_menu jl_secb_menu no\">\n            <div class=\"jlcus_sect_inner\">\n                                    <h2 class=\"jl-heading-text\">\n                                                <span class=\"jl_ttw\">Latest Posts<\/span>                                          <\/h2>\n                                                      <p class=\"jl_sct_bt\">\n                        <a href=\"#\" class=\"jlopt-text-link\">                        <span class=\"jl_bt_inner\">\n                        <span>Find more<\/span>\n                        <i class=\"jli-carrow\"><\/i>                        <\/span>\n                        <\/a>                  <\/p>\n                              <\/div>                    \n                      <\/div>                    \n    \t\t\t\t<\/div>\n\t\t\t\t<\/div>\n\t\t\t\t<div class=\"elementor-element elementor-element-39ed2aa1 elementor-widget elementor-widget-bopea-grid-post\" data-id=\"39ed2aa1\" data-element_type=\"widget\" data-widget_type=\"bopea-grid-post.default\">\n\t\t\t\t<div class=\"elementor-widget-container\">\n\t\t\t\t\t\t\t<div class=\"jl_clear_at block-section jl-main-block jl_num_top\" data-blockid=\"blockid_39ed2aa1\" data-section_style=\"jl_mgrid\" data-post_type=\"post\" data-post_type_tax=\"none\" data-page_max=\"68\" data-page_current=\"1\" data-author=\"none\" data-order=\"date_post\" data-posts_per_page=\"8\" data-offset=\"34\" data-tabs_link=\"none\" >\t\t\r\n\t\t\t\t\t<div class=\"jl_grid_wrap_f jl_wrap_eb jl_clear_at\">\r\n\t\t\t<div class=\"jl-roww jl_contain jl_cgrid_wrap jl-col-row\">\r\n\t\t\t\t\t\t\t<div class=\"jl_cgrid_layout jl_frsha jl_in_num jl_numl\">\r\n\t\t\t    \t\t\t        <div class=\"jl_img_holder\">\r\n\t\t\t        <div class=\"jl_imgw jl_radus_e\">\r\n\t\t\t            <div class=\"jl_imgin\">\r\n\t\t\t\t\t\t\t\t<img loading=\"lazy\" decoding=\"async\" width=\"500\" height=\"261\" src=\"https:\/\/gabonnouvellevision.com\/gnv\/wp-content\/uploads\/2025\/05\/8354478516128887058-20x10.jpeg\" class=\"attachment-bopea_layouts size-bopea_layouts jl-lazyload lazyload wp-post-image\" alt=\"\" data-src=\"https:\/\/gabonnouvellevision.com\/gnv\/wp-content\/uploads\/2025\/05\/8354478516128887058.jpeg\" \/>\t\t\t            <\/div>\r\n\t\t\t            \t\t\t            \t\t\t            <a class=\"jl_imgl\" aria-label=\"Conseil des Ministres ce mardi 12 Ao\u00fbt \u00e0 Libreville\" href=\"https:\/\/gabonnouvellevision.com\/gnv\/2025\/08\/12\/conseil-des-ministres-ce-mardi-12-aout-a-libreville\/\"><\/a>\r\n\t\t\t\t\t\t<span class=\"jl_f_cat jl_lb5\"><a class=\"jl_cat_lbl jl_cat57\" href=\"https:\/\/gabonnouvellevision.com\/gnv\/category\/a-la-une\/\"><span>A la une<\/span><\/a><a class=\"jl_cat_lbl jl_cat55\" href=\"https:\/\/gabonnouvellevision.com\/gnv\/category\/actualites\/\"><span>Actualites<\/span><\/a><a class=\"jl_cat_lbl jl_cat65\" href=\"https:\/\/gabonnouvellevision.com\/gnv\/category\/politique-podcasts\/\"><span>Politique<\/span><\/a><\/span>\t\t\t        <\/div>\r\n\t\t\t        <\/div>\r\n\t\t\t    \t\t\t    <div class=\"jl_fe_text jl_nun_i\">\r\n\t\t\t\t\t<span class=\"jl_nun_d\"><\/span>\r\n\t\t\t        \t\t\t\t\t\t\t\t        <h2 class=\"h2 jl_fe_title jl_txt_2row\"><a href=\"https:\/\/gabonnouvellevision.com\/gnv\/2025\/08\/12\/conseil-des-ministres-ce-mardi-12-aout-a-libreville\/\">Conseil des Ministres ce mardi 12 Ao\u00fbt \u00e0 Libreville<\/a><\/h2>\r\n\t\t\t\t\t\t\t\t        <p class=\"jl_fe_des\">Un Conseil des Ministres se tient ce mardi 12 Ao\u00fbt 2025 \u00e0 11h00, sous la pr\u00e9sidence de &nbsp;Brice Clotaire Oligui Nguema Pr\u00e9sident de... <\/p>\r\n\t\t\t        <span class=\"jl_post_meta\"><span class=\"jl_author_img_w\">By<a href=\"https:\/\/gabonnouvellevision.com\/gnv\/author\/rufin\/\" title=\"Articles par Eyeng Obame\" rel=\"author\">Eyeng Obame<\/a><\/span><span class=\"post-date\">12 ao\u00fbt 2025<\/span><span class=\"jl_fot_share_i jl_share_l_bg jls_tooltip\"><i class=\"jli-share\"><\/i><span class=\"jls_tooltip_w jls_tooltip-top\"><span class=\"jls_tooltiptext\"><span class=\"jls_tooltip_in\">                <span class=\"jl_sli_in\">\r\n                    <span class=\"jl_sli_fb jl_shli\"><a class=\"jl_sshl\" href=\"http:\/\/www.facebook.com\/sharer.php?u=https%3A%2F%2Fgabonnouvellevision.com%2Fgnv%2F2025%2F08%2F12%2Fconseil-des-ministres-ce-mardi-12-aout-a-libreville%2F\" rel=\"nofollow\"><i class=\"jli-facebook\"><\/i><\/a><\/span>\r\n                    <span class=\"jl_sli_tw jl_shli\"><a class=\"jl_sshl\" href=\"https:\/\/twitter.com\/intent\/tweet?text=Conseil%20des%20Ministres%20ce%20mardi%2012%20Ao%C3%BBt%20%C3%A0%20Libreville&amp;url=https%3A%2F%2Fgabonnouvellevision.com%2Fgnv%2F2025%2F08%2F12%2Fconseil-des-ministres-ce-mardi-12-aout-a-libreville%2F\" rel=\"nofollow\"><i class=\"jli-x\"><\/i><\/a><\/span>\r\n                    <span class=\"jl_sli_pi jl_shli\"><a class=\"jl_sshl\" href=\"http:\/\/pinterest.com\/pin\/create\/bookmarklet\/?url=https%3A%2F%2Fgabonnouvellevision.com%2Fgnv%2F2025%2F08%2F12%2Fconseil-des-ministres-ce-mardi-12-aout-a-libreville%2F>&amp;media=https:\/\/gabonnouvellevision.com\/gnv\/wp-content\/uploads\/2025\/05\/8354478516128887058.jpeg\" rel=\"nofollow\"><i class=\"jli-pinterest\"><\/i><\/a><\/span>\r\n                    <span class=\"jl_sli_din jl_shli\"><a class=\"jl_sshl\" href=\"http:\/\/www.linkedin.com\/shareArticle?url=https%3A%2F%2Fgabonnouvellevision.com%2Fgnv%2F2025%2F08%2F12%2Fconseil-des-ministres-ce-mardi-12-aout-a-libreville%2F\" rel=\"nofollow\"><i class=\"jli-linkedin\"><\/i><\/a><\/span>\r\n                    <span class=\"jl_sli_wapp jl_shli\"><a class=\"jl_sshl\" href=\"https:\/\/api.whatsapp.com\/send?text=https%3A%2F%2Fgabonnouvellevision.com%2Fgnv%2F2025%2F08%2F12%2Fconseil-des-ministres-ce-mardi-12-aout-a-libreville%2F\" data-action=\"share\/whatsapp\/share\" rel=\"nofollow\"><i class=\"jli-whatsapp\"><\/i><\/a><\/span>                                        \r\n                <\/span>            \r\n    <\/span><\/span><\/span><\/span><\/span>\t\t\t    <\/div>\r\n\t\t\t<\/div>\r\n\t\t\t\t\t\t\t<div class=\"jl_cgrid_layout jl_frsha jl_in_num jl_numl\">\r\n\t\t\t    \t\t\t        <div class=\"jl_img_holder\">\r\n\t\t\t        <div class=\"jl_imgw jl_radus_e\">\r\n\t\t\t            <div class=\"jl_imgin\">\r\n\t\t\t\t\t\t\t\t<img loading=\"lazy\" decoding=\"async\" width=\"680\" height=\"357\" src=\"https:\/\/gabonnouvellevision.com\/gnv\/wp-content\/uploads\/2025\/08\/531296142_122267388554025336_7544848989816428170_n-20x10.jpg\" class=\"attachment-bopea_layouts size-bopea_layouts jl-lazyload lazyload wp-post-image\" alt=\"\" data-src=\"https:\/\/gabonnouvellevision.com\/gnv\/wp-content\/uploads\/2025\/08\/531296142_122267388554025336_7544848989816428170_n-680x357.jpg\" \/>\t\t\t            <\/div>\r\n\t\t\t            \t\t\t            \t\t\t            <a class=\"jl_imgl\" aria-label=\"\" href=\"https:\/\/gabonnouvellevision.com\/gnv\/2025\/08\/11\/24172\/\"><\/a>\r\n\t\t\t\t\t\t<span class=\"jl_f_cat jl_lb5\"><a class=\"jl_cat_lbl jl_cat57\" href=\"https:\/\/gabonnouvellevision.com\/gnv\/category\/a-la-une\/\"><span>A la une<\/span><\/a><a class=\"jl_cat_lbl jl_cat55\" href=\"https:\/\/gabonnouvellevision.com\/gnv\/category\/actualites\/\"><span>Actualites<\/span><\/a><a class=\"jl_cat_lbl jl_cat65\" href=\"https:\/\/gabonnouvellevision.com\/gnv\/category\/politique-podcasts\/\"><span>Politique<\/span><\/a><\/span>\t\t\t        <\/div>\r\n\t\t\t        <\/div>\r\n\t\t\t    \t\t\t    <div class=\"jl_fe_text jl_nun_i\">\r\n\t\t\t\t\t<span class=\"jl_nun_d\"><\/span>\r\n\t\t\t        \t\t\t\t\t\t\t\t        <h2 class=\"h2 jl_fe_title jl_txt_2row\"><a href=\"https:\/\/gabonnouvellevision.com\/gnv\/2025\/08\/11\/24172\/\"><\/a><\/h2>\r\n\t\t\t\t\t\t\t\t        <p class=\"jl_fe_des\">Le Pr\u00e9sident de la R\u00e9publique, Brice Clotaire Oligui Nguema, au S\u00e9minaire Gouvernemental 2025-2032. Dimanche 10 ao\u00fbt 2025.Com.Pr\u00e9sidentielle Le Pr\u00e9sident de la R\u00e9publique, Chef... <\/p>\r\n\t\t\t        <span class=\"jl_post_meta\"><span class=\"jl_author_img_w\">By<a href=\"https:\/\/gabonnouvellevision.com\/gnv\/author\/rufin\/\" title=\"Articles par Eyeng Obame\" rel=\"author\">Eyeng Obame<\/a><\/span><span class=\"post-date\">11 ao\u00fbt 2025<\/span><span class=\"jl_fot_share_i jl_share_l_bg jls_tooltip\"><i class=\"jli-share\"><\/i><span class=\"jls_tooltip_w jls_tooltip-top\"><span class=\"jls_tooltiptext\"><span class=\"jls_tooltip_in\">                <span class=\"jl_sli_in\">\r\n                    <span class=\"jl_sli_fb jl_shli\"><a class=\"jl_sshl\" href=\"http:\/\/www.facebook.com\/sharer.php?u=https%3A%2F%2Fgabonnouvellevision.com%2Fgnv%2F2025%2F08%2F11%2F24172%2F\" rel=\"nofollow\"><i class=\"jli-facebook\"><\/i><\/a><\/span>\r\n                    <span class=\"jl_sli_tw jl_shli\"><a class=\"jl_sshl\" href=\"https:\/\/twitter.com\/intent\/tweet?text=&amp;url=https%3A%2F%2Fgabonnouvellevision.com%2Fgnv%2F2025%2F08%2F11%2F24172%2F\" rel=\"nofollow\"><i class=\"jli-x\"><\/i><\/a><\/span>\r\n                    <span class=\"jl_sli_pi jl_shli\"><a class=\"jl_sshl\" href=\"http:\/\/pinterest.com\/pin\/create\/bookmarklet\/?url=https%3A%2F%2Fgabonnouvellevision.com%2Fgnv%2F2025%2F08%2F11%2F24172%2F>&amp;media=https:\/\/gabonnouvellevision.com\/gnv\/wp-content\/uploads\/2025\/08\/531296142_122267388554025336_7544848989816428170_n-1600x839.jpg\" rel=\"nofollow\"><i class=\"jli-pinterest\"><\/i><\/a><\/span>\r\n                    <span class=\"jl_sli_din jl_shli\"><a class=\"jl_sshl\" href=\"http:\/\/www.linkedin.com\/shareArticle?url=https%3A%2F%2Fgabonnouvellevision.com%2Fgnv%2F2025%2F08%2F11%2F24172%2F\" rel=\"nofollow\"><i class=\"jli-linkedin\"><\/i><\/a><\/span>\r\n                    <span class=\"jl_sli_wapp jl_shli\"><a class=\"jl_sshl\" href=\"https:\/\/api.whatsapp.com\/send?text=https%3A%2F%2Fgabonnouvellevision.com%2Fgnv%2F2025%2F08%2F11%2F24172%2F\" data-action=\"share\/whatsapp\/share\" rel=\"nofollow\"><i class=\"jli-whatsapp\"><\/i><\/a><\/span>                                        \r\n                <\/span>            \r\n    <\/span><\/span><\/span><\/span><\/span>\t\t\t    <\/div>\r\n\t\t\t<\/div>\r\n\t\t\t\t\t\t\t<div class=\"jl_cgrid_layout jl_frsha jl_in_num jl_numl\">\r\n\t\t\t    \t\t\t        <div class=\"jl_img_holder\">\r\n\t\t\t        <div class=\"jl_imgw jl_radus_e\">\r\n\t\t\t            <div class=\"jl_imgin\">\r\n\t\t\t\t\t\t\t\t<img loading=\"lazy\" decoding=\"async\" width=\"640\" height=\"508\" src=\"https:\/\/gabonnouvellevision.com\/gnv\/wp-content\/uploads\/2025\/08\/528473039_122266726142025336_4267688113191763242_n-20x16.jpg\" class=\"attachment-bopea_layouts size-bopea_layouts jl-lazyload lazyload wp-post-image\" alt=\"\" data-src=\"https:\/\/gabonnouvellevision.com\/gnv\/wp-content\/uploads\/2025\/08\/528473039_122266726142025336_4267688113191763242_n.jpg\" \/>\t\t\t            <\/div>\r\n\t\t\t            \t\t\t            \t\t\t            <a class=\"jl_imgl\" aria-label=\"La Ministre \u00a0Ba\u00efpo-T\u00e9mon chez le Pr\u00e9sident Oligui Nguema\" href=\"https:\/\/gabonnouvellevision.com\/gnv\/2025\/08\/07\/la-ministre-baipo-temon-chez-le-president-oligui-nguema\/\"><\/a>\r\n\t\t\t\t\t\t<span class=\"jl_f_cat jl_lb5\"><a class=\"jl_cat_lbl jl_cat57\" href=\"https:\/\/gabonnouvellevision.com\/gnv\/category\/a-la-une\/\"><span>A la une<\/span><\/a><a class=\"jl_cat_lbl jl_cat55\" href=\"https:\/\/gabonnouvellevision.com\/gnv\/category\/actualites\/\"><span>Actualites<\/span><\/a><a class=\"jl_cat_lbl jl_cat66\" href=\"https:\/\/gabonnouvellevision.com\/gnv\/category\/diplomatie\/\"><span>Diplomatie<\/span><\/a><\/span>\t\t\t        <\/div>\r\n\t\t\t        <\/div>\r\n\t\t\t    \t\t\t    <div class=\"jl_fe_text jl_nun_i\">\r\n\t\t\t\t\t<span class=\"jl_nun_d\"><\/span>\r\n\t\t\t        \t\t\t\t\t\t\t\t        <h2 class=\"h2 jl_fe_title jl_txt_2row\"><a href=\"https:\/\/gabonnouvellevision.com\/gnv\/2025\/08\/07\/la-ministre-baipo-temon-chez-le-president-oligui-nguema\/\">La Ministre \u00a0Ba\u00efpo-T\u00e9mon chez le Pr\u00e9sident Oligui Nguema<\/a><\/h2>\r\n\t\t\t\t\t\t\t\t        <p class=\"jl_fe_des\">Le Pr\u00e9sident de la R\u00e9publique, Brice Clotaire Oligui Nguema, a accord\u00e9 hier une audience \u00e0 Sylvie Ba\u00efpo-T\u00e9mon, ministre des Affaires \u00e9trang\u00e8res de la... <\/p>\r\n\t\t\t        <span class=\"jl_post_meta\"><span class=\"jl_author_img_w\">By<a href=\"https:\/\/gabonnouvellevision.com\/gnv\/author\/rufin\/\" title=\"Articles par Eyeng Obame\" rel=\"author\">Eyeng Obame<\/a><\/span><span class=\"post-date\">7 ao\u00fbt 2025<\/span><span class=\"jl_fot_share_i jl_share_l_bg jls_tooltip\"><i class=\"jli-share\"><\/i><span class=\"jls_tooltip_w jls_tooltip-top\"><span class=\"jls_tooltiptext\"><span class=\"jls_tooltip_in\">                <span class=\"jl_sli_in\">\r\n                    <span class=\"jl_sli_fb jl_shli\"><a class=\"jl_sshl\" href=\"http:\/\/www.facebook.com\/sharer.php?u=https%3A%2F%2Fgabonnouvellevision.com%2Fgnv%2F2025%2F08%2F07%2Fla-ministre-baipo-temon-chez-le-president-oligui-nguema%2F\" rel=\"nofollow\"><i class=\"jli-facebook\"><\/i><\/a><\/span>\r\n                    <span class=\"jl_sli_tw jl_shli\"><a class=\"jl_sshl\" href=\"https:\/\/twitter.com\/intent\/tweet?text=La%20Ministre%20%C2%A0Ba%C3%AFpo-T%C3%A9mon%20chez%20le%20Pr%C3%A9sident%20Oligui%20Nguema&amp;url=https%3A%2F%2Fgabonnouvellevision.com%2Fgnv%2F2025%2F08%2F07%2Fla-ministre-baipo-temon-chez-le-president-oligui-nguema%2F\" rel=\"nofollow\"><i class=\"jli-x\"><\/i><\/a><\/span>\r\n                    <span class=\"jl_sli_pi jl_shli\"><a class=\"jl_sshl\" href=\"http:\/\/pinterest.com\/pin\/create\/bookmarklet\/?url=https%3A%2F%2Fgabonnouvellevision.com%2Fgnv%2F2025%2F08%2F07%2Fla-ministre-baipo-temon-chez-le-president-oligui-nguema%2F>&amp;media=https:\/\/gabonnouvellevision.com\/gnv\/wp-content\/uploads\/2025\/08\/528473039_122266726142025336_4267688113191763242_n.jpg\" rel=\"nofollow\"><i class=\"jli-pinterest\"><\/i><\/a><\/span>\r\n                    <span class=\"jl_sli_din jl_shli\"><a class=\"jl_sshl\" href=\"http:\/\/www.linkedin.com\/shareArticle?url=https%3A%2F%2Fgabonnouvellevision.com%2Fgnv%2F2025%2F08%2F07%2Fla-ministre-baipo-temon-chez-le-president-oligui-nguema%2F\" rel=\"nofollow\"><i class=\"jli-linkedin\"><\/i><\/a><\/span>\r\n                    <span class=\"jl_sli_wapp jl_shli\"><a class=\"jl_sshl\" href=\"https:\/\/api.whatsapp.com\/send?text=https%3A%2F%2Fgabonnouvellevision.com%2Fgnv%2F2025%2F08%2F07%2Fla-ministre-baipo-temon-chez-le-president-oligui-nguema%2F\" data-action=\"share\/whatsapp\/share\" rel=\"nofollow\"><i class=\"jli-whatsapp\"><\/i><\/a><\/span>                                        \r\n                <\/span>            \r\n    <\/span><\/span><\/span><\/span><\/span>\t\t\t    <\/div>\r\n\t\t\t<\/div>\r\n\t\t\t\t\t\t\t<div class=\"jl_cgrid_layout jl_frsha jl_in_num jl_numl\">\r\n\t\t\t    \t\t\t        <div class=\"jl_img_holder\">\r\n\t\t\t        <div class=\"jl_imgw jl_radus_e\">\r\n\t\t\t            <div class=\"jl_imgin\">\r\n\t\t\t\t\t\t\t\t<img loading=\"lazy\" decoding=\"async\" width=\"680\" height=\"384\" src=\"https:\/\/gabonnouvellevision.com\/gnv\/wp-content\/uploads\/2025\/08\/528388358_122266600094025336_6213013660350163437_n-20x11.jpg\" class=\"attachment-bopea_layouts size-bopea_layouts jl-lazyload lazyload wp-post-image\" alt=\"\" data-src=\"https:\/\/gabonnouvellevision.com\/gnv\/wp-content\/uploads\/2025\/08\/528388358_122266600094025336_6213013660350163437_n-680x384.jpg\" \/>\t\t\t            <\/div>\r\n\t\t\t            \t\t\t            \t\t\t            <a class=\"jl_imgl\" aria-label=\"Partenariat s\u00e9curitaire renforc\u00e9 Gabon-Etats-Unis\" href=\"https:\/\/gabonnouvellevision.com\/gnv\/2025\/08\/06\/partenariat-securitaire-renforce-gabon-etats-unis\/\"><\/a>\r\n\t\t\t\t\t\t<span class=\"jl_f_cat jl_lb5\"><a class=\"jl_cat_lbl jl_cat57\" href=\"https:\/\/gabonnouvellevision.com\/gnv\/category\/a-la-une\/\"><span>A la une<\/span><\/a><a class=\"jl_cat_lbl jl_cat55\" href=\"https:\/\/gabonnouvellevision.com\/gnv\/category\/actualites\/\"><span>Actualites<\/span><\/a><a class=\"jl_cat_lbl jl_cat66\" href=\"https:\/\/gabonnouvellevision.com\/gnv\/category\/diplomatie\/\"><span>Diplomatie<\/span><\/a><\/span>\t\t\t        <\/div>\r\n\t\t\t        <\/div>\r\n\t\t\t    \t\t\t    <div class=\"jl_fe_text jl_nun_i\">\r\n\t\t\t\t\t<span class=\"jl_nun_d\"><\/span>\r\n\t\t\t        \t\t\t\t\t\t\t\t        <h2 class=\"h2 jl_fe_title jl_txt_2row\"><a href=\"https:\/\/gabonnouvellevision.com\/gnv\/2025\/08\/06\/partenariat-securitaire-renforce-gabon-etats-unis\/\">Partenariat s\u00e9curitaire renforc\u00e9 Gabon-Etats-Unis<\/a><\/h2>\r\n\t\t\t\t\t\t\t\t        <p class=\"jl_fe_des\">Le G\u00e9n\u00e9ral Am\u00e9ricain Thomas Waldhauser, et le Pr\u00e9sident Gabonais, Brice Clotaire Oligui Nguema, mardi 05 ao\u00fbt 2025 \u00e0 Libreville. Com. Pr\u00e9sidentielle Le Pr\u00e9sident... <\/p>\r\n\t\t\t        <span class=\"jl_post_meta\"><span class=\"jl_author_img_w\">By<a href=\"https:\/\/gabonnouvellevision.com\/gnv\/author\/rufin\/\" title=\"Articles par Eyeng Obame\" rel=\"author\">Eyeng Obame<\/a><\/span><span class=\"post-date\">6 ao\u00fbt 2025<\/span><span class=\"jl_fot_share_i jl_share_l_bg jls_tooltip\"><i class=\"jli-share\"><\/i><span class=\"jls_tooltip_w jls_tooltip-top\"><span class=\"jls_tooltiptext\"><span class=\"jls_tooltip_in\">                <span class=\"jl_sli_in\">\r\n                    <span class=\"jl_sli_fb jl_shli\"><a class=\"jl_sshl\" href=\"http:\/\/www.facebook.com\/sharer.php?u=https%3A%2F%2Fgabonnouvellevision.com%2Fgnv%2F2025%2F08%2F06%2Fpartenariat-securitaire-renforce-gabon-etats-unis%2F\" rel=\"nofollow\"><i class=\"jli-facebook\"><\/i><\/a><\/span>\r\n                    <span class=\"jl_sli_tw jl_shli\"><a class=\"jl_sshl\" href=\"https:\/\/twitter.com\/intent\/tweet?text=Partenariat%20s%C3%A9curitaire%20renforc%C3%A9%20Gabon-Etats-Unis&amp;url=https%3A%2F%2Fgabonnouvellevision.com%2Fgnv%2F2025%2F08%2F06%2Fpartenariat-securitaire-renforce-gabon-etats-unis%2F\" rel=\"nofollow\"><i class=\"jli-x\"><\/i><\/a><\/span>\r\n                    <span class=\"jl_sli_pi jl_shli\"><a class=\"jl_sshl\" href=\"http:\/\/pinterest.com\/pin\/create\/bookmarklet\/?url=https%3A%2F%2Fgabonnouvellevision.com%2Fgnv%2F2025%2F08%2F06%2Fpartenariat-securitaire-renforce-gabon-etats-unis%2F>&amp;media=https:\/\/gabonnouvellevision.com\/gnv\/wp-content\/uploads\/2025\/08\/528388358_122266600094025336_6213013660350163437_n.jpg\" rel=\"nofollow\"><i class=\"jli-pinterest\"><\/i><\/a><\/span>\r\n                    <span class=\"jl_sli_din jl_shli\"><a class=\"jl_sshl\" href=\"http:\/\/www.linkedin.com\/shareArticle?url=https%3A%2F%2Fgabonnouvellevision.com%2Fgnv%2F2025%2F08%2F06%2Fpartenariat-securitaire-renforce-gabon-etats-unis%2F\" rel=\"nofollow\"><i class=\"jli-linkedin\"><\/i><\/a><\/span>\r\n                    <span class=\"jl_sli_wapp jl_shli\"><a class=\"jl_sshl\" href=\"https:\/\/api.whatsapp.com\/send?text=https%3A%2F%2Fgabonnouvellevision.com%2Fgnv%2F2025%2F08%2F06%2Fpartenariat-securitaire-renforce-gabon-etats-unis%2F\" data-action=\"share\/whatsapp\/share\" rel=\"nofollow\"><i class=\"jli-whatsapp\"><\/i><\/a><\/span>                                        \r\n                <\/span>            \r\n    <\/span><\/span><\/span><\/span><\/span>\t\t\t    <\/div>\r\n\t\t\t<\/div>\r\n\t\t\t\t\t\t\t<div class=\"jl_cgrid_layout jl_frsha jl_in_num jl_numl\">\r\n\t\t\t    \t\t\t        <div class=\"jl_img_holder\">\r\n\t\t\t        <div class=\"jl_imgw jl_radus_e\">\r\n\t\t\t            <div class=\"jl_imgin\">\r\n\t\t\t\t\t\t\t\t<img loading=\"lazy\" decoding=\"async\" width=\"680\" height=\"383\" src=\"https:\/\/gabonnouvellevision.com\/gnv\/wp-content\/uploads\/2025\/08\/526841218_122266115672025336_5438705255484677942_n-20x11.jpg\" class=\"attachment-bopea_layouts size-bopea_layouts jl-lazyload lazyload wp-post-image\" alt=\"\" data-src=\"https:\/\/gabonnouvellevision.com\/gnv\/wp-content\/uploads\/2025\/08\/526841218_122266115672025336_5438705255484677942_n-680x383.jpg\" \/>\t\t\t            <\/div>\r\n\t\t\t            \t\t\t            \t\t\t            <a class=\"jl_imgl\" aria-label=\"Forum d&rsquo;Affaires Turquie-Gabon \u00e0 Istanbul\" href=\"https:\/\/gabonnouvellevision.com\/gnv\/2025\/08\/04\/forum-daffaires-turquie-gabon-a-istanbul\/\"><\/a>\r\n\t\t\t\t\t\t<span class=\"jl_f_cat jl_lb5\"><a class=\"jl_cat_lbl jl_cat57\" href=\"https:\/\/gabonnouvellevision.com\/gnv\/category\/a-la-une\/\"><span>A la une<\/span><\/a><a class=\"jl_cat_lbl jl_cat55\" href=\"https:\/\/gabonnouvellevision.com\/gnv\/category\/actualites\/\"><span>Actualites<\/span><\/a><a class=\"jl_cat_lbl jl_cat17\" href=\"https:\/\/gabonnouvellevision.com\/gnv\/category\/business\/\"><span>Business<\/span><\/a><a class=\"jl_cat_lbl jl_cat60\" href=\"https:\/\/gabonnouvellevision.com\/gnv\/category\/economie\/\"><span>Economie<\/span><\/a><\/span>\t\t\t        <\/div>\r\n\t\t\t        <\/div>\r\n\t\t\t    \t\t\t    <div class=\"jl_fe_text jl_nun_i\">\r\n\t\t\t\t\t<span class=\"jl_nun_d\"><\/span>\r\n\t\t\t        \t\t\t\t\t\t\t\t        <h2 class=\"h2 jl_fe_title jl_txt_2row\"><a href=\"https:\/\/gabonnouvellevision.com\/gnv\/2025\/08\/04\/forum-daffaires-turquie-gabon-a-istanbul\/\">Forum d&rsquo;Affaires Turquie-Gabon \u00e0 Istanbul<\/a><\/h2>\r\n\t\t\t\t\t\t\t\t        <p class=\"jl_fe_des\">Forum d\u2019Affaires et d&rsquo;investissement Turquie \u2013Gabon \u00e0 Istanbul. Com. Pr\u00e9sidentielle En marge de sa visite d\u2019\u00c9tat en R\u00e9publique de Turquie, le Pr\u00e9sident de... <\/p>\r\n\t\t\t        <span class=\"jl_post_meta\"><span class=\"jl_author_img_w\">By<a href=\"https:\/\/gabonnouvellevision.com\/gnv\/author\/rufin\/\" title=\"Articles par Eyeng Obame\" rel=\"author\">Eyeng Obame<\/a><\/span><span class=\"post-date\">4 ao\u00fbt 2025<\/span><span class=\"jl_fot_share_i jl_share_l_bg jls_tooltip\"><i class=\"jli-share\"><\/i><span class=\"jls_tooltip_w jls_tooltip-top\"><span class=\"jls_tooltiptext\"><span class=\"jls_tooltip_in\">                <span class=\"jl_sli_in\">\r\n                    <span class=\"jl_sli_fb jl_shli\"><a class=\"jl_sshl\" href=\"http:\/\/www.facebook.com\/sharer.php?u=https%3A%2F%2Fgabonnouvellevision.com%2Fgnv%2F2025%2F08%2F04%2Fforum-daffaires-turquie-gabon-a-istanbul%2F\" rel=\"nofollow\"><i class=\"jli-facebook\"><\/i><\/a><\/span>\r\n                    <span class=\"jl_sli_tw jl_shli\"><a class=\"jl_sshl\" href=\"https:\/\/twitter.com\/intent\/tweet?text=Forum%20d%E2%80%99Affaires%20Turquie-Gabon%20%C3%A0%20Istanbul&amp;url=https%3A%2F%2Fgabonnouvellevision.com%2Fgnv%2F2025%2F08%2F04%2Fforum-daffaires-turquie-gabon-a-istanbul%2F\" rel=\"nofollow\"><i class=\"jli-x\"><\/i><\/a><\/span>\r\n                    <span class=\"jl_sli_pi jl_shli\"><a class=\"jl_sshl\" href=\"http:\/\/pinterest.com\/pin\/create\/bookmarklet\/?url=https%3A%2F%2Fgabonnouvellevision.com%2Fgnv%2F2025%2F08%2F04%2Fforum-daffaires-turquie-gabon-a-istanbul%2F>&amp;media=https:\/\/gabonnouvellevision.com\/gnv\/wp-content\/uploads\/2025\/08\/526841218_122266115672025336_5438705255484677942_n-1600x902.jpg\" rel=\"nofollow\"><i class=\"jli-pinterest\"><\/i><\/a><\/span>\r\n                    <span class=\"jl_sli_din jl_shli\"><a class=\"jl_sshl\" href=\"http:\/\/www.linkedin.com\/shareArticle?url=https%3A%2F%2Fgabonnouvellevision.com%2Fgnv%2F2025%2F08%2F04%2Fforum-daffaires-turquie-gabon-a-istanbul%2F\" rel=\"nofollow\"><i class=\"jli-linkedin\"><\/i><\/a><\/span>\r\n                    <span class=\"jl_sli_wapp jl_shli\"><a class=\"jl_sshl\" href=\"https:\/\/api.whatsapp.com\/send?text=https%3A%2F%2Fgabonnouvellevision.com%2Fgnv%2F2025%2F08%2F04%2Fforum-daffaires-turquie-gabon-a-istanbul%2F\" data-action=\"share\/whatsapp\/share\" rel=\"nofollow\"><i class=\"jli-whatsapp\"><\/i><\/a><\/span>                                        \r\n                <\/span>            \r\n    <\/span><\/span><\/span><\/span><\/span>\t\t\t    <\/div>\r\n\t\t\t<\/div>\r\n\t\t\t\t\t\t\t<div class=\"jl_cgrid_layout jl_frsha jl_in_num jl_numl\">\r\n\t\t\t    \t\t\t        <div class=\"jl_img_holder\">\r\n\t\t\t        <div class=\"jl_imgw jl_radus_e\">\r\n\t\t\t            <div class=\"jl_imgin\">\r\n\t\t\t\t\t\t\t\t<img loading=\"lazy\" decoding=\"async\" width=\"680\" height=\"604\" src=\"https:\/\/gabonnouvellevision.com\/gnv\/wp-content\/uploads\/2025\/08\/526521395_122265800858025336_4358898525241704401_n-20x18.jpg\" class=\"attachment-bopea_layouts size-bopea_layouts jl-lazyload lazyload wp-post-image\" alt=\"\" data-src=\"https:\/\/gabonnouvellevision.com\/gnv\/wp-content\/uploads\/2025\/08\/526521395_122265800858025336_4358898525241704401_n-680x604.jpg\" \/>\t\t\t            <\/div>\r\n\t\t\t            \t\t\t            \t\t\t            <a class=\"jl_imgl\" aria-label=\"Visite en Turquie: Oligui Nguema re\u00e7u par Erdogan\" href=\"https:\/\/gabonnouvellevision.com\/gnv\/2025\/08\/01\/visite-en-turquie-oligui-nguema-recu-par-erdogan\/\"><\/a>\r\n\t\t\t\t\t\t<span class=\"jl_f_cat jl_lb5\"><a class=\"jl_cat_lbl jl_cat57\" href=\"https:\/\/gabonnouvellevision.com\/gnv\/category\/a-la-une\/\"><span>A la une<\/span><\/a><a class=\"jl_cat_lbl jl_cat55\" href=\"https:\/\/gabonnouvellevision.com\/gnv\/category\/actualites\/\"><span>Actualites<\/span><\/a><a class=\"jl_cat_lbl jl_cat66\" href=\"https:\/\/gabonnouvellevision.com\/gnv\/category\/diplomatie\/\"><span>Diplomatie<\/span><\/a><\/span>\t\t\t        <\/div>\r\n\t\t\t        <\/div>\r\n\t\t\t    \t\t\t    <div class=\"jl_fe_text jl_nun_i\">\r\n\t\t\t\t\t<span class=\"jl_nun_d\"><\/span>\r\n\t\t\t        \t\t\t\t\t\t\t\t        <h2 class=\"h2 jl_fe_title jl_txt_2row\"><a href=\"https:\/\/gabonnouvellevision.com\/gnv\/2025\/08\/01\/visite-en-turquie-oligui-nguema-recu-par-erdogan\/\">Visite en Turquie: Oligui Nguema re\u00e7u par Erdogan<\/a><\/h2>\r\n\t\t\t\t\t\t\t\t        <p class=\"jl_fe_des\">Com. Pr\u00e9sidentielle Dans le cadre de sa visite d\u2019\u00c9tat en R\u00e9publique de Turquie, le Pr\u00e9sident de la R\u00e9publique, Brice Clotaire Oligui Nguema, a... <\/p>\r\n\t\t\t        <span class=\"jl_post_meta\"><span class=\"jl_author_img_w\">By<a href=\"https:\/\/gabonnouvellevision.com\/gnv\/author\/rufin\/\" title=\"Articles par Eyeng Obame\" rel=\"author\">Eyeng Obame<\/a><\/span><span class=\"post-date\">1 ao\u00fbt 2025<\/span><span class=\"jl_fot_share_i jl_share_l_bg jls_tooltip\"><i class=\"jli-share\"><\/i><span class=\"jls_tooltip_w jls_tooltip-top\"><span class=\"jls_tooltiptext\"><span class=\"jls_tooltip_in\">                <span class=\"jl_sli_in\">\r\n                    <span class=\"jl_sli_fb jl_shli\"><a class=\"jl_sshl\" href=\"http:\/\/www.facebook.com\/sharer.php?u=https%3A%2F%2Fgabonnouvellevision.com%2Fgnv%2F2025%2F08%2F01%2Fvisite-en-turquie-oligui-nguema-recu-par-erdogan%2F\" rel=\"nofollow\"><i class=\"jli-facebook\"><\/i><\/a><\/span>\r\n                    <span class=\"jl_sli_tw jl_shli\"><a class=\"jl_sshl\" href=\"https:\/\/twitter.com\/intent\/tweet?text=Visite%20en%20Turquie%3A%20Oligui%20Nguema%20re%C3%A7u%20par%20Erdogan&amp;url=https%3A%2F%2Fgabonnouvellevision.com%2Fgnv%2F2025%2F08%2F01%2Fvisite-en-turquie-oligui-nguema-recu-par-erdogan%2F\" rel=\"nofollow\"><i class=\"jli-x\"><\/i><\/a><\/span>\r\n                    <span class=\"jl_sli_pi jl_shli\"><a class=\"jl_sshl\" href=\"http:\/\/pinterest.com\/pin\/create\/bookmarklet\/?url=https%3A%2F%2Fgabonnouvellevision.com%2Fgnv%2F2025%2F08%2F01%2Fvisite-en-turquie-oligui-nguema-recu-par-erdogan%2F>&amp;media=https:\/\/gabonnouvellevision.com\/gnv\/wp-content\/uploads\/2025\/08\/526521395_122265800858025336_4358898525241704401_n-1600x1420.jpg\" rel=\"nofollow\"><i class=\"jli-pinterest\"><\/i><\/a><\/span>\r\n                    <span class=\"jl_sli_din jl_shli\"><a class=\"jl_sshl\" href=\"http:\/\/www.linkedin.com\/shareArticle?url=https%3A%2F%2Fgabonnouvellevision.com%2Fgnv%2F2025%2F08%2F01%2Fvisite-en-turquie-oligui-nguema-recu-par-erdogan%2F\" rel=\"nofollow\"><i class=\"jli-linkedin\"><\/i><\/a><\/span>\r\n                    <span class=\"jl_sli_wapp jl_shli\"><a class=\"jl_sshl\" href=\"https:\/\/api.whatsapp.com\/send?text=https%3A%2F%2Fgabonnouvellevision.com%2Fgnv%2F2025%2F08%2F01%2Fvisite-en-turquie-oligui-nguema-recu-par-erdogan%2F\" data-action=\"share\/whatsapp\/share\" rel=\"nofollow\"><i class=\"jli-whatsapp\"><\/i><\/a><\/span>                                        \r\n                <\/span>            \r\n    <\/span><\/span><\/span><\/span><\/span>\t\t\t    <\/div>\r\n\t\t\t<\/div>\r\n\t\t\t\t\t\t\t<div class=\"jl_cgrid_layout jl_frsha jl_in_num jl_numl\">\r\n\t\t\t    \t\t\t        <div class=\"jl_img_holder\">\r\n\t\t\t        <div class=\"jl_imgw jl_radus_e\">\r\n\t\t\t            <div class=\"jl_imgin\">\r\n\t\t\t\t\t\t\t\t<img loading=\"lazy\" decoding=\"async\" width=\"594\" height=\"480\" src=\"https:\/\/gabonnouvellevision.com\/gnv\/wp-content\/uploads\/2025\/07\/525390875_122265559550025336_6409914514310463764_n-20x16.jpg\" class=\"attachment-bopea_layouts size-bopea_layouts jl-lazyload lazyload wp-post-image\" alt=\"\" data-src=\"https:\/\/gabonnouvellevision.com\/gnv\/wp-content\/uploads\/2025\/07\/525390875_122265559550025336_6409914514310463764_n.jpg\" \/>\t\t\t            <\/div>\r\n\t\t\t            \t\t\t            \t\t\t            <a class=\"jl_imgl\" aria-label=\"Le Pr\u00e9sident Oligui Nguema en visite \u00e0 Ankara\" href=\"https:\/\/gabonnouvellevision.com\/gnv\/2025\/07\/31\/le-president-oligui-nguema-en-visite-a-ankara\/\"><\/a>\r\n\t\t\t\t\t\t<span class=\"jl_f_cat jl_lb5\"><a class=\"jl_cat_lbl jl_cat57\" href=\"https:\/\/gabonnouvellevision.com\/gnv\/category\/a-la-une\/\"><span>A la une<\/span><\/a><a class=\"jl_cat_lbl jl_cat55\" href=\"https:\/\/gabonnouvellevision.com\/gnv\/category\/actualites\/\"><span>Actualites<\/span><\/a><a class=\"jl_cat_lbl jl_cat66\" href=\"https:\/\/gabonnouvellevision.com\/gnv\/category\/diplomatie\/\"><span>Diplomatie<\/span><\/a><\/span>\t\t\t        <\/div>\r\n\t\t\t        <\/div>\r\n\t\t\t    \t\t\t    <div class=\"jl_fe_text jl_nun_i\">\r\n\t\t\t\t\t<span class=\"jl_nun_d\"><\/span>\r\n\t\t\t        \t\t\t\t\t\t\t\t        <h2 class=\"h2 jl_fe_title jl_txt_2row\"><a href=\"https:\/\/gabonnouvellevision.com\/gnv\/2025\/07\/31\/le-president-oligui-nguema-en-visite-a-ankara\/\">Le Pr\u00e9sident Oligui Nguema en visite \u00e0 Ankara<\/a><\/h2>\r\n\t\t\t\t\t\t\t\t        <p class=\"jl_fe_des\">Le Pr\u00e9sident de la R\u00e9publique, Brice Clotaire Oligui Nguema, \u00e0 son arriv\u00e9e \u00e0 Ankara, mercredi 30 juillet 2025. Com. Pr\u00e9sidentielle Sur invitation de... <\/p>\r\n\t\t\t        <span class=\"jl_post_meta\"><span class=\"jl_author_img_w\">By<a href=\"https:\/\/gabonnouvellevision.com\/gnv\/author\/rufin\/\" title=\"Articles par Eyeng Obame\" rel=\"author\">Eyeng Obame<\/a><\/span><span class=\"post-date\">31 juillet 2025<\/span><span class=\"jl_fot_share_i jl_share_l_bg jls_tooltip\"><i class=\"jli-share\"><\/i><span class=\"jls_tooltip_w jls_tooltip-top\"><span class=\"jls_tooltiptext\"><span class=\"jls_tooltip_in\">                <span class=\"jl_sli_in\">\r\n                    <span class=\"jl_sli_fb jl_shli\"><a class=\"jl_sshl\" href=\"http:\/\/www.facebook.com\/sharer.php?u=https%3A%2F%2Fgabonnouvellevision.com%2Fgnv%2F2025%2F07%2F31%2Fle-president-oligui-nguema-en-visite-a-ankara%2F\" rel=\"nofollow\"><i class=\"jli-facebook\"><\/i><\/a><\/span>\r\n                    <span class=\"jl_sli_tw jl_shli\"><a class=\"jl_sshl\" href=\"https:\/\/twitter.com\/intent\/tweet?text=Le%20Pr%C3%A9sident%20Oligui%20Nguema%20en%20visite%20%C3%A0%20Ankara&amp;url=https%3A%2F%2Fgabonnouvellevision.com%2Fgnv%2F2025%2F07%2F31%2Fle-president-oligui-nguema-en-visite-a-ankara%2F\" rel=\"nofollow\"><i class=\"jli-x\"><\/i><\/a><\/span>\r\n                    <span class=\"jl_sli_pi jl_shli\"><a class=\"jl_sshl\" href=\"http:\/\/pinterest.com\/pin\/create\/bookmarklet\/?url=https%3A%2F%2Fgabonnouvellevision.com%2Fgnv%2F2025%2F07%2F31%2Fle-president-oligui-nguema-en-visite-a-ankara%2F>&amp;media=https:\/\/gabonnouvellevision.com\/gnv\/wp-content\/uploads\/2025\/07\/525390875_122265559550025336_6409914514310463764_n.jpg\" rel=\"nofollow\"><i class=\"jli-pinterest\"><\/i><\/a><\/span>\r\n                    <span class=\"jl_sli_din jl_shli\"><a class=\"jl_sshl\" href=\"http:\/\/www.linkedin.com\/shareArticle?url=https%3A%2F%2Fgabonnouvellevision.com%2Fgnv%2F2025%2F07%2F31%2Fle-president-oligui-nguema-en-visite-a-ankara%2F\" rel=\"nofollow\"><i class=\"jli-linkedin\"><\/i><\/a><\/span>\r\n                    <span class=\"jl_sli_wapp jl_shli\"><a class=\"jl_sshl\" href=\"https:\/\/api.whatsapp.com\/send?text=https%3A%2F%2Fgabonnouvellevision.com%2Fgnv%2F2025%2F07%2F31%2Fle-president-oligui-nguema-en-visite-a-ankara%2F\" data-action=\"share\/whatsapp\/share\" rel=\"nofollow\"><i class=\"jli-whatsapp\"><\/i><\/a><\/span>                                        \r\n                <\/span>            \r\n    <\/span><\/span><\/span><\/span><\/span>\t\t\t    <\/div>\r\n\t\t\t<\/div>\r\n\t\t\t\t\t\t\t<div class=\"jl_cgrid_layout jl_frsha jl_in_num jl_numl\">\r\n\t\t\t    \t\t\t        <div class=\"jl_img_holder\">\r\n\t\t\t        <div class=\"jl_imgw jl_radus_e\">\r\n\t\t\t            <div class=\"jl_imgin\">\r\n\t\t\t\t\t\t\t\t<img loading=\"lazy\" decoding=\"async\" width=\"680\" height=\"476\" src=\"https:\/\/gabonnouvellevision.com\/gnv\/wp-content\/uploads\/2025\/07\/524988169_122265322640025336_450726689968782950_n-20x14.jpg\" class=\"attachment-bopea_layouts size-bopea_layouts jl-lazyload lazyload wp-post-image\" alt=\"\" data-src=\"https:\/\/gabonnouvellevision.com\/gnv\/wp-content\/uploads\/2025\/07\/524988169_122265322640025336_450726689968782950_n-680x476.jpg\" \/>\t\t\t            <\/div>\r\n\t\t\t            \t\t\t            \t\t\t            <a class=\"jl_imgl\" aria-label=\"Ramon Molina \u00e9lev\u00e9 commandeur de la lib\u00e9ration par Oligui Nguema\" href=\"https:\/\/gabonnouvellevision.com\/gnv\/2025\/07\/29\/ramon-molina-eleve-commandeur-de-la-liberation-par-oligui-nguema\/\"><\/a>\r\n\t\t\t\t\t\t<span class=\"jl_f_cat jl_lb5\"><a class=\"jl_cat_lbl jl_cat57\" href=\"https:\/\/gabonnouvellevision.com\/gnv\/category\/a-la-une\/\"><span>A la une<\/span><\/a><a class=\"jl_cat_lbl jl_cat55\" href=\"https:\/\/gabonnouvellevision.com\/gnv\/category\/actualites\/\"><span>Actualites<\/span><\/a><a class=\"jl_cat_lbl jl_cat66\" href=\"https:\/\/gabonnouvellevision.com\/gnv\/category\/diplomatie\/\"><span>Diplomatie<\/span><\/a><\/span>\t\t\t        <\/div>\r\n\t\t\t        <\/div>\r\n\t\t\t    \t\t\t    <div class=\"jl_fe_text jl_nun_i\">\r\n\t\t\t\t\t<span class=\"jl_nun_d\"><\/span>\r\n\t\t\t        \t\t\t\t\t\t\t\t        <h2 class=\"h2 jl_fe_title jl_txt_2row\"><a href=\"https:\/\/gabonnouvellevision.com\/gnv\/2025\/07\/29\/ramon-molina-eleve-commandeur-de-la-liberation-par-oligui-nguema\/\">Ramon Molina \u00e9lev\u00e9 commandeur de la lib\u00e9ration par Oligui Nguema<\/a><\/h2>\r\n\t\t\t\t\t\t\t\t        <p class=\"jl_fe_des\">Le Pr\u00e9sident de la R\u00e9publique, Brice Clotaire Oligui Nguema, proc\u00e9dant \u00e0 la d\u00e9coration de l\u2019Ambassadeur d\u2019Espagne, Ramon Molina, lundi 28 juillet 2025 \u00e0... <\/p>\r\n\t\t\t        <span class=\"jl_post_meta\"><span class=\"jl_author_img_w\">By<a href=\"https:\/\/gabonnouvellevision.com\/gnv\/author\/rufin\/\" title=\"Articles par Eyeng Obame\" rel=\"author\">Eyeng Obame<\/a><\/span><span class=\"post-date\">29 juillet 2025<\/span><span class=\"jl_fot_share_i jl_share_l_bg jls_tooltip\"><i class=\"jli-share\"><\/i><span class=\"jls_tooltip_w jls_tooltip-top\"><span class=\"jls_tooltiptext\"><span class=\"jls_tooltip_in\">                <span class=\"jl_sli_in\">\r\n                    <span class=\"jl_sli_fb jl_shli\"><a class=\"jl_sshl\" href=\"http:\/\/www.facebook.com\/sharer.php?u=https%3A%2F%2Fgabonnouvellevision.com%2Fgnv%2F2025%2F07%2F29%2Framon-molina-eleve-commandeur-de-la-liberation-par-oligui-nguema%2F\" rel=\"nofollow\"><i class=\"jli-facebook\"><\/i><\/a><\/span>\r\n                    <span class=\"jl_sli_tw jl_shli\"><a class=\"jl_sshl\" href=\"https:\/\/twitter.com\/intent\/tweet?text=Ramon%20Molina%20%C3%A9lev%C3%A9%20commandeur%20de%20la%20lib%C3%A9ration%20par%20Oligui%20Nguema&amp;url=https%3A%2F%2Fgabonnouvellevision.com%2Fgnv%2F2025%2F07%2F29%2Framon-molina-eleve-commandeur-de-la-liberation-par-oligui-nguema%2F\" rel=\"nofollow\"><i class=\"jli-x\"><\/i><\/a><\/span>\r\n                    <span class=\"jl_sli_pi jl_shli\"><a class=\"jl_sshl\" href=\"http:\/\/pinterest.com\/pin\/create\/bookmarklet\/?url=https%3A%2F%2Fgabonnouvellevision.com%2Fgnv%2F2025%2F07%2F29%2Framon-molina-eleve-commandeur-de-la-liberation-par-oligui-nguema%2F>&amp;media=https:\/\/gabonnouvellevision.com\/gnv\/wp-content\/uploads\/2025\/07\/524988169_122265322640025336_450726689968782950_n-1600x1121.jpg\" rel=\"nofollow\"><i class=\"jli-pinterest\"><\/i><\/a><\/span>\r\n                    <span class=\"jl_sli_din jl_shli\"><a class=\"jl_sshl\" href=\"http:\/\/www.linkedin.com\/shareArticle?url=https%3A%2F%2Fgabonnouvellevision.com%2Fgnv%2F2025%2F07%2F29%2Framon-molina-eleve-commandeur-de-la-liberation-par-oligui-nguema%2F\" rel=\"nofollow\"><i class=\"jli-linkedin\"><\/i><\/a><\/span>\r\n                    <span class=\"jl_sli_wapp jl_shli\"><a class=\"jl_sshl\" href=\"https:\/\/api.whatsapp.com\/send?text=https%3A%2F%2Fgabonnouvellevision.com%2Fgnv%2F2025%2F07%2F29%2Framon-molina-eleve-commandeur-de-la-liberation-par-oligui-nguema%2F\" data-action=\"share\/whatsapp\/share\" rel=\"nofollow\"><i class=\"jli-whatsapp\"><\/i><\/a><\/span>                                        \r\n                <\/span>            \r\n    <\/span><\/span><\/span><\/span><\/span>\t\t\t    <\/div>\r\n\t\t\t<\/div>\r\n\t\t\t<\/div>        <div class=\"jl_el_nav_w\">\r\n           <div class=\"jl_lmore_wrap\">\r\n               <div class=\"jl_lmore_c\">\r\n               <a href=\"#\" class=\"jl-load-link\"><span>load more<\/span><\/a>\r\n               <span class=\"jl-load-animation\"><span><\/span><\/span>\r\n               <\/div>\r\n           <\/div>\r\n        <\/div>\r\n    <\/div><\/div>\t\t\t\t<\/div>\n\t\t\t\t<\/div>\n\t\t\t\t\t<\/div>\n\t\t\t\t<\/div>\n\t\t\t\t<\/div>\n\t\t","protected":false},"excerpt":{"rendered":"<p>Top News Les v\u0153ux de nouvel An du CNAG au Pr\u00e9sident Oligui Nguema 20 janvier 2025 &amp;media=\u00a0\u00bb rel=\u00a0\u00bbnofollow\u00a0\u00bb> Pr\u00e9sentation des v\u0153ux au pr\u00e9sident de la Transition: les diplomates saluent les efforts des autorit\u00e9s de la transition 10 janvier 2025 &amp;media=\u00a0\u00bb rel=\u00a0\u00bbnofollow\u00a0\u00bb> Le Pr\u00e9sident Oligui Nguema \u00e0 l&rsquo;investiture de John Dramani Mahama ce mardi 07 janvier [&hellip;]<\/p>\n","protected":false},"author":1,"featured_media":0,"parent":0,"menu_order":0,"comment_status":"closed","ping_status":"closed","template":"home-page-builder.php","meta":{"footnotes":""},"class_list":["post-13574","page","type-page","status-publish","hentry"],"yoast_head":"<!-- This site is optimized with the Yoast SEO plugin v24.2 - https:\/\/yoast.com\/wordpress\/plugins\/seo\/ -->\n<title>Home - Gabon Nouvelle Vision<\/title>\n<meta name=\"robots\" content=\"index, follow, max-snippet:-1, max-image-preview:large, max-video-preview:-1\" \/>\n<link rel=\"canonical\" href=\"https:\/\/gabonnouvellevision.com\/gnv\/\" \/>\n<meta property=\"og:locale\" content=\"fr_FR\" \/>\n<meta property=\"og:type\" content=\"article\" \/>\n<meta property=\"og:title\" content=\"Home - Gabon Nouvelle Vision\" \/>\n<meta property=\"og:description\" content=\"Top News Les v\u0153ux de nouvel An du CNAG au Pr\u00e9sident Oligui Nguema 20 janvier 2025 &amp;media=\u00a0\u00bb rel=\u00a0\u00bbnofollow\u00a0\u00bb&gt; Pr\u00e9sentation des v\u0153ux au pr\u00e9sident de la Transition: les diplomates saluent les efforts des autorit\u00e9s de la transition 10 janvier 2025 &amp;media=\u00a0\u00bb rel=\u00a0\u00bbnofollow\u00a0\u00bb&gt; Le Pr\u00e9sident Oligui Nguema \u00e0 l&rsquo;investiture de John Dramani Mahama ce mardi 07 janvier [&hellip;]\" \/>\n<meta property=\"og:url\" content=\"https:\/\/gabonnouvellevision.com\/gnv\/\" \/>\n<meta property=\"og:site_name\" content=\"Gabon Nouvelle Vision\" \/>\n<meta property=\"article:publisher\" content=\"https:\/\/www.facebook.com\/GNVofficiel\" \/>\n<meta property=\"article:modified_time\" content=\"2025-01-20T10:32:04+00:00\" \/>\n<meta property=\"og:image\" content=\"https:\/\/gabonnouvellevision.com\/gnv\/wp-content\/uploads\/2025\/01\/Articles-site-web-_-LUNION-1.webp\" \/>\n<meta name=\"twitter:card\" content=\"summary_large_image\" \/>\n<meta name=\"twitter:label1\" content=\"Dur\u00e9e de lecture estim\u00e9e\" \/>\n\t<meta name=\"twitter:data1\" content=\"9 minutes\" \/>\n<script type=\"application\/ld+json\" class=\"yoast-schema-graph\">{\"@context\":\"https:\/\/schema.org\",\"@graph\":[{\"@type\":\"WebPage\",\"@id\":\"https:\/\/gabonnouvellevision.com\/gnv\/\",\"url\":\"https:\/\/gabonnouvellevision.com\/gnv\/\",\"name\":\"Home - Gabon Nouvelle Vision\",\"isPartOf\":{\"@id\":\"https:\/\/gabonnouvellevision.com\/gnv\/#website\"},\"primaryImageOfPage\":{\"@id\":\"https:\/\/gabonnouvellevision.com\/gnv\/#primaryimage\"},\"image\":{\"@id\":\"https:\/\/gabonnouvellevision.com\/gnv\/#primaryimage\"},\"thumbnailUrl\":\"https:\/\/gabonnouvellevision.com\/gnv\/wp-content\/uploads\/2025\/01\/Articles-site-web-_-LUNION-1.webp\",\"datePublished\":\"2024-03-12T06:23:58+00:00\",\"dateModified\":\"2025-01-20T10:32:04+00:00\",\"breadcrumb\":{\"@id\":\"https:\/\/gabonnouvellevision.com\/gnv\/#breadcrumb\"},\"inLanguage\":\"fr-FR\",\"potentialAction\":[{\"@type\":\"ReadAction\",\"target\":[\"https:\/\/gabonnouvellevision.com\/gnv\/\"]}]},{\"@type\":\"ImageObject\",\"inLanguage\":\"fr-FR\",\"@id\":\"https:\/\/gabonnouvellevision.com\/gnv\/#primaryimage\",\"url\":\"https:\/\/gabonnouvellevision.com\/gnv\/wp-content\/uploads\/2025\/01\/Articles-site-web-_-LUNION-1.webp\",\"contentUrl\":\"https:\/\/gabonnouvellevision.com\/gnv\/wp-content\/uploads\/2025\/01\/Articles-site-web-_-LUNION-1.webp\",\"width\":2400,\"height\":1600},{\"@type\":\"BreadcrumbList\",\"@id\":\"https:\/\/gabonnouvellevision.com\/gnv\/#breadcrumb\",\"itemListElement\":[{\"@type\":\"ListItem\",\"position\":1,\"name\":\"Accueil\",\"item\":\"https:\/\/gabonnouvellevision.com\/gnv\/\"},{\"@type\":\"ListItem\",\"position\":2,\"name\":\"Home\"}]},{\"@type\":\"WebSite\",\"@id\":\"https:\/\/gabonnouvellevision.com\/gnv\/#website\",\"url\":\"https:\/\/gabonnouvellevision.com\/gnv\/\",\"name\":\"Gabon Nouvelle Vision\",\"description\":\"\",\"publisher\":{\"@id\":\"https:\/\/gabonnouvellevision.com\/gnv\/#organization\"},\"potentialAction\":[{\"@type\":\"SearchAction\",\"target\":{\"@type\":\"EntryPoint\",\"urlTemplate\":\"https:\/\/gabonnouvellevision.com\/gnv\/?s={search_term_string}\"},\"query-input\":{\"@type\":\"PropertyValueSpecification\",\"valueRequired\":true,\"valueName\":\"search_term_string\"}}],\"inLanguage\":\"fr-FR\"},{\"@type\":\"Organization\",\"@id\":\"https:\/\/gabonnouvellevision.com\/gnv\/#organization\",\"name\":\"Gabon Nouvelle Vision\",\"url\":\"https:\/\/gabonnouvellevision.com\/gnv\/\",\"logo\":{\"@type\":\"ImageObject\",\"inLanguage\":\"fr-FR\",\"@id\":\"https:\/\/gabonnouvellevision.com\/gnv\/#\/schema\/logo\/image\/\",\"url\":\"https:\/\/gabonnouvellevision.com\/gnv\/wp-content\/uploads\/2025\/01\/logo-text_Plan-de-travail-1.png\",\"contentUrl\":\"https:\/\/gabonnouvellevision.com\/gnv\/wp-content\/uploads\/2025\/01\/logo-text_Plan-de-travail-1.png\",\"width\":7169,\"height\":2390,\"caption\":\"Gabon Nouvelle Vision\"},\"image\":{\"@id\":\"https:\/\/gabonnouvellevision.com\/gnv\/#\/schema\/logo\/image\/\"},\"sameAs\":[\"https:\/\/www.facebook.com\/GNVofficiel\"]}]}<\/script>\n<!-- \/ Yoast SEO plugin. -->","yoast_head_json":{"title":"Home - Gabon Nouvelle Vision","robots":{"index":"index","follow":"follow","max-snippet":"max-snippet:-1","max-image-preview":"max-image-preview:large","max-video-preview":"max-video-preview:-1"},"canonical":"https:\/\/gabonnouvellevision.com\/gnv\/","og_locale":"fr_FR","og_type":"article","og_title":"Home - Gabon Nouvelle Vision","og_description":"Top News Les v\u0153ux de nouvel An du CNAG au Pr\u00e9sident Oligui Nguema 20 janvier 2025 &amp;media=\u00a0\u00bb rel=\u00a0\u00bbnofollow\u00a0\u00bb> Pr\u00e9sentation des v\u0153ux au pr\u00e9sident de la Transition: les diplomates saluent les efforts des autorit\u00e9s de la transition 10 janvier 2025 &amp;media=\u00a0\u00bb rel=\u00a0\u00bbnofollow\u00a0\u00bb> Le Pr\u00e9sident Oligui Nguema \u00e0 l&rsquo;investiture de John Dramani Mahama ce mardi 07 janvier [&hellip;]","og_url":"https:\/\/gabonnouvellevision.com\/gnv\/","og_site_name":"Gabon Nouvelle Vision","article_publisher":"https:\/\/www.facebook.com\/GNVofficiel","article_modified_time":"2025-01-20T10:32:04+00:00","og_image":[{"url":"https:\/\/gabonnouvellevision.com\/gnv\/wp-content\/uploads\/2025\/01\/Articles-site-web-_-LUNION-1.webp","type":"","width":"","height":""}],"twitter_card":"summary_large_image","twitter_misc":{"Dur\u00e9e de lecture estim\u00e9e":"9 minutes"},"schema":{"@context":"https:\/\/schema.org","@graph":[{"@type":"WebPage","@id":"https:\/\/gabonnouvellevision.com\/gnv\/","url":"https:\/\/gabonnouvellevision.com\/gnv\/","name":"Home - Gabon Nouvelle Vision","isPartOf":{"@id":"https:\/\/gabonnouvellevision.com\/gnv\/#website"},"primaryImageOfPage":{"@id":"https:\/\/gabonnouvellevision.com\/gnv\/#primaryimage"},"image":{"@id":"https:\/\/gabonnouvellevision.com\/gnv\/#primaryimage"},"thumbnailUrl":"https:\/\/gabonnouvellevision.com\/gnv\/wp-content\/uploads\/2025\/01\/Articles-site-web-_-LUNION-1.webp","datePublished":"2024-03-12T06:23:58+00:00","dateModified":"2025-01-20T10:32:04+00:00","breadcrumb":{"@id":"https:\/\/gabonnouvellevision.com\/gnv\/#breadcrumb"},"inLanguage":"fr-FR","potentialAction":[{"@type":"ReadAction","target":["https:\/\/gabonnouvellevision.com\/gnv\/"]}]},{"@type":"ImageObject","inLanguage":"fr-FR","@id":"https:\/\/gabonnouvellevision.com\/gnv\/#primaryimage","url":"https:\/\/gabonnouvellevision.com\/gnv\/wp-content\/uploads\/2025\/01\/Articles-site-web-_-LUNION-1.webp","contentUrl":"https:\/\/gabonnouvellevision.com\/gnv\/wp-content\/uploads\/2025\/01\/Articles-site-web-_-LUNION-1.webp","width":2400,"height":1600},{"@type":"BreadcrumbList","@id":"https:\/\/gabonnouvellevision.com\/gnv\/#breadcrumb","itemListElement":[{"@type":"ListItem","position":1,"name":"Accueil","item":"https:\/\/gabonnouvellevision.com\/gnv\/"},{"@type":"ListItem","position":2,"name":"Home"}]},{"@type":"WebSite","@id":"https:\/\/gabonnouvellevision.com\/gnv\/#website","url":"https:\/\/gabonnouvellevision.com\/gnv\/","name":"Gabon Nouvelle Vision","description":"","publisher":{"@id":"https:\/\/gabonnouvellevision.com\/gnv\/#organization"},"potentialAction":[{"@type":"SearchAction","target":{"@type":"EntryPoint","urlTemplate":"https:\/\/gabonnouvellevision.com\/gnv\/?s={search_term_string}"},"query-input":{"@type":"PropertyValueSpecification","valueRequired":true,"valueName":"search_term_string"}}],"inLanguage":"fr-FR"},{"@type":"Organization","@id":"https:\/\/gabonnouvellevision.com\/gnv\/#organization","name":"Gabon Nouvelle Vision","url":"https:\/\/gabonnouvellevision.com\/gnv\/","logo":{"@type":"ImageObject","inLanguage":"fr-FR","@id":"https:\/\/gabonnouvellevision.com\/gnv\/#\/schema\/logo\/image\/","url":"https:\/\/gabonnouvellevision.com\/gnv\/wp-content\/uploads\/2025\/01\/logo-text_Plan-de-travail-1.png","contentUrl":"https:\/\/gabonnouvellevision.com\/gnv\/wp-content\/uploads\/2025\/01\/logo-text_Plan-de-travail-1.png","width":7169,"height":2390,"caption":"Gabon Nouvelle Vision"},"image":{"@id":"https:\/\/gabonnouvellevision.com\/gnv\/#\/schema\/logo\/image\/"},"sameAs":["https:\/\/www.facebook.com\/GNVofficiel"]}]}},"_links":{"self":[{"href":"https:\/\/gabonnouvellevision.com\/gnv\/wp-json\/wp\/v2\/pages\/13574","targetHints":{"allow":["GET"]}}],"collection":[{"href":"https:\/\/gabonnouvellevision.com\/gnv\/wp-json\/wp\/v2\/pages"}],"about":[{"href":"https:\/\/gabonnouvellevision.com\/gnv\/wp-json\/wp\/v2\/types\/page"}],"author":[{"embeddable":true,"href":"https:\/\/gabonnouvellevision.com\/gnv\/wp-json\/wp\/v2\/users\/1"}],"replies":[{"embeddable":true,"href":"https:\/\/gabonnouvellevision.com\/gnv\/wp-json\/wp\/v2\/comments?post=13574"}],"version-history":[{"count":7,"href":"https:\/\/gabonnouvellevision.com\/gnv\/wp-json\/wp\/v2\/pages\/13574\/revisions"}],"predecessor-version":[{"id":23727,"href":"https:\/\/gabonnouvellevision.com\/gnv\/wp-json\/wp\/v2\/pages\/13574\/revisions\/23727"}],"wp:attachment":[{"href":"https:\/\/gabonnouvellevision.com\/gnv\/wp-json\/wp\/v2\/media?parent=13574"}],"curies":[{"name":"wp","href":"https:\/\/api.w.org\/{rel}","templated":true}]}}